{"id":1745,"date":"2024-08-31T17:12:40","date_gmt":"2024-08-31T15:12:40","guid":{"rendered":"https:\/\/visitbinissalem.com\/stein\/"},"modified":"2025-08-29T09:35:28","modified_gmt":"2025-08-29T07:35:28","slug":"stein","status":"publish","type":"page","link":"https:\/\/visitbinissalem.com\/de\/stein\/","title":{"rendered":"Stein"},"content":{"rendered":"\t\t<div data-elementor-type=\"wp-page\" data-elementor-id=\"1745\" class=\"elementor elementor-1745 elementor-283\" data-elementor-post-type=\"page\">\n\t\t\t\t<div class=\"elementor-element elementor-element-b2f86b7 e-con-full e-flex e-con e-parent\" data-id=\"b2f86b7\" data-element_type=\"container\" data-e-type=\"container\" data-settings=\"{&quot;background_background&quot;:&quot;classic&quot;}\">\n\t\t\t\t<div class=\"elementor-element elementor-element-bbca16e elementor-widget elementor-widget-heading\" data-id=\"bbca16e\" data-element_type=\"widget\" data-e-type=\"widget\" data-widget_type=\"heading.default\">\n\t\t\t\t<div class=\"elementor-widget-container\">\n\t\t\t\t\t<h2 class=\"elementor-heading-title elementor-size-default\">Stein<\/h2>\t\t\t\t<\/div>\n\t\t\t\t<\/div>\n\t\t\t\t<\/div>\n\t\t<div class=\"elementor-element elementor-element-4b73883 e-flex e-con-boxed e-con e-parent\" data-id=\"4b73883\" data-element_type=\"container\" data-e-type=\"container\">\n\t\t\t\t\t<div class=\"e-con-inner\">\n\t\t\t\t<div class=\"elementor-element elementor-element-51d79de elementor-widget elementor-widget-image\" data-id=\"51d79de\" data-element_type=\"widget\" data-e-type=\"widget\" data-widget_type=\"image.default\">\n\t\t\t\t<div class=\"elementor-widget-container\">\n\t\t\t\t\t\t\t\t\t\t\t\t\t\t\t<img fetchpriority=\"high\" decoding=\"async\" width=\"523\" height=\"473\" src=\"https:\/\/visitbinissalem.com\/wp-content\/uploads\/2024\/08\/LOGO-AJT-1-e1724766625809-1-e1724825744271.png\" class=\"attachment-large size-large wp-image-1339\" alt=\"\" srcset=\"https:\/\/visitbinissalem.com\/wp-content\/uploads\/2024\/08\/LOGO-AJT-1-e1724766625809-1-e1724825744271.png 523w, https:\/\/visitbinissalem.com\/wp-content\/uploads\/2024\/08\/LOGO-AJT-1-e1724766625809-1-e1724825744271-300x271.png 300w\" sizes=\"(max-width: 523px) 100vw, 523px\" \/>\t\t\t\t\t\t\t\t\t\t\t\t\t\t\t<\/div>\n\t\t\t\t<\/div>\n\t\t\t\t<div class=\"elementor-element elementor-element-79cc3cc elementor-widget elementor-widget-heading\" data-id=\"79cc3cc\" data-element_type=\"widget\" data-e-type=\"widget\" data-widget_type=\"heading.default\">\n\t\t\t\t<div class=\"elementor-widget-container\">\n\t\t\t\t\t<h5 class=\"elementor-heading-title elementor-size-default\">Kurze Geschichte und Bedeutung<\/h5>\t\t\t\t<\/div>\n\t\t\t\t<\/div>\n\t\t\t\t<div class=\"elementor-element elementor-element-8eba214 elementor-widget elementor-widget-heading\" data-id=\"8eba214\" data-element_type=\"widget\" data-e-type=\"widget\" data-widget_type=\"heading.default\">\n\t\t\t\t<div class=\"elementor-widget-container\">\n\t\t\t\t\t<h1 class=\"elementor-heading-title elementor-size-default\">Die Steintradition in Binissalem<\/h1>\t\t\t\t<\/div>\n\t\t\t\t<\/div>\n\t\t\t\t<div class=\"elementor-element elementor-element-9d9d96d elementor-widget elementor-widget-text-editor\" data-id=\"9d9d96d\" data-element_type=\"widget\" data-e-type=\"widget\" data-widget_type=\"text-editor.default\">\n\t\t\t\t<div class=\"elementor-widget-container\">\n\t\t\t\t\t\t\t\t\t<p>\u00a0Stein war \u00fcber die Jahrhunderte hinweg ein wesentlicher Bestandteil der Identit\u00e4t und Entwicklung von Binissalem. Die Gemeinde ist nicht nur f\u00fcr ihre reiche Geschichte und ihr Kulturerbe bekannt, sondern auch f\u00fcr ihre Tradition im Steinabbau und Steinhandwerk. Diese seit der Antike bestehende Industrie hat sowohl die lokale Architektur als auch die Wirtschaft der Region gepr\u00e4gt.<\/p><p>Der Steinsektor in Binissalem zeichnet sich durch die Gewinnung von Kalkstein aus \u2013 ein Material, das historisch beim Bau von Geb\u00e4uden, Herrenh\u00e4usern und anderen emblematischen Bauwerken auf Mallorca verwendet wurde. Der Stein von Binissalem ist f\u00fcr seine Qualit\u00e4t und Haltbarkeit bekannt \u2013 Eigenschaften, die ihn sowohl f\u00fcr lokale als auch internationale Bauprojekte zur bevorzugten Wahl machen.<\/p><p>Jedes Jahr feiert die Gemeinde die Steinmesse (Fira de la Pedra), eine bedeutende Veranstaltung, die seit 2003 dieser Tradition gewidmet ist. Im Jahr 2024 fand die 21. Ausgabe statt. Die Messe zieht zahlreiche Besucher, sowohl Einheimische als auch Touristen, an, die Produkte aus Stein und Marmor bewundern und erwerben. Die Messe f\u00f6rdert nicht nur das Handwerk und den lokalen Handel, sondern bietet auch Handwerkern und Unternehmen des Sektors die M\u00f6glichkeit, ihr K\u00f6nnen und ihre Kreativit\u00e4t im Steinmetzhandwerk zu pr\u00e4sentieren.<\/p>\t\t\t\t\t\t\t\t<\/div>\n\t\t\t\t<\/div>\n\t\t\t\t\t<\/div>\n\t\t\t\t<\/div>\n\t\t<div class=\"elementor-element elementor-element-bf8d3c0 e-flex e-con-boxed e-con e-parent\" data-id=\"bf8d3c0\" data-element_type=\"container\" data-e-type=\"container\">\n\t\t\t\t\t<div class=\"e-con-inner\">\n\t\t\t\t<div class=\"elementor-element elementor-element-117a272 elementor-widget elementor-widget-heading\" data-id=\"117a272\" data-element_type=\"widget\" data-e-type=\"widget\" data-widget_type=\"heading.default\">\n\t\t\t\t<div class=\"elementor-widget-container\">\n\t\t\t\t\t<h2 class=\"elementor-heading-title elementor-size-default\">Unternehmen der Steinbranche in Binissalem<\/h2>\t\t\t\t<\/div>\n\t\t\t\t<\/div>\n\t\t\t\t\t<\/div>\n\t\t\t\t<\/div>\n\t\t<div class=\"elementor-element elementor-element-6e59d7d e-flex e-con-boxed e-con e-parent\" data-id=\"6e59d7d\" data-element_type=\"container\" data-e-type=\"container\">\n\t\t\t\t\t<div class=\"e-con-inner\">\n\t\t<div class=\"elementor-element elementor-element-1eddcdb e-con-full e-flex e-con e-child\" data-id=\"1eddcdb\" data-element_type=\"container\" data-e-type=\"container\">\n\t\t\t\t<div class=\"elementor-element elementor-element-fd19541 elementor-widget elementor-widget-heading\" data-id=\"fd19541\" data-element_type=\"widget\" data-e-type=\"widget\" data-widget_type=\"heading.default\">\n\t\t\t\t<div class=\"elementor-widget-container\">\n\t\t\t\t\t<h2 class=\"elementor-heading-title elementor-size-default\">M\u00e1rmoles Negro Ferrer<\/h2>\t\t\t\t<\/div>\n\t\t\t\t<\/div>\n\t\t\t\t<div class=\"elementor-element elementor-element-abb9e02 elementor-widget elementor-widget-text-editor\" data-id=\"abb9e02\" data-element_type=\"widget\" data-e-type=\"widget\" data-widget_type=\"text-editor.default\">\n\t\t\t\t<div class=\"elementor-widget-container\">\n\t\t\t\t\t\t\t\t\t<p><br \/>Spezialisiert auf die Bearbeitung von Marmor, bietet <i>M\u00e1rmoles Negro Ferrer<\/i> hochwertige Produkte f\u00fcr verschiedene Anwendungen, von Arbeitsplatten bis hin zu Verkleidungen.<\/p>\t\t\t\t\t\t\t\t<\/div>\n\t\t\t\t<\/div>\n\t\t\t\t<div class=\"elementor-element elementor-element-e244e9f elementor-icon-list--layout-traditional elementor-list-item-link-full_width elementor-widget elementor-widget-icon-list\" data-id=\"e244e9f\" data-element_type=\"widget\" data-e-type=\"widget\" data-widget_type=\"icon-list.default\">\n\t\t\t\t<div class=\"elementor-widget-container\">\n\t\t\t\t\t\t\t<ul class=\"elementor-icon-list-items\">\n\t\t\t\t\t\t\t<li class=\"elementor-icon-list-item\">\n\t\t\t\t\t\t\t\t\t\t\t<a href=\"tel:+34609769624\">\n\n\t\t\t\t\t\t\t\t\t\t\t\t<span class=\"elementor-icon-list-icon\">\n\t\t\t\t\t\t\t<svg aria-hidden=\"true\" class=\"e-font-icon-svg e-fas-phone-alt\" viewBox=\"0 0 512 512\" xmlns=\"http:\/\/www.w3.org\/2000\/svg\"><path d=\"M497.39 361.8l-112-48a24 24 0 0 0-28 6.9l-49.6 60.6A370.66 370.66 0 0 1 130.6 204.11l60.6-49.6a23.94 23.94 0 0 0 6.9-28l-48-112A24.16 24.16 0 0 0 122.6.61l-104 24A24 24 0 0 0 0 48c0 256.5 207.9 464 464 464a24 24 0 0 0 23.4-18.6l24-104a24.29 24.29 0 0 0-14.01-27.6z\"><\/path><\/svg>\t\t\t\t\t\t<\/span>\n\t\t\t\t\t\t\t\t\t\t<span class=\"elementor-icon-list-text\">609 769 624<\/span>\n\t\t\t\t\t\t\t\t\t\t\t<\/a>\n\t\t\t\t\t\t\t\t\t<\/li>\n\t\t\t\t\t\t<\/ul>\n\t\t\t\t\t\t<\/div>\n\t\t\t\t<\/div>\n\t\t\t\t<\/div>\n\t\t<div class=\"elementor-element elementor-element-39e3523 e-con-full e-flex e-con e-child\" data-id=\"39e3523\" data-element_type=\"container\" data-e-type=\"container\">\n\t\t\t\t<div class=\"elementor-element elementor-element-82947ed elementor-widget elementor-widget-heading\" data-id=\"82947ed\" data-element_type=\"widget\" data-e-type=\"widget\" data-widget_type=\"heading.default\">\n\t\t\t\t<div class=\"elementor-widget-container\">\n\t\t\t\t\t<h2 class=\"elementor-heading-title elementor-size-default\">M\u00e1rmoles Torrens Pons\n<\/h2>\t\t\t\t<\/div>\n\t\t\t\t<\/div>\n\t\t\t\t<div class=\"elementor-element elementor-element-0d5d5d6 elementor-widget elementor-widget-text-editor\" data-id=\"0d5d5d6\" data-element_type=\"widget\" data-e-type=\"widget\" data-widget_type=\"text-editor.default\">\n\t\t\t\t<div class=\"elementor-widget-container\">\n\t\t\t\t\t\t\t\t\t<p>Mit langj\u00e4hriger Erfahrung bietet <i>M\u00e1rmoles Torrens Pons<\/i> eine gro\u00dfe Auswahl an Marmoren und Natursteinen. Das Unternehmen ist bekannt f\u00fcr die ma\u00dfgeschneiderte Verarbeitung und die hohe Qualit\u00e4t seiner Endprodukte f\u00fcr private und gewerbliche Projekte.<\/p>\t\t\t\t\t\t\t\t<\/div>\n\t\t\t\t<\/div>\n\t\t\t\t<div class=\"elementor-element elementor-element-2043a75 elementor-icon-list--layout-traditional elementor-list-item-link-full_width elementor-widget elementor-widget-icon-list\" data-id=\"2043a75\" data-element_type=\"widget\" data-e-type=\"widget\" data-widget_type=\"icon-list.default\">\n\t\t\t\t<div class=\"elementor-widget-container\">\n\t\t\t\t\t\t\t<ul class=\"elementor-icon-list-items\">\n\t\t\t\t\t\t\t<li class=\"elementor-icon-list-item\">\n\t\t\t\t\t\t\t\t\t\t\t<a href=\"tel:+34971870291\">\n\n\t\t\t\t\t\t\t\t\t\t\t\t<span class=\"elementor-icon-list-icon\">\n\t\t\t\t\t\t\t<svg aria-hidden=\"true\" class=\"e-font-icon-svg e-fas-phone-alt\" viewBox=\"0 0 512 512\" xmlns=\"http:\/\/www.w3.org\/2000\/svg\"><path d=\"M497.39 361.8l-112-48a24 24 0 0 0-28 6.9l-49.6 60.6A370.66 370.66 0 0 1 130.6 204.11l60.6-49.6a23.94 23.94 0 0 0 6.9-28l-48-112A24.16 24.16 0 0 0 122.6.61l-104 24A24 24 0 0 0 0 48c0 256.5 207.9 464 464 464a24 24 0 0 0 23.4-18.6l24-104a24.29 24.29 0 0 0-14.01-27.6z\"><\/path><\/svg>\t\t\t\t\t\t<\/span>\n\t\t\t\t\t\t\t\t\t\t<span class=\"elementor-icon-list-text\">971 870 291<\/span>\n\t\t\t\t\t\t\t\t\t\t\t<\/a>\n\t\t\t\t\t\t\t\t\t<\/li>\n\t\t\t\t\t\t<\/ul>\n\t\t\t\t\t\t<\/div>\n\t\t\t\t<\/div>\n\t\t\t\t<\/div>\n\t\t<div class=\"elementor-element elementor-element-16949a5 e-con-full e-flex e-con e-child\" data-id=\"16949a5\" data-element_type=\"container\" data-e-type=\"container\">\n\t\t\t\t<div class=\"elementor-element elementor-element-f65e81c elementor-widget elementor-widget-heading\" data-id=\"f65e81c\" data-element_type=\"widget\" data-e-type=\"widget\" data-widget_type=\"heading.default\">\n\t\t\t\t<div class=\"elementor-widget-container\">\n\t\t\t\t\t<h2 class=\"elementor-heading-title elementor-size-default\">Piedras y M\u00e1rmoles Salom\n<\/h2>\t\t\t\t<\/div>\n\t\t\t\t<\/div>\n\t\t\t\t<div class=\"elementor-element elementor-element-e7902a0 elementor-widget elementor-widget-text-editor\" data-id=\"e7902a0\" data-element_type=\"widget\" data-e-type=\"widget\" data-widget_type=\"text-editor.default\">\n\t\t\t\t<div class=\"elementor-widget-container\">\n\t\t\t\t\t\t\t\t\t<p><i>Piedras y M\u00e1rmoles Salom<\/i> widmet sich dem Abbau und der Verarbeitung von hochwertigen Steinen und Marmoren. Das Engagement f\u00fcr Handwerkskunst und Kundenzufriedenheit hat dem Unternehmen einen festen Platz im lokalen Markt gesichert.<\/p>\t\t\t\t\t\t\t\t<\/div>\n\t\t\t\t<\/div>\n\t\t\t\t<div class=\"elementor-element elementor-element-0b2b143 elementor-icon-list--layout-traditional elementor-list-item-link-full_width elementor-widget elementor-widget-icon-list\" data-id=\"0b2b143\" data-element_type=\"widget\" data-e-type=\"widget\" data-widget_type=\"icon-list.default\">\n\t\t\t\t<div class=\"elementor-widget-container\">\n\t\t\t\t\t\t\t<ul class=\"elementor-icon-list-items\">\n\t\t\t\t\t\t\t<li class=\"elementor-icon-list-item\">\n\t\t\t\t\t\t\t\t\t\t\t<a href=\"tel:+34971870032\">\n\n\t\t\t\t\t\t\t\t\t\t\t\t<span class=\"elementor-icon-list-icon\">\n\t\t\t\t\t\t\t<svg aria-hidden=\"true\" class=\"e-font-icon-svg e-fas-phone-alt\" viewBox=\"0 0 512 512\" xmlns=\"http:\/\/www.w3.org\/2000\/svg\"><path d=\"M497.39 361.8l-112-48a24 24 0 0 0-28 6.9l-49.6 60.6A370.66 370.66 0 0 1 130.6 204.11l60.6-49.6a23.94 23.94 0 0 0 6.9-28l-48-112A24.16 24.16 0 0 0 122.6.61l-104 24A24 24 0 0 0 0 48c0 256.5 207.9 464 464 464a24 24 0 0 0 23.4-18.6l24-104a24.29 24.29 0 0 0-14.01-27.6z\"><\/path><\/svg>\t\t\t\t\t\t<\/span>\n\t\t\t\t\t\t\t\t\t\t<span class=\"elementor-icon-list-text\">  971 870 032<\/span>\n\t\t\t\t\t\t\t\t\t\t\t<\/a>\n\t\t\t\t\t\t\t\t\t<\/li>\n\t\t\t\t\t\t<\/ul>\n\t\t\t\t\t\t<\/div>\n\t\t\t\t<\/div>\n\t\t\t\t<\/div>\n\t\t<div class=\"elementor-element elementor-element-bf1f78e e-con-full e-flex e-con e-child\" data-id=\"bf1f78e\" data-element_type=\"container\" data-e-type=\"container\">\n\t\t\t\t<div class=\"elementor-element elementor-element-addd501 elementor-widget elementor-widget-heading\" data-id=\"addd501\" data-element_type=\"widget\" data-e-type=\"widget\" data-widget_type=\"heading.default\">\n\t\t\t\t<div class=\"elementor-widget-container\">\n\t\t\t\t\t<h2 class=\"elementor-heading-title elementor-size-default\">Pedre\u00f1al\n<\/h2>\t\t\t\t<\/div>\n\t\t\t\t<\/div>\n\t\t\t\t<div class=\"elementor-element elementor-element-7f0cbed elementor-widget elementor-widget-text-editor\" data-id=\"7f0cbed\" data-element_type=\"widget\" data-e-type=\"widget\" data-widget_type=\"text-editor.default\">\n\t\t\t\t<div class=\"elementor-widget-container\">\n\t\t\t\t\t\t\t\t\t<p>Pedre\u00f1al<br \/>Spezialisiert auf Kalkstein, bietet <i>Pedre\u00f1al<\/i> eine Vielzahl von Produkten f\u00fcr Bau und Dekoration. Das Unternehmen ist bekannt f\u00fcr seine Pr\u00e4zision im Schneiden und Bearbeiten von Stein, individuell angepasst an die Anforderungen jedes Projekts.<\/p>\t\t\t\t\t\t\t\t<\/div>\n\t\t\t\t<\/div>\n\t\t\t\t<div class=\"elementor-element elementor-element-285d05f elementor-icon-list--layout-traditional elementor-list-item-link-full_width elementor-widget elementor-widget-icon-list\" data-id=\"285d05f\" data-element_type=\"widget\" data-e-type=\"widget\" data-widget_type=\"icon-list.default\">\n\t\t\t\t<div class=\"elementor-widget-container\">\n\t\t\t\t\t\t\t<ul class=\"elementor-icon-list-items\">\n\t\t\t\t\t\t\t<li class=\"elementor-icon-list-item\">\n\t\t\t\t\t\t\t\t\t\t\t<a href=\"tel:+34971511087\">\n\n\t\t\t\t\t\t\t\t\t\t\t\t<span class=\"elementor-icon-list-icon\">\n\t\t\t\t\t\t\t<svg aria-hidden=\"true\" class=\"e-font-icon-svg e-fas-phone-alt\" viewBox=\"0 0 512 512\" xmlns=\"http:\/\/www.w3.org\/2000\/svg\"><path d=\"M497.39 361.8l-112-48a24 24 0 0 0-28 6.9l-49.6 60.6A370.66 370.66 0 0 1 130.6 204.11l60.6-49.6a23.94 23.94 0 0 0 6.9-28l-48-112A24.16 24.16 0 0 0 122.6.61l-104 24A24 24 0 0 0 0 48c0 256.5 207.9 464 464 464a24 24 0 0 0 23.4-18.6l24-104a24.29 24.29 0 0 0-14.01-27.6z\"><\/path><\/svg>\t\t\t\t\t\t<\/span>\n\t\t\t\t\t\t\t\t\t\t<span class=\"elementor-icon-list-text\">971 511 087<\/span>\n\t\t\t\t\t\t\t\t\t\t\t<\/a>\n\t\t\t\t\t\t\t\t\t<\/li>\n\t\t\t\t\t\t<\/ul>\n\t\t\t\t\t\t<\/div>\n\t\t\t\t<\/div>\n\t\t\t\t<\/div>\n\t\t\t\t\t<\/div>\n\t\t\t\t<\/div>\n\t\t<div class=\"elementor-element elementor-element-730fcb1 e-flex e-con-boxed e-con e-parent\" data-id=\"730fcb1\" data-element_type=\"container\" data-e-type=\"container\">\n\t\t\t\t\t<div class=\"e-con-inner\">\n\t\t\t\t<div class=\"elementor-element elementor-element-edad10a elementor-widget elementor-widget-heading\" data-id=\"edad10a\" data-element_type=\"widget\" data-e-type=\"widget\" data-widget_type=\"heading.default\">\n\t\t\t\t<div class=\"elementor-widget-container\">\n\t\t\t\t\t<h2 class=\"elementor-heading-title elementor-size-default\">Steinmetze und Placer<\/h2>\t\t\t\t<\/div>\n\t\t\t\t<\/div>\n\t\t\t\t\t<\/div>\n\t\t\t\t<\/div>\n\t\t<div class=\"elementor-element elementor-element-125daeb e-flex e-con-boxed e-con e-parent\" data-id=\"125daeb\" data-element_type=\"container\" data-e-type=\"container\">\n\t\t\t\t\t<div class=\"e-con-inner\">\n\t\t<div class=\"elementor-element elementor-element-f0792ee e-con-full e-flex e-con e-child\" data-id=\"f0792ee\" data-element_type=\"container\" data-e-type=\"container\">\n\t\t\t\t<div class=\"elementor-element elementor-element-4e6ca75 elementor-widget elementor-widget-heading\" data-id=\"4e6ca75\" data-element_type=\"widget\" data-e-type=\"widget\" data-widget_type=\"heading.default\">\n\t\t\t\t<div class=\"elementor-widget-container\">\n\t\t\t\t\t<h2 class=\"elementor-heading-title elementor-size-default\">Bernat Moy\u00e0<\/h2>\t\t\t\t<\/div>\n\t\t\t\t<\/div>\n\t\t\t\t<div class=\"elementor-element elementor-element-5eff69c elementor-widget elementor-widget-text-editor\" data-id=\"5eff69c\" data-element_type=\"widget\" data-e-type=\"widget\" data-widget_type=\"text-editor.default\">\n\t\t\t\t<div class=\"elementor-widget-container\">\n\t\t\t\t\t\t\t\t\t<p>Bernat Moy\u00e0 ist ein Meisterhandwerker mit einer langen Laufbahn in der Bearbeitung und dem Setzen von Steinen. Sein K\u00f6nnen und seine Pr\u00e4zision haben wesentlich dazu beigetragen, die Steintradition in Binissalem zu bewahren.<\/p>\t\t\t\t\t\t\t\t<\/div>\n\t\t\t\t<\/div>\n\t\t\t\t<div class=\"elementor-element elementor-element-ada5737 elementor-icon-list--layout-traditional elementor-list-item-link-full_width elementor-widget elementor-widget-icon-list\" data-id=\"ada5737\" data-element_type=\"widget\" data-e-type=\"widget\" data-widget_type=\"icon-list.default\">\n\t\t\t\t<div class=\"elementor-widget-container\">\n\t\t\t\t\t\t\t<ul class=\"elementor-icon-list-items\">\n\t\t\t\t\t\t\t<li class=\"elementor-icon-list-item\">\n\t\t\t\t\t\t\t\t\t\t\t<a href=\"tel:+34679875993%20\">\n\n\t\t\t\t\t\t\t\t\t\t\t\t<span class=\"elementor-icon-list-icon\">\n\t\t\t\t\t\t\t<svg aria-hidden=\"true\" class=\"e-font-icon-svg e-fas-phone-alt\" viewBox=\"0 0 512 512\" xmlns=\"http:\/\/www.w3.org\/2000\/svg\"><path d=\"M497.39 361.8l-112-48a24 24 0 0 0-28 6.9l-49.6 60.6A370.66 370.66 0 0 1 130.6 204.11l60.6-49.6a23.94 23.94 0 0 0 6.9-28l-48-112A24.16 24.16 0 0 0 122.6.61l-104 24A24 24 0 0 0 0 48c0 256.5 207.9 464 464 464a24 24 0 0 0 23.4-18.6l24-104a24.29 24.29 0 0 0-14.01-27.6z\"><\/path><\/svg>\t\t\t\t\t\t<\/span>\n\t\t\t\t\t\t\t\t\t\t<span class=\"elementor-icon-list-text\">679 875 993  <\/span>\n\t\t\t\t\t\t\t\t\t\t\t<\/a>\n\t\t\t\t\t\t\t\t\t<\/li>\n\t\t\t\t\t\t\t\t<li class=\"elementor-icon-list-item\">\n\t\t\t\t\t\t\t\t\t\t\t<a href=\"tel:+34607829558\">\n\n\t\t\t\t\t\t\t\t\t\t\t\t<span class=\"elementor-icon-list-icon\">\n\t\t\t\t\t\t\t<svg aria-hidden=\"true\" class=\"e-font-icon-svg e-fas-phone-alt\" viewBox=\"0 0 512 512\" xmlns=\"http:\/\/www.w3.org\/2000\/svg\"><path d=\"M497.39 361.8l-112-48a24 24 0 0 0-28 6.9l-49.6 60.6A370.66 370.66 0 0 1 130.6 204.11l60.6-49.6a23.94 23.94 0 0 0 6.9-28l-48-112A24.16 24.16 0 0 0 122.6.61l-104 24A24 24 0 0 0 0 48c0 256.5 207.9 464 464 464a24 24 0 0 0 23.4-18.6l24-104a24.29 24.29 0 0 0-14.01-27.6z\"><\/path><\/svg>\t\t\t\t\t\t<\/span>\n\t\t\t\t\t\t\t\t\t\t<span class=\"elementor-icon-list-text\">607 829 558<\/span>\n\t\t\t\t\t\t\t\t\t\t\t<\/a>\n\t\t\t\t\t\t\t\t\t<\/li>\n\t\t\t\t\t\t<\/ul>\n\t\t\t\t\t\t<\/div>\n\t\t\t\t<\/div>\n\t\t\t\t<\/div>\n\t\t<div class=\"elementor-element elementor-element-88b148f e-con-full e-flex e-con e-child\" data-id=\"88b148f\" data-element_type=\"container\" data-e-type=\"container\">\n\t\t\t\t<div class=\"elementor-element elementor-element-b376572 elementor-widget elementor-widget-heading\" data-id=\"b376572\" data-element_type=\"widget\" data-e-type=\"widget\" data-widget_type=\"heading.default\">\n\t\t\t\t<div class=\"elementor-widget-container\">\n\t\t\t\t\t<h2 class=\"elementor-heading-title elementor-size-default\">Tomeu Torrens\n<\/h2>\t\t\t\t<\/div>\n\t\t\t\t<\/div>\n\t\t\t\t<div class=\"elementor-element elementor-element-2b52182 elementor-widget elementor-widget-text-editor\" data-id=\"2b52182\" data-element_type=\"widget\" data-e-type=\"widget\" data-widget_type=\"text-editor.default\">\n\t\t\t\t<div class=\"elementor-widget-container\">\n\t\t\t\t\t\t\t\t\t<p>Mit einem Schwerpunkt auf Tradition und Innovation bietet <i>Tomeu Torrens<\/i> Dienstleistungen im Steinmetzhandwerk und der Steinverlegung auf h\u00f6chstem Qualit\u00e4tsniveau. Sein Beitrag h\u00e4lt das Steinerbe Binissalems lebendig.<\/p>\t\t\t\t\t\t\t\t<\/div>\n\t\t\t\t<\/div>\n\t\t\t\t<div class=\"elementor-element elementor-element-29c2616 elementor-icon-list--layout-traditional elementor-list-item-link-full_width elementor-widget elementor-widget-icon-list\" data-id=\"29c2616\" data-element_type=\"widget\" data-e-type=\"widget\" data-widget_type=\"icon-list.default\">\n\t\t\t\t<div class=\"elementor-widget-container\">\n\t\t\t\t\t\t\t<ul class=\"elementor-icon-list-items\">\n\t\t\t\t\t\t\t<li class=\"elementor-icon-list-item\">\n\t\t\t\t\t\t\t\t\t\t\t<a href=\"tel:+34649088919\">\n\n\t\t\t\t\t\t\t\t\t\t\t\t<span class=\"elementor-icon-list-icon\">\n\t\t\t\t\t\t\t<svg aria-hidden=\"true\" class=\"e-font-icon-svg e-fas-phone-alt\" viewBox=\"0 0 512 512\" xmlns=\"http:\/\/www.w3.org\/2000\/svg\"><path d=\"M497.39 361.8l-112-48a24 24 0 0 0-28 6.9l-49.6 60.6A370.66 370.66 0 0 1 130.6 204.11l60.6-49.6a23.94 23.94 0 0 0 6.9-28l-48-112A24.16 24.16 0 0 0 122.6.61l-104 24A24 24 0 0 0 0 48c0 256.5 207.9 464 464 464a24 24 0 0 0 23.4-18.6l24-104a24.29 24.29 0 0 0-14.01-27.6z\"><\/path><\/svg>\t\t\t\t\t\t<\/span>\n\t\t\t\t\t\t\t\t\t\t<span class=\"elementor-icon-list-text\">649 088 919<\/span>\n\t\t\t\t\t\t\t\t\t\t\t<\/a>\n\t\t\t\t\t\t\t\t\t<\/li>\n\t\t\t\t\t\t<\/ul>\n\t\t\t\t\t\t<\/div>\n\t\t\t\t<\/div>\n\t\t\t\t<\/div>\n\t\t<div class=\"elementor-element elementor-element-207d0c4 e-con-full e-flex e-con e-child\" data-id=\"207d0c4\" data-element_type=\"container\" data-e-type=\"container\">\n\t\t\t\t<div class=\"elementor-element elementor-element-1b4d222 elementor-widget elementor-widget-heading\" data-id=\"1b4d222\" data-element_type=\"widget\" data-e-type=\"widget\" data-widget_type=\"heading.default\">\n\t\t\t\t<div class=\"elementor-widget-container\">\n\t\t\t\t\t<h2 class=\"elementor-heading-title elementor-size-default\">Almac\u00e9n Construcci\u00f3n Balear 2002\n<\/h2>\t\t\t\t<\/div>\n\t\t\t\t<\/div>\n\t\t\t\t<div class=\"elementor-element elementor-element-f019d79 elementor-widget elementor-widget-text-editor\" data-id=\"f019d79\" data-element_type=\"widget\" data-e-type=\"widget\" data-widget_type=\"text-editor.default\">\n\t\t\t\t<div class=\"elementor-widget-container\">\n\t\t\t\t\t\t\t\t\t<p><i>Almac\u00e9n Construcci\u00f3n Balear 2002<\/i> bietet Materialien und Dienstleistungen f\u00fcr den Bau, einschlie\u00dflich Stein und Marmor. Das Unternehmen ist f\u00fcr sein breites Produktsortiment und sein Engagement f\u00fcr Qualit\u00e4t bekannt.<\/p>\t\t\t\t\t\t\t\t<\/div>\n\t\t\t\t<\/div>\n\t\t\t\t<div class=\"elementor-element elementor-element-e0911c1 elementor-icon-list--layout-traditional elementor-list-item-link-full_width elementor-widget elementor-widget-icon-list\" data-id=\"e0911c1\" data-element_type=\"widget\" data-e-type=\"widget\" data-widget_type=\"icon-list.default\">\n\t\t\t\t<div class=\"elementor-widget-container\">\n\t\t\t\t\t\t\t<ul class=\"elementor-icon-list-items\">\n\t\t\t\t\t\t\t<li class=\"elementor-icon-list-item\">\n\t\t\t\t\t\t\t\t\t\t\t<a href=\"tel:+34971870064\">\n\n\t\t\t\t\t\t\t\t\t\t\t\t<span class=\"elementor-icon-list-icon\">\n\t\t\t\t\t\t\t<svg aria-hidden=\"true\" class=\"e-font-icon-svg e-fas-phone-alt\" viewBox=\"0 0 512 512\" xmlns=\"http:\/\/www.w3.org\/2000\/svg\"><path d=\"M497.39 361.8l-112-48a24 24 0 0 0-28 6.9l-49.6 60.6A370.66 370.66 0 0 1 130.6 204.11l60.6-49.6a23.94 23.94 0 0 0 6.9-28l-48-112A24.16 24.16 0 0 0 122.6.61l-104 24A24 24 0 0 0 0 48c0 256.5 207.9 464 464 464a24 24 0 0 0 23.4-18.6l24-104a24.29 24.29 0 0 0-14.01-27.6z\"><\/path><\/svg>\t\t\t\t\t\t<\/span>\n\t\t\t\t\t\t\t\t\t\t<span class=\"elementor-icon-list-text\">971 870 064<\/span>\n\t\t\t\t\t\t\t\t\t\t\t<\/a>\n\t\t\t\t\t\t\t\t\t<\/li>\n\t\t\t\t\t\t<\/ul>\n\t\t\t\t\t\t<\/div>\n\t\t\t\t<\/div>\n\t\t\t\t<\/div>\n\t\t\t\t\t<\/div>\n\t\t\t\t<\/div>\n\t\t\t\t<\/div>\n\t\t","protected":false},"excerpt":{"rendered":"<p>Stein Kurze Geschichte und Bedeutung Die Steintradition in Binissalem \u00a0Stein war \u00fcber die Jahrhunderte hinweg ein wesentlicher Bestandteil der Identit\u00e4t und Entwicklung von Binissalem. Die Gemeinde ist nicht nur f\u00fcr ihre reiche Geschichte und ihr Kulturerbe bekannt, sondern auch f\u00fcr ihre Tradition im Steinabbau und Steinhandwerk. Diese seit der Antike bestehende Industrie hat sowohl die [&hellip;]<\/p>\n","protected":false},"author":2,"featured_media":0,"parent":0,"menu_order":0,"comment_status":"closed","ping_status":"closed","template":"elementor_header_footer","meta":{"_acf_changed":false,"footnotes":""},"class_list":["post-1745","page","type-page","status-publish","hentry"],"acf":[],"yoast_head":"<!-- This site is optimized with the Yoast SEO plugin v27.4 - https:\/\/yoast.com\/product\/yoast-seo-wordpress\/ -->\n<title>Stein - Visit Binissalem<\/title>\n<meta name=\"robots\" content=\"index, follow, max-snippet:-1, max-image-preview:large, max-video-preview:-1\" \/>\n<link rel=\"canonical\" href=\"https:\/\/visitbinissalem.com\/pedra\/\" \/>\n<meta property=\"og:locale\" content=\"de_DE\" \/>\n<meta property=\"og:type\" content=\"article\" \/>\n<meta property=\"og:title\" content=\"Stein - Visit Binissalem\" \/>\n<meta property=\"og:description\" content=\"Stein Kurze Geschichte und Bedeutung Die Steintradition in Binissalem \u00a0Stein war \u00fcber die Jahrhunderte hinweg ein wesentlicher Bestandteil der Identit\u00e4t und Entwicklung von Binissalem. Die Gemeinde ist nicht nur f\u00fcr ihre reiche Geschichte und ihr Kulturerbe bekannt, sondern auch f\u00fcr ihre Tradition im Steinabbau und Steinhandwerk. Diese seit der Antike bestehende Industrie hat sowohl die [&hellip;]\" \/>\n<meta property=\"og:url\" content=\"https:\/\/visitbinissalem.com\/pedra\/\" \/>\n<meta property=\"og:site_name\" content=\"Visit Binissalem\" \/>\n<meta property=\"article:publisher\" content=\"https:\/\/www.facebook.com\/AjuntamentdeBinissalem\" \/>\n<meta property=\"article:modified_time\" content=\"2025-08-29T07:35:28+00:00\" \/>\n<meta property=\"og:image\" content=\"https:\/\/visitbinissalem.com\/wp-content\/uploads\/2024\/08\/LOGO-AJT-1-e1724766625809-1-e1724825744271.png\" \/>\n<meta name=\"twitter:card\" content=\"summary_large_image\" \/>\n<meta name=\"twitter:label1\" content=\"Gesch\u00e4tzte Lesezeit\" \/>\n\t<meta name=\"twitter:data1\" content=\"2\u00a0Minuten\" \/>\n<script type=\"application\/ld+json\" class=\"yoast-schema-graph\">{\"@context\":\"https:\\\/\\\/schema.org\",\"@graph\":[{\"@type\":\"WebPage\",\"@id\":\"https:\\\/\\\/visitbinissalem.com\\\/pedra\\\/\",\"url\":\"https:\\\/\\\/visitbinissalem.com\\\/pedra\\\/\",\"name\":\"Stein - Visit Binissalem\",\"isPartOf\":{\"@id\":\"https:\\\/\\\/visitbinissalem.com\\\/en\\\/#website\"},\"primaryImageOfPage\":{\"@id\":\"https:\\\/\\\/visitbinissalem.com\\\/pedra\\\/#primaryimage\"},\"image\":{\"@id\":\"https:\\\/\\\/visitbinissalem.com\\\/pedra\\\/#primaryimage\"},\"thumbnailUrl\":\"https:\\\/\\\/visitbinissalem.com\\\/wp-content\\\/uploads\\\/2024\\\/08\\\/LOGO-AJT-1-e1724766625809-1-e1724825744271.png\",\"datePublished\":\"2024-08-31T15:12:40+00:00\",\"dateModified\":\"2025-08-29T07:35:28+00:00\",\"breadcrumb\":{\"@id\":\"https:\\\/\\\/visitbinissalem.com\\\/pedra\\\/#breadcrumb\"},\"inLanguage\":\"de\",\"potentialAction\":[{\"@type\":\"ReadAction\",\"target\":[\"https:\\\/\\\/visitbinissalem.com\\\/pedra\\\/\"]}]},{\"@type\":\"ImageObject\",\"inLanguage\":\"de\",\"@id\":\"https:\\\/\\\/visitbinissalem.com\\\/pedra\\\/#primaryimage\",\"url\":\"https:\\\/\\\/visitbinissalem.com\\\/wp-content\\\/uploads\\\/2024\\\/08\\\/LOGO-AJT-1-e1724766625809-1-e1724825744271.png\",\"contentUrl\":\"https:\\\/\\\/visitbinissalem.com\\\/wp-content\\\/uploads\\\/2024\\\/08\\\/LOGO-AJT-1-e1724766625809-1-e1724825744271.png\"},{\"@type\":\"BreadcrumbList\",\"@id\":\"https:\\\/\\\/visitbinissalem.com\\\/pedra\\\/#breadcrumb\",\"itemListElement\":[{\"@type\":\"ListItem\",\"position\":1,\"name\":\"Inici\",\"item\":\"https:\\\/\\\/visitbinissalem.com\\\/de\\\/\"},{\"@type\":\"ListItem\",\"position\":2,\"name\":\"Stein\"}]},{\"@type\":\"WebSite\",\"@id\":\"https:\\\/\\\/visitbinissalem.com\\\/en\\\/#website\",\"url\":\"https:\\\/\\\/visitbinissalem.com\\\/en\\\/\",\"name\":\"Visit Binissalem\",\"description\":\"Binissalem\",\"publisher\":{\"@id\":\"https:\\\/\\\/visitbinissalem.com\\\/en\\\/#organization\"},\"potentialAction\":[{\"@type\":\"SearchAction\",\"target\":{\"@type\":\"EntryPoint\",\"urlTemplate\":\"https:\\\/\\\/visitbinissalem.com\\\/en\\\/?s={search_term_string}\"},\"query-input\":{\"@type\":\"PropertyValueSpecification\",\"valueRequired\":true,\"valueName\":\"search_term_string\"}}],\"inLanguage\":\"de\"},{\"@type\":\"Organization\",\"@id\":\"https:\\\/\\\/visitbinissalem.com\\\/en\\\/#organization\",\"name\":\"Visit Binissalem\",\"url\":\"https:\\\/\\\/visitbinissalem.com\\\/en\\\/\",\"logo\":{\"@type\":\"ImageObject\",\"inLanguage\":\"de\",\"@id\":\"https:\\\/\\\/visitbinissalem.com\\\/en\\\/#\\\/schema\\\/logo\\\/image\\\/\",\"url\":\"https:\\\/\\\/visitbinissalem.com\\\/wp-content\\\/uploads\\\/2024\\\/08\\\/Binissalem-Oberts-a-tu.png\",\"contentUrl\":\"https:\\\/\\\/visitbinissalem.com\\\/wp-content\\\/uploads\\\/2024\\\/08\\\/Binissalem-Oberts-a-tu.png\",\"width\":2565,\"height\":1240,\"caption\":\"Visit Binissalem\"},\"image\":{\"@id\":\"https:\\\/\\\/visitbinissalem.com\\\/en\\\/#\\\/schema\\\/logo\\\/image\\\/\"},\"sameAs\":[\"https:\\\/\\\/www.facebook.com\\\/AjuntamentdeBinissalem\",\"https:\\\/\\\/www.instagram.com\\\/ajuntamentbinissalem\\\/\"]}]}<\/script>\n<!-- \/ Yoast SEO plugin. -->","yoast_head_json":{"title":"Stein - Visit Binissalem","robots":{"index":"index","follow":"follow","max-snippet":"max-snippet:-1","max-image-preview":"max-image-preview:large","max-video-preview":"max-video-preview:-1"},"canonical":"https:\/\/visitbinissalem.com\/pedra\/","og_locale":"de_DE","og_type":"article","og_title":"Stein - Visit Binissalem","og_description":"Stein Kurze Geschichte und Bedeutung Die Steintradition in Binissalem \u00a0Stein war \u00fcber die Jahrhunderte hinweg ein wesentlicher Bestandteil der Identit\u00e4t und Entwicklung von Binissalem. Die Gemeinde ist nicht nur f\u00fcr ihre reiche Geschichte und ihr Kulturerbe bekannt, sondern auch f\u00fcr ihre Tradition im Steinabbau und Steinhandwerk. Diese seit der Antike bestehende Industrie hat sowohl die [&hellip;]","og_url":"https:\/\/visitbinissalem.com\/pedra\/","og_site_name":"Visit Binissalem","article_publisher":"https:\/\/www.facebook.com\/AjuntamentdeBinissalem","article_modified_time":"2025-08-29T07:35:28+00:00","og_image":[{"url":"https:\/\/visitbinissalem.com\/wp-content\/uploads\/2024\/08\/LOGO-AJT-1-e1724766625809-1-e1724825744271.png","type":"","width":"","height":""}],"twitter_card":"summary_large_image","twitter_misc":{"Gesch\u00e4tzte Lesezeit":"2\u00a0Minuten"},"schema":{"@context":"https:\/\/schema.org","@graph":[{"@type":"WebPage","@id":"https:\/\/visitbinissalem.com\/pedra\/","url":"https:\/\/visitbinissalem.com\/pedra\/","name":"Stein - Visit Binissalem","isPartOf":{"@id":"https:\/\/visitbinissalem.com\/en\/#website"},"primaryImageOfPage":{"@id":"https:\/\/visitbinissalem.com\/pedra\/#primaryimage"},"image":{"@id":"https:\/\/visitbinissalem.com\/pedra\/#primaryimage"},"thumbnailUrl":"https:\/\/visitbinissalem.com\/wp-content\/uploads\/2024\/08\/LOGO-AJT-1-e1724766625809-1-e1724825744271.png","datePublished":"2024-08-31T15:12:40+00:00","dateModified":"2025-08-29T07:35:28+00:00","breadcrumb":{"@id":"https:\/\/visitbinissalem.com\/pedra\/#breadcrumb"},"inLanguage":"de","potentialAction":[{"@type":"ReadAction","target":["https:\/\/visitbinissalem.com\/pedra\/"]}]},{"@type":"ImageObject","inLanguage":"de","@id":"https:\/\/visitbinissalem.com\/pedra\/#primaryimage","url":"https:\/\/visitbinissalem.com\/wp-content\/uploads\/2024\/08\/LOGO-AJT-1-e1724766625809-1-e1724825744271.png","contentUrl":"https:\/\/visitbinissalem.com\/wp-content\/uploads\/2024\/08\/LOGO-AJT-1-e1724766625809-1-e1724825744271.png"},{"@type":"BreadcrumbList","@id":"https:\/\/visitbinissalem.com\/pedra\/#breadcrumb","itemListElement":[{"@type":"ListItem","position":1,"name":"Inici","item":"https:\/\/visitbinissalem.com\/de\/"},{"@type":"ListItem","position":2,"name":"Stein"}]},{"@type":"WebSite","@id":"https:\/\/visitbinissalem.com\/en\/#website","url":"https:\/\/visitbinissalem.com\/en\/","name":"Visit Binissalem","description":"Binissalem","publisher":{"@id":"https:\/\/visitbinissalem.com\/en\/#organization"},"potentialAction":[{"@type":"SearchAction","target":{"@type":"EntryPoint","urlTemplate":"https:\/\/visitbinissalem.com\/en\/?s={search_term_string}"},"query-input":{"@type":"PropertyValueSpecification","valueRequired":true,"valueName":"search_term_string"}}],"inLanguage":"de"},{"@type":"Organization","@id":"https:\/\/visitbinissalem.com\/en\/#organization","name":"Visit Binissalem","url":"https:\/\/visitbinissalem.com\/en\/","logo":{"@type":"ImageObject","inLanguage":"de","@id":"https:\/\/visitbinissalem.com\/en\/#\/schema\/logo\/image\/","url":"https:\/\/visitbinissalem.com\/wp-content\/uploads\/2024\/08\/Binissalem-Oberts-a-tu.png","contentUrl":"https:\/\/visitbinissalem.com\/wp-content\/uploads\/2024\/08\/Binissalem-Oberts-a-tu.png","width":2565,"height":1240,"caption":"Visit Binissalem"},"image":{"@id":"https:\/\/visitbinissalem.com\/en\/#\/schema\/logo\/image\/"},"sameAs":["https:\/\/www.facebook.com\/AjuntamentdeBinissalem","https:\/\/www.instagram.com\/ajuntamentbinissalem\/"]}]}},"_links":{"self":[{"href":"https:\/\/visitbinissalem.com\/de\/wp-json\/wp\/v2\/pages\/1745","targetHints":{"allow":["GET"]}}],"collection":[{"href":"https:\/\/visitbinissalem.com\/de\/wp-json\/wp\/v2\/pages"}],"about":[{"href":"https:\/\/visitbinissalem.com\/de\/wp-json\/wp\/v2\/types\/page"}],"author":[{"embeddable":true,"href":"https:\/\/visitbinissalem.com\/de\/wp-json\/wp\/v2\/users\/2"}],"replies":[{"embeddable":true,"href":"https:\/\/visitbinissalem.com\/de\/wp-json\/wp\/v2\/comments?post=1745"}],"version-history":[{"count":4,"href":"https:\/\/visitbinissalem.com\/de\/wp-json\/wp\/v2\/pages\/1745\/revisions"}],"predecessor-version":[{"id":2757,"href":"https:\/\/visitbinissalem.com\/de\/wp-json\/wp\/v2\/pages\/1745\/revisions\/2757"}],"wp:attachment":[{"href":"https:\/\/visitbinissalem.com\/de\/wp-json\/wp\/v2\/media?parent=1745"}],"curies":[{"name":"wp","href":"https:\/\/api.w.org\/{rel}","templated":true}]}}