{"id":1773,"date":"2024-08-31T15:41:13","date_gmt":"2024-08-31T13:41:13","guid":{"rendered":"https:\/\/visitbinissalem.com\/parteien\/"},"modified":"2025-08-29T09:42:06","modified_gmt":"2025-08-29T07:42:06","slug":"parteien","status":"publish","type":"page","link":"https:\/\/visitbinissalem.com\/de\/parteien\/","title":{"rendered":"Parteien"},"content":{"rendered":"\t\t<div data-elementor-type=\"wp-page\" data-elementor-id=\"1773\" class=\"elementor elementor-1773 elementor-238\" data-elementor-post-type=\"page\">\n\t\t\t\t<div class=\"elementor-element elementor-element-9746b9c e-con-full e-flex e-con e-parent\" data-id=\"9746b9c\" data-element_type=\"container\" data-e-type=\"container\" data-settings=\"{&quot;background_background&quot;:&quot;classic&quot;}\">\n\t\t\t\t<div class=\"elementor-element elementor-element-9d22fc9 elementor-widget elementor-widget-heading\" data-id=\"9d22fc9\" data-element_type=\"widget\" data-e-type=\"widget\" data-widget_type=\"heading.default\">\n\t\t\t\t<div class=\"elementor-widget-container\">\n\t\t\t\t\t<h2 class=\"elementor-heading-title elementor-size-default\">Feste<\/h2>\t\t\t\t<\/div>\n\t\t\t\t<\/div>\n\t\t\t\t<\/div>\n\t\t<div class=\"elementor-element elementor-element-04bd498 e-flex e-con-boxed e-con e-parent\" data-id=\"04bd498\" data-element_type=\"container\" data-e-type=\"container\">\n\t\t\t\t\t<div class=\"e-con-inner\">\n\t\t\t\t<div class=\"elementor-element elementor-element-44c1c43 elementor-widget elementor-widget-image\" data-id=\"44c1c43\" data-element_type=\"widget\" data-e-type=\"widget\" data-widget_type=\"image.default\">\n\t\t\t\t<div class=\"elementor-widget-container\">\n\t\t\t\t\t\t\t\t\t\t\t\t\t\t\t<img fetchpriority=\"high\" decoding=\"async\" width=\"523\" height=\"473\" src=\"https:\/\/visitbinissalem.com\/wp-content\/uploads\/2024\/08\/LOGO-AJT-1-e1724766625809-1-e1724825744271.png\" class=\"attachment-large size-large wp-image-1339\" alt=\"\" srcset=\"https:\/\/visitbinissalem.com\/wp-content\/uploads\/2024\/08\/LOGO-AJT-1-e1724766625809-1-e1724825744271.png 523w, https:\/\/visitbinissalem.com\/wp-content\/uploads\/2024\/08\/LOGO-AJT-1-e1724766625809-1-e1724825744271-300x271.png 300w\" sizes=\"(max-width: 523px) 100vw, 523px\" \/>\t\t\t\t\t\t\t\t\t\t\t\t\t\t\t<\/div>\n\t\t\t\t<\/div>\n\t\t\t\t<div class=\"elementor-element elementor-element-6343464 elementor-widget elementor-widget-heading\" data-id=\"6343464\" data-element_type=\"widget\" data-e-type=\"widget\" data-widget_type=\"heading.default\">\n\t\t\t\t<div class=\"elementor-widget-container\">\n\t\t\t\t\t<h5 class=\"elementor-heading-title elementor-size-default\">KULTUR UND TRADITION<\/h5>\t\t\t\t<\/div>\n\t\t\t\t<\/div>\n\t\t\t\t<div class=\"elementor-element elementor-element-3e9e423 elementor-widget elementor-widget-heading\" data-id=\"3e9e423\" data-element_type=\"widget\" data-e-type=\"widget\" data-widget_type=\"heading.default\">\n\t\t\t\t<div class=\"elementor-widget-container\">\n\t\t\t\t\t<h1 class=\"elementor-heading-title elementor-size-default\">Feiern in Binissalem<\/h1>\t\t\t\t<\/div>\n\t\t\t\t<\/div>\n\t\t\t\t<div class=\"elementor-element elementor-element-b9f07fc elementor-widget elementor-widget-text-editor\" data-id=\"b9f07fc\" data-element_type=\"widget\" data-e-type=\"widget\" data-widget_type=\"text-editor.default\">\n\t\t\t\t<div class=\"elementor-widget-container\">\n\t\t\t\t\t\t\t\t\t<p><span style=\"font-weight: 400;\">\u00a0Binissalem ist auch f\u00fcr seine lebendigen Feste bekannt, die das ganze Jahr \u00fcber das Dorf mit Leben und Farbe erf\u00fcllen. Diese Feiern, tief verwurzelt in Tradition und Geschichte, bieten Besuchern und Einheimischen die M\u00f6glichkeit, einzigartige Momente in einer Atmosph\u00e4re voller Freude und Gemeinschaft zu erleben.<\/span><\/p><p><span style=\"font-weight: 400;\">Von Patronatsfesten bis hin zu gastronomischen Veranstaltungen wie der ber\u00fchmten <\/span><b>Festa des Vermar<\/b><span style=\"font-weight: 400;\"> verwandelt sich Binissalem in eine B\u00fchne f\u00fcr Musik, Tanz und Volksbr\u00e4uche, die den authentischen Charakter des Ortes widerspiegeln.<\/span><\/p><p><span style=\"font-weight: 400;\">Im Folgenden stellen wir Ihnen die wichtigsten Feste vor, die die Stra\u00dfen dieser charmanten Gemeinde beleben und Sie einladen, in ein unvergessliches Erlebnis aus Kultur und Unterhaltung einzutauchen.<\/span><\/p>\t\t\t\t\t\t\t\t<\/div>\n\t\t\t\t<\/div>\n\t\t\t\t\t<\/div>\n\t\t\t\t<\/div>\n\t\t<div class=\"elementor-element elementor-element-ccfa551 e-flex e-con-boxed e-con e-parent\" data-id=\"ccfa551\" data-element_type=\"container\" data-e-type=\"container\" data-settings=\"{&quot;background_background&quot;:&quot;classic&quot;}\">\n\t\t\t\t\t<div class=\"e-con-inner\">\n\t\t<div class=\"elementor-element elementor-element-69e679c e-con-full e-flex e-con e-child\" data-id=\"69e679c\" data-element_type=\"container\" data-e-type=\"container\">\n\t\t\t\t<div class=\"elementor-element elementor-element-8eaf561 elementor-widget elementor-widget-text-editor\" data-id=\"8eaf561\" data-element_type=\"widget\" data-e-type=\"widget\" data-widget_type=\"text-editor.default\">\n\t\t\t\t<div class=\"elementor-widget-container\">\n\t\t\t\t\t\t\t\t\t<p><span style=\"font-weight: 400;\">Zweite Septemberh\u00e4lfte<\/span><\/p>\n\t\t\t\t\t\t\t\t<\/div>\n\t\t\t\t<\/div>\n\t\t\t\t<div class=\"elementor-element elementor-element-959084e elementor-widget elementor-widget-heading\" data-id=\"959084e\" data-element_type=\"widget\" data-e-type=\"widget\" data-widget_type=\"heading.default\">\n\t\t\t\t<div class=\"elementor-widget-container\">\n\t\t\t\t\t<h2 class=\"elementor-heading-title elementor-size-default\">Zweite Septemberh\u00e4lfte \u2013 Festa des Vermar\n<\/h2>\t\t\t\t<\/div>\n\t\t\t\t<\/div>\n\t\t\t\t<div class=\"elementor-element elementor-element-2627f75 elementor-widget elementor-widget-text-editor\" data-id=\"2627f75\" data-element_type=\"widget\" data-e-type=\"widget\" data-widget_type=\"text-editor.default\">\n\t\t\t\t<div class=\"elementor-widget-container\">\n\t\t\t\t\t\t\t\t\t<p>Jedes Jahr im September schm\u00fcckt sich Binissalem, um das <strong>Festa des Vermar<\/strong> zu feiern \u2013 ein unverzichtbares Ereignis, das der Weinlese und der Welt des Weins gewidmet ist, beides grundlegende Elemente der Identit\u00e4t der Gemeinde. Diese farbenfrohen und emotionalen Feste vereinen Tradition, Kulturerbe, Musik und Gastronomie und sind ein lebendiger Ausdruck des binissalemer Charakters.<\/p><p>W\u00e4hrend dieses Monats, besonders in der zweiten H\u00e4lfte, erlebt das Dorf ein umfangreiches Programm mit Aktivit\u00e4ten f\u00fcr alle Altersgruppen, wie das <strong>Fest des Sant Gall in Biniagual<\/strong>, eine popul\u00e4re Feier, die den Beginn des traditionellsten Festkalenders markiert.<\/p><p>Zu den Veranstaltungen z\u00e4hlen unter anderem der <strong>Kulturerbe-Rundgang<\/strong>, der es erm\u00f6glicht, die emblematischsten Orte von Binissalem kennenzulernen, oder <strong>Goletart<\/strong>, ein k\u00fcnstlerisches Projekt, das die Goleta-Stra\u00dfe mit Kreativit\u00e4t erf\u00fcllt. Einer der meist erwarteten Momente ist die <strong>Begr\u00fc\u00dfung der Sa Vermada<\/strong>, ein symbolischer Akt, der die Feste offiziell er\u00f6ffnet.<\/p><p>Es finden auch tief verwurzelte Ereignisse statt, wie die <strong>Sch\u00e4rpenverleihung an die Vermadors und Vermadores<\/strong> und die traditionelle <strong>Festansprache<\/strong>, ebenso wie die <strong>Ehrung der \u00e4lteren Generation<\/strong>, als Anerkennung f\u00fcr die Weisheit und das lebendige Ged\u00e4chtnis des Dorfes.<\/p><p>Auch die gastronomischen H\u00f6hepunkte fehlen nicht, wie die <strong>Fideus de Vermar in Can Arab\u00ed<\/strong> oder das <strong>Abendessen im Freien<\/strong>, bei dem sich Tausende von Menschen auf den Stra\u00dfen versammeln, um Tisch, Tradition und gute Stimmung zu teilen.<\/p>\t\t\t\t\t\t\t\t<\/div>\n\t\t\t\t<\/div>\n\t\t\t\t<\/div>\n\t\t<div class=\"elementor-element elementor-element-aa7bc01 e-con-full e-flex e-con e-child\" data-id=\"aa7bc01\" data-element_type=\"container\" data-e-type=\"container\">\n\t\t\t\t<div class=\"elementor-element elementor-element-83ff197 elementor-widget elementor-widget-gallery\" data-id=\"83ff197\" data-element_type=\"widget\" data-e-type=\"widget\" data-settings=\"{&quot;gallery_layout&quot;:&quot;masonry&quot;,&quot;columns&quot;:3,&quot;lazyload&quot;:&quot;yes&quot;,&quot;columns_tablet&quot;:2,&quot;columns_mobile&quot;:1,&quot;gap&quot;:{&quot;unit&quot;:&quot;px&quot;,&quot;size&quot;:10,&quot;sizes&quot;:[]},&quot;gap_tablet&quot;:{&quot;unit&quot;:&quot;px&quot;,&quot;size&quot;:10,&quot;sizes&quot;:[]},&quot;gap_mobile&quot;:{&quot;unit&quot;:&quot;px&quot;,&quot;size&quot;:10,&quot;sizes&quot;:[]},&quot;link_to&quot;:&quot;file&quot;,&quot;overlay_background&quot;:&quot;yes&quot;,&quot;content_hover_animation&quot;:&quot;fade-in&quot;}\" data-widget_type=\"gallery.default\">\n\t\t\t\t<div class=\"elementor-widget-container\">\n\t\t\t\t\t\t\t<div class=\"elementor-gallery__container\">\n\t\t\t\t\t\t\t<a class=\"e-gallery-item elementor-gallery-item elementor-animated-content\" href=\"https:\/\/visitbinissalem.com\/wp-content\/uploads\/2024\/08\/fideus-de-vermar-binissalem-2.jpg\" data-elementor-open-lightbox=\"yes\" data-elementor-lightbox-slideshow=\"83ff197\" data-elementor-lightbox-title=\"fideus-de-vermar-binissalem-2\" data-e-action-hash=\"#elementor-action%3Aaction%3Dlightbox%26settings%3DeyJpZCI6MjQ3LCJ1cmwiOiJodHRwczpcL1wvdmlzaXRiaW5pc3NhbGVtLmNvbVwvd3AtY29udGVudFwvdXBsb2Fkc1wvMjAyNFwvMDhcL2ZpZGV1cy1kZS12ZXJtYXItYmluaXNzYWxlbS0yLmpwZyIsInNsaWRlc2hvdyI6IjgzZmYxOTcifQ%3D%3D\">\n\t\t\t\t\t<div class=\"e-gallery-image elementor-gallery-item__image\" data-thumbnail=\"https:\/\/visitbinissalem.com\/wp-content\/uploads\/2024\/08\/fideus-de-vermar-binissalem-2-768x1150.jpg\" data-width=\"768\" data-height=\"1150\" aria-label=\"\" role=\"img\" ><\/div>\n\t\t\t\t\t\t\t\t\t\t\t<div class=\"elementor-gallery-item__overlay\"><\/div>\n\t\t\t\t\t\t\t\t\t\t\t\t\t\t<\/a>\n\t\t\t\t\t\t\t<a class=\"e-gallery-item elementor-gallery-item elementor-animated-content\" href=\"https:\/\/visitbinissalem.com\/wp-content\/uploads\/2024\/08\/fideus-de-vermar-binissalem.jpg\" data-elementor-open-lightbox=\"yes\" data-elementor-lightbox-slideshow=\"83ff197\" data-elementor-lightbox-title=\"fideus-de-vermar-binissalem\" data-e-action-hash=\"#elementor-action%3Aaction%3Dlightbox%26settings%3DeyJpZCI6MjQ4LCJ1cmwiOiJodHRwczpcL1wvdmlzaXRiaW5pc3NhbGVtLmNvbVwvd3AtY29udGVudFwvdXBsb2Fkc1wvMjAyNFwvMDhcL2ZpZGV1cy1kZS12ZXJtYXItYmluaXNzYWxlbS5qcGciLCJzbGlkZXNob3ciOiI4M2ZmMTk3In0%3D\">\n\t\t\t\t\t<div class=\"e-gallery-image elementor-gallery-item__image\" data-thumbnail=\"https:\/\/visitbinissalem.com\/wp-content\/uploads\/2024\/08\/fideus-de-vermar-binissalem-768x1151.jpg\" data-width=\"768\" data-height=\"1151\" aria-label=\"\" role=\"img\" ><\/div>\n\t\t\t\t\t\t\t\t\t\t\t<div class=\"elementor-gallery-item__overlay\"><\/div>\n\t\t\t\t\t\t\t\t\t\t\t\t\t\t<\/a>\n\t\t\t\t\t\t\t<a class=\"e-gallery-item elementor-gallery-item elementor-animated-content\" href=\"https:\/\/visitbinissalem.com\/wp-content\/uploads\/2024\/08\/vermar-binissalem-5.jpg\" data-elementor-open-lightbox=\"yes\" data-elementor-lightbox-slideshow=\"83ff197\" data-elementor-lightbox-title=\"vermar-binissalem-5\" data-e-action-hash=\"#elementor-action%3Aaction%3Dlightbox%26settings%3DeyJpZCI6MjUwLCJ1cmwiOiJodHRwczpcL1wvdmlzaXRiaW5pc3NhbGVtLmNvbVwvd3AtY29udGVudFwvdXBsb2Fkc1wvMjAyNFwvMDhcL3Zlcm1hci1iaW5pc3NhbGVtLTUuanBnIiwic2xpZGVzaG93IjoiODNmZjE5NyJ9\">\n\t\t\t\t\t<div class=\"e-gallery-image elementor-gallery-item__image\" data-thumbnail=\"https:\/\/visitbinissalem.com\/wp-content\/uploads\/2024\/08\/vermar-binissalem-5-768x476.jpg\" data-width=\"768\" data-height=\"476\" aria-label=\"\" role=\"img\" ><\/div>\n\t\t\t\t\t\t\t\t\t\t\t<div class=\"elementor-gallery-item__overlay\"><\/div>\n\t\t\t\t\t\t\t\t\t\t\t\t\t\t<\/a>\n\t\t\t\t\t\t\t<a class=\"e-gallery-item elementor-gallery-item elementor-animated-content\" href=\"https:\/\/visitbinissalem.com\/wp-content\/uploads\/2024\/08\/vermar_2.webp\" data-elementor-open-lightbox=\"yes\" data-elementor-lightbox-slideshow=\"83ff197\" data-elementor-lightbox-title=\"vermar_2\" data-e-action-hash=\"#elementor-action%3Aaction%3Dlightbox%26settings%3DeyJpZCI6MjQzLCJ1cmwiOiJodHRwczpcL1wvdmlzaXRiaW5pc3NhbGVtLmNvbVwvd3AtY29udGVudFwvdXBsb2Fkc1wvMjAyNFwvMDhcL3Zlcm1hcl8yLndlYnAiLCJzbGlkZXNob3ciOiI4M2ZmMTk3In0%3D\">\n\t\t\t\t\t<div class=\"e-gallery-image elementor-gallery-item__image\" data-thumbnail=\"https:\/\/visitbinissalem.com\/wp-content\/uploads\/2024\/08\/vermar_2-768x512.webp\" data-width=\"768\" data-height=\"512\" aria-label=\"\" role=\"img\" ><\/div>\n\t\t\t\t\t\t\t\t\t\t\t<div class=\"elementor-gallery-item__overlay\"><\/div>\n\t\t\t\t\t\t\t\t\t\t\t\t\t\t<\/a>\n\t\t\t\t\t\t\t<a class=\"e-gallery-item elementor-gallery-item elementor-animated-content\" href=\"https:\/\/visitbinissalem.com\/wp-content\/uploads\/2024\/08\/vermar-binissalem.jpg\" data-elementor-open-lightbox=\"yes\" data-elementor-lightbox-slideshow=\"83ff197\" data-elementor-lightbox-title=\"vermar-binissalem\" data-e-action-hash=\"#elementor-action%3Aaction%3Dlightbox%26settings%3DeyJpZCI6MjQ2LCJ1cmwiOiJodHRwczpcL1wvdmlzaXRiaW5pc3NhbGVtLmNvbVwvd3AtY29udGVudFwvdXBsb2Fkc1wvMjAyNFwvMDhcL3Zlcm1hci1iaW5pc3NhbGVtLmpwZyIsInNsaWRlc2hvdyI6IjgzZmYxOTcifQ%3D%3D\">\n\t\t\t\t\t<div class=\"e-gallery-image elementor-gallery-item__image\" data-thumbnail=\"https:\/\/visitbinissalem.com\/wp-content\/uploads\/2024\/08\/vermar-binissalem-768x432.jpg\" data-width=\"768\" data-height=\"432\" aria-label=\"\" role=\"img\" ><\/div>\n\t\t\t\t\t\t\t\t\t\t\t<div class=\"elementor-gallery-item__overlay\"><\/div>\n\t\t\t\t\t\t\t\t\t\t\t\t\t\t<\/a>\n\t\t\t\t\t\t\t<a class=\"e-gallery-item elementor-gallery-item elementor-animated-content\" href=\"https:\/\/visitbinissalem.com\/wp-content\/uploads\/2024\/08\/vermar-binissalem-3.jpg\" data-elementor-open-lightbox=\"yes\" data-elementor-lightbox-slideshow=\"83ff197\" data-elementor-lightbox-title=\"vermar-binissalem-3\" data-e-action-hash=\"#elementor-action%3Aaction%3Dlightbox%26settings%3DeyJpZCI6MjQ1LCJ1cmwiOiJodHRwczpcL1wvdmlzaXRiaW5pc3NhbGVtLmNvbVwvd3AtY29udGVudFwvdXBsb2Fkc1wvMjAyNFwvMDhcL3Zlcm1hci1iaW5pc3NhbGVtLTMuanBnIiwic2xpZGVzaG93IjoiODNmZjE5NyJ9\">\n\t\t\t\t\t<div class=\"e-gallery-image elementor-gallery-item__image\" data-thumbnail=\"https:\/\/visitbinissalem.com\/wp-content\/uploads\/2024\/08\/vermar-binissalem-3-768x432.jpg\" data-width=\"768\" data-height=\"432\" aria-label=\"\" role=\"img\" ><\/div>\n\t\t\t\t\t\t\t\t\t\t\t<div class=\"elementor-gallery-item__overlay\"><\/div>\n\t\t\t\t\t\t\t\t\t\t\t\t\t\t<\/a>\n\t\t\t\t\t\t\t<a class=\"e-gallery-item elementor-gallery-item elementor-animated-content\" href=\"https:\/\/visitbinissalem.com\/wp-content\/uploads\/2024\/08\/vermar-binissalem-4.jpg\" data-elementor-open-lightbox=\"yes\" data-elementor-lightbox-slideshow=\"83ff197\" data-elementor-lightbox-title=\"vermar-binissalem-4\" data-e-action-hash=\"#elementor-action%3Aaction%3Dlightbox%26settings%3DeyJpZCI6MjQ5LCJ1cmwiOiJodHRwczpcL1wvdmlzaXRiaW5pc3NhbGVtLmNvbVwvd3AtY29udGVudFwvdXBsb2Fkc1wvMjAyNFwvMDhcL3Zlcm1hci1iaW5pc3NhbGVtLTQuanBnIiwic2xpZGVzaG93IjoiODNmZjE5NyJ9\">\n\t\t\t\t\t<div class=\"e-gallery-image elementor-gallery-item__image\" data-thumbnail=\"https:\/\/visitbinissalem.com\/wp-content\/uploads\/2024\/08\/vermar-binissalem-4-768x512.jpg\" data-width=\"768\" data-height=\"512\" aria-label=\"\" role=\"img\" ><\/div>\n\t\t\t\t\t\t\t\t\t\t\t<div class=\"elementor-gallery-item__overlay\"><\/div>\n\t\t\t\t\t\t\t\t\t\t\t\t\t\t<\/a>\n\t\t\t\t\t\t\t<a class=\"e-gallery-item elementor-gallery-item elementor-animated-content\" href=\"https:\/\/visitbinissalem.com\/wp-content\/uploads\/2024\/08\/vermar-binissalem-2.jpg\" data-elementor-open-lightbox=\"yes\" data-elementor-lightbox-slideshow=\"83ff197\" data-elementor-lightbox-title=\"vermar-binissalem-2\" data-e-action-hash=\"#elementor-action%3Aaction%3Dlightbox%26settings%3DeyJpZCI6MjQ0LCJ1cmwiOiJodHRwczpcL1wvdmlzaXRiaW5pc3NhbGVtLmNvbVwvd3AtY29udGVudFwvdXBsb2Fkc1wvMjAyNFwvMDhcL3Zlcm1hci1iaW5pc3NhbGVtLTIuanBnIiwic2xpZGVzaG93IjoiODNmZjE5NyJ9\">\n\t\t\t\t\t<div class=\"e-gallery-image elementor-gallery-item__image\" data-thumbnail=\"https:\/\/visitbinissalem.com\/wp-content\/uploads\/2024\/08\/vermar-binissalem-2.jpg\" data-width=\"600\" data-height=\"400\" aria-label=\"\" role=\"img\" ><\/div>\n\t\t\t\t\t\t\t\t\t\t\t<div class=\"elementor-gallery-item__overlay\"><\/div>\n\t\t\t\t\t\t\t\t\t\t\t\t\t\t<\/a>\n\t\t\t\t\t\t\t<a class=\"e-gallery-item elementor-gallery-item elementor-animated-content\" href=\"https:\/\/visitbinissalem.com\/wp-content\/uploads\/2024\/08\/vermar_1.webp\" data-elementor-open-lightbox=\"yes\" data-elementor-lightbox-slideshow=\"83ff197\" data-elementor-lightbox-title=\"vermar_1\" data-e-action-hash=\"#elementor-action%3Aaction%3Dlightbox%26settings%3DeyJpZCI6MjQyLCJ1cmwiOiJodHRwczpcL1wvdmlzaXRiaW5pc3NhbGVtLmNvbVwvd3AtY29udGVudFwvdXBsb2Fkc1wvMjAyNFwvMDhcL3Zlcm1hcl8xLndlYnAiLCJzbGlkZXNob3ciOiI4M2ZmMTk3In0%3D\">\n\t\t\t\t\t<div class=\"e-gallery-image elementor-gallery-item__image\" data-thumbnail=\"https:\/\/visitbinissalem.com\/wp-content\/uploads\/2024\/08\/vermar_1.webp\" data-width=\"575\" data-height=\"375\" aria-label=\"\" role=\"img\" ><\/div>\n\t\t\t\t\t\t\t\t\t\t\t<div class=\"elementor-gallery-item__overlay\"><\/div>\n\t\t\t\t\t\t\t\t\t\t\t\t\t\t<\/a>\n\t\t\t\t\t<\/div>\n\t\t\t\t\t<\/div>\n\t\t\t\t<\/div>\n\t\t\t\t<div class=\"elementor-element elementor-element-2839dbc elementor-widget elementor-widget-text-editor\" data-id=\"2839dbc\" data-element_type=\"widget\" data-e-type=\"widget\" data-widget_type=\"text-editor.default\">\n\t\t\t\t<div class=\"elementor-widget-container\">\n\t\t\t\t\t\t\t\t\t<p>Die <strong>Festwagenparade<\/strong> ist einer der am meisten erwarteten und beliebtesten Programmpunkte, bei dem Gruppen voller Humor und Kreativit\u00e4t durch die Stra\u00dfen ziehen \u2013 begleitet von Lachen, Musik und viel Feierlaune. Die Feierlichkeiten gipfeln am <strong>Sonntag des Festa des Vermar<\/strong> mit der <strong>Weinopfergabe des neuen Mostes<\/strong> an <strong>Santa Maria de Robines<\/strong>, die Schutzpatronin der Weinlese \u2013 eine symbolische Geste, die die weinbauliche Vergangenheit und Gegenwart der Gemeinde verbindet.<\/p><p>Im September erf\u00fcllt sich Binissalem mit traditioneller Musik, Konzerten, T\u00e4nzen, Theater, Kinderspielen, Workshops, Weinverkostungen, Ausstellungen und lebendigem Stra\u00dfenleben und bietet so ein authentisches, offenes und gemeinschaftliches Erlebnis f\u00fcr Einheimische wie f\u00fcr Besucher.<\/p><p>Erlebe das <strong>Festa des Vermar<\/strong> und entdecke, wie Wein zu Kultur und Fest wird!<\/p>\t\t\t\t\t\t\t\t<\/div>\n\t\t\t\t<\/div>\n\t\t\t\t<\/div>\n\t\t\t\t\t<\/div>\n\t\t\t\t<\/div>\n\t\t<div class=\"elementor-element elementor-element-eb3267a e-flex e-con-boxed e-con e-parent\" data-id=\"eb3267a\" data-element_type=\"container\" data-e-type=\"container\" data-settings=\"{&quot;background_background&quot;:&quot;classic&quot;}\">\n\t\t\t\t\t<div class=\"e-con-inner\">\n\t\t<div class=\"elementor-element elementor-element-478f0e4 e-con-full e-flex e-con e-child\" data-id=\"478f0e4\" data-element_type=\"container\" data-e-type=\"container\">\n\t\t\t\t<div class=\"elementor-element elementor-element-b69169e elementor-widget elementor-widget-gallery\" data-id=\"b69169e\" data-element_type=\"widget\" data-e-type=\"widget\" data-settings=\"{&quot;gallery_layout&quot;:&quot;masonry&quot;,&quot;columns&quot;:2,&quot;lazyload&quot;:&quot;yes&quot;,&quot;columns_tablet&quot;:2,&quot;columns_mobile&quot;:1,&quot;gap&quot;:{&quot;unit&quot;:&quot;px&quot;,&quot;size&quot;:10,&quot;sizes&quot;:[]},&quot;gap_tablet&quot;:{&quot;unit&quot;:&quot;px&quot;,&quot;size&quot;:10,&quot;sizes&quot;:[]},&quot;gap_mobile&quot;:{&quot;unit&quot;:&quot;px&quot;,&quot;size&quot;:10,&quot;sizes&quot;:[]},&quot;link_to&quot;:&quot;file&quot;,&quot;overlay_background&quot;:&quot;yes&quot;,&quot;content_hover_animation&quot;:&quot;fade-in&quot;}\" data-widget_type=\"gallery.default\">\n\t\t\t\t<div class=\"elementor-widget-container\">\n\t\t\t\t\t\t\t<div class=\"elementor-gallery__container\">\n\t\t\t\t\t\t\t<a class=\"e-gallery-item elementor-gallery-item elementor-animated-content\" href=\"https:\/\/visitbinissalem.com\/wp-content\/uploads\/2024\/08\/fira-pedra-binissalem-2.jpeg\" data-elementor-open-lightbox=\"yes\" data-elementor-lightbox-slideshow=\"b69169e\" data-elementor-lightbox-title=\"fira-pedra-binissalem-2\" data-e-action-hash=\"#elementor-action%3Aaction%3Dlightbox%26settings%3DeyJpZCI6MjU1LCJ1cmwiOiJodHRwczpcL1wvdmlzaXRiaW5pc3NhbGVtLmNvbVwvd3AtY29udGVudFwvdXBsb2Fkc1wvMjAyNFwvMDhcL2ZpcmEtcGVkcmEtYmluaXNzYWxlbS0yLmpwZWciLCJzbGlkZXNob3ciOiJiNjkxNjllIn0%3D\">\n\t\t\t\t\t<div class=\"e-gallery-image elementor-gallery-item__image\" data-thumbnail=\"https:\/\/visitbinissalem.com\/wp-content\/uploads\/2024\/08\/fira-pedra-binissalem-2.jpeg\" data-width=\"425\" data-height=\"284\" aria-label=\"\" role=\"img\" ><\/div>\n\t\t\t\t\t\t\t\t\t\t\t<div class=\"elementor-gallery-item__overlay\"><\/div>\n\t\t\t\t\t\t\t\t\t\t\t\t\t\t<\/a>\n\t\t\t\t\t\t\t<a class=\"e-gallery-item elementor-gallery-item elementor-animated-content\" href=\"https:\/\/visitbinissalem.com\/wp-content\/uploads\/2024\/08\/fira-pedra-binissalem-4.jpg\" data-elementor-open-lightbox=\"yes\" data-elementor-lightbox-slideshow=\"b69169e\" data-elementor-lightbox-title=\"fira-pedra-binissalem-4\" data-e-action-hash=\"#elementor-action%3Aaction%3Dlightbox%26settings%3DeyJpZCI6MjU3LCJ1cmwiOiJodHRwczpcL1wvdmlzaXRiaW5pc3NhbGVtLmNvbVwvd3AtY29udGVudFwvdXBsb2Fkc1wvMjAyNFwvMDhcL2ZpcmEtcGVkcmEtYmluaXNzYWxlbS00LmpwZyIsInNsaWRlc2hvdyI6ImI2OTE2OWUifQ%3D%3D\">\n\t\t\t\t\t<div class=\"e-gallery-image elementor-gallery-item__image\" data-thumbnail=\"https:\/\/visitbinissalem.com\/wp-content\/uploads\/2024\/08\/fira-pedra-binissalem-4.jpg\" data-width=\"670\" data-height=\"377\" aria-label=\"\" role=\"img\" ><\/div>\n\t\t\t\t\t\t\t\t\t\t\t<div class=\"elementor-gallery-item__overlay\"><\/div>\n\t\t\t\t\t\t\t\t\t\t\t\t\t\t<\/a>\n\t\t\t\t\t\t\t<a class=\"e-gallery-item elementor-gallery-item elementor-animated-content\" href=\"https:\/\/visitbinissalem.com\/wp-content\/uploads\/2024\/08\/fira-pedra-binissalem-3.jpg\" data-elementor-open-lightbox=\"yes\" data-elementor-lightbox-slideshow=\"b69169e\" data-elementor-lightbox-title=\"fira-pedra-binissalem-3\" data-e-action-hash=\"#elementor-action%3Aaction%3Dlightbox%26settings%3DeyJpZCI6MjU2LCJ1cmwiOiJodHRwczpcL1wvdmlzaXRiaW5pc3NhbGVtLmNvbVwvd3AtY29udGVudFwvdXBsb2Fkc1wvMjAyNFwvMDhcL2ZpcmEtcGVkcmEtYmluaXNzYWxlbS0zLmpwZyIsInNsaWRlc2hvdyI6ImI2OTE2OWUifQ%3D%3D\">\n\t\t\t\t\t<div class=\"e-gallery-image elementor-gallery-item__image\" data-thumbnail=\"https:\/\/visitbinissalem.com\/wp-content\/uploads\/2024\/08\/fira-pedra-binissalem-3-768x432.jpg\" data-width=\"768\" data-height=\"432\" aria-label=\"\" role=\"img\" ><\/div>\n\t\t\t\t\t\t\t\t\t\t\t<div class=\"elementor-gallery-item__overlay\"><\/div>\n\t\t\t\t\t\t\t\t\t\t\t\t\t\t<\/a>\n\t\t\t\t\t\t\t<a class=\"e-gallery-item elementor-gallery-item elementor-animated-content\" href=\"https:\/\/visitbinissalem.com\/wp-content\/uploads\/2024\/08\/fira-pedra-binissalem.jpg\" data-elementor-open-lightbox=\"yes\" data-elementor-lightbox-slideshow=\"b69169e\" data-elementor-lightbox-title=\"fira-pedra-binissalem\" data-e-action-hash=\"#elementor-action%3Aaction%3Dlightbox%26settings%3DeyJpZCI6MjU4LCJ1cmwiOiJodHRwczpcL1wvdmlzaXRiaW5pc3NhbGVtLmNvbVwvd3AtY29udGVudFwvdXBsb2Fkc1wvMjAyNFwvMDhcL2ZpcmEtcGVkcmEtYmluaXNzYWxlbS5qcGciLCJzbGlkZXNob3ciOiJiNjkxNjllIn0%3D\">\n\t\t\t\t\t<div class=\"e-gallery-image elementor-gallery-item__image\" data-thumbnail=\"https:\/\/visitbinissalem.com\/wp-content\/uploads\/2024\/08\/fira-pedra-binissalem-768x432.jpg\" data-width=\"768\" data-height=\"432\" aria-label=\"\" role=\"img\" ><\/div>\n\t\t\t\t\t\t\t\t\t\t\t<div class=\"elementor-gallery-item__overlay\"><\/div>\n\t\t\t\t\t\t\t\t\t\t\t\t\t\t<\/a>\n\t\t\t\t\t<\/div>\n\t\t\t\t\t<\/div>\n\t\t\t\t<\/div>\n\t\t\t\t<\/div>\n\t\t<div class=\"elementor-element elementor-element-714a805 e-con-full e-flex e-con e-child\" data-id=\"714a805\" data-element_type=\"container\" data-e-type=\"container\">\n\t\t\t\t<div class=\"elementor-element elementor-element-0176973 elementor-widget elementor-widget-text-editor\" data-id=\"0176973\" data-element_type=\"widget\" data-e-type=\"widget\" data-widget_type=\"text-editor.default\">\n\t\t\t\t<div class=\"elementor-widget-container\">\n\t\t\t\t\t\t\t\t\t<p><span style=\"font-weight: 400;\">Letztes Wochenende im Mai<\/span><\/p>\n\t\t\t\t\t\t\t\t<\/div>\n\t\t\t\t<\/div>\n\t\t\t\t<div class=\"elementor-element elementor-element-641e382 elementor-widget elementor-widget-heading\" data-id=\"641e382\" data-element_type=\"widget\" data-e-type=\"widget\" data-widget_type=\"heading.default\">\n\t\t\t\t<div class=\"elementor-widget-container\">\n\t\t\t\t\t<h2 class=\"elementor-heading-title elementor-size-default\">Stein- und Handwerksmesse\n<\/h2>\t\t\t\t<\/div>\n\t\t\t\t<\/div>\n\t\t\t\t<div class=\"elementor-element elementor-element-03b21cc elementor-widget elementor-widget-text-editor\" data-id=\"03b21cc\" data-element_type=\"widget\" data-e-type=\"widget\" data-widget_type=\"text-editor.default\">\n\t\t\t\t<div class=\"elementor-widget-container\">\n\t\t\t\t\t\t\t\t\t<p><span style=\"font-weight: 400;\">Die <\/span><b>Fira de la Pedra i l\u2019Artesania<\/b><span style=\"font-weight: 400;\"> ist eine Messe, die dem Stein gewidmet ist \u2013 einem grundlegenden Material in der traditionellen Architektur von Binissalem und ganz Mallorca.<\/span><\/p><p><span style=\"font-weight: 400;\">Diese Veranstaltung hebt die historische und kulturelle Bedeutung des Handwerks und der Kalksteinindustrie (<\/span><i><span style=\"font-weight: 400;\">pedra viva<\/span><\/i><span style=\"font-weight: 400;\">) hervor und bietet Handwerkern, Fachleuten und Unternehmen der Branche eine Plattform, um ihre Arbeit und F\u00e4higkeiten zu pr\u00e4sentieren.<\/span><\/p><p><span style=\"font-weight: 400;\">Die Messe ist entscheidend f\u00fcr die Bewahrung und F\u00f6rderung der Steinbearbeitungstradition, die seit Jahrhunderten ein integraler Bestandteil der Identit\u00e4t von Binissalem ist. Sie feiert nicht nur das K\u00f6nnen und die Kunstfertigkeit der Steinmetze, sondern vermittelt auch Wissen \u00fcber die Bedeutung dieses Materials f\u00fcr Architektur und Kulturerbe.<\/span><\/p><p><span style=\"font-weight: 400;\">Teilnahme an der <\/span><b>Fira de la Pedra i l\u2019Artesania<\/b><span style=\"font-weight: 400;\"> ist eine ausgezeichnete Gelegenheit, die reiche Handwerkstradition von Binissalem zu erleben, den Bearbeitungsprozess des Steins kennenzulernen und die Sch\u00f6nheit der aus diesem edlen Material geschaffenen Werke zu sch\u00e4tzen.<\/span><\/p>\t\t\t\t\t\t\t\t<\/div>\n\t\t\t\t<\/div>\n\t\t\t\t<\/div>\n\t\t\t\t\t<\/div>\n\t\t\t\t<\/div>\n\t\t<div class=\"elementor-element elementor-element-57351dd e-flex e-con-boxed e-con e-parent\" data-id=\"57351dd\" data-element_type=\"container\" data-e-type=\"container\" data-settings=\"{&quot;background_background&quot;:&quot;classic&quot;}\">\n\t\t\t\t\t<div class=\"e-con-inner\">\n\t\t<div class=\"elementor-element elementor-element-9c18804 e-con-full e-flex e-con e-child\" data-id=\"9c18804\" data-element_type=\"container\" data-e-type=\"container\">\n\t\t\t\t<div class=\"elementor-element elementor-element-97d4fab elementor-widget elementor-widget-accordion\" data-id=\"97d4fab\" data-element_type=\"widget\" data-e-type=\"widget\" data-widget_type=\"accordion.default\">\n\t\t\t\t<div class=\"elementor-widget-container\">\n\t\t\t\t\t\t\t<div class=\"elementor-accordion\">\n\t\t\t\t\t\t\t<div class=\"elementor-accordion-item\">\n\t\t\t\t\t<div id=\"elementor-tab-title-1591\" class=\"elementor-tab-title\" data-tab=\"1\" role=\"button\" aria-controls=\"elementor-tab-content-1591\" aria-expanded=\"false\">\n\t\t\t\t\t\t\t\t\t\t\t\t\t<span class=\"elementor-accordion-icon elementor-accordion-icon-left\" aria-hidden=\"true\">\n\t\t\t\t\t\t\t\t\t\t\t\t\t\t\t<span class=\"elementor-accordion-icon-closed\"><svg class=\"e-font-icon-svg e-fas-caret-down\" viewBox=\"0 0 320 512\" xmlns=\"http:\/\/www.w3.org\/2000\/svg\"><path d=\"M31.3 192h257.3c17.8 0 26.7 21.5 14.1 34.1L174.1 354.8c-7.8 7.8-20.5 7.8-28.3 0L17.2 226.1C4.6 213.5 13.5 192 31.3 192z\"><\/path><\/svg><\/span>\n\t\t\t\t\t\t\t\t<span class=\"elementor-accordion-icon-opened\"><svg class=\"e-font-icon-svg e-fas-caret-up\" viewBox=\"0 0 320 512\" xmlns=\"http:\/\/www.w3.org\/2000\/svg\"><path d=\"M288.662 352H31.338c-17.818 0-26.741-21.543-14.142-34.142l128.662-128.662c7.81-7.81 20.474-7.81 28.284 0l128.662 128.662c12.6 12.599 3.676 34.142-14.142 34.142z\"><\/path><\/svg><\/span>\n\t\t\t\t\t\t\t\t\t\t\t\t\t\t<\/span>\n\t\t\t\t\t\t\t\t\t\t\t\t<a class=\"elementor-accordion-title\" tabindex=\"0\">Ausstellung von Handwerkern und Unternehmen<\/a>\n\t\t\t\t\t<\/div>\n\t\t\t\t\t<div id=\"elementor-tab-content-1591\" class=\"elementor-tab-content elementor-clearfix\" data-tab=\"1\" role=\"region\" aria-labelledby=\"elementor-tab-title-1591\"><p><span style=\"font-weight: 400;\">Die Messe bringt mehrere Handwerker und Unternehmen zusammen, die sich der Stein- und Marmorbearbeitung widmen. Besucher haben die M\u00f6glichkeit, live zu sehen, wie der Stein bearbeitet wird, und die Vielfalt der verf\u00fcgbaren Produkte und Materialien kennenzulernen. <\/span><\/p>\n<\/div>\n\t\t\t\t<\/div>\n\t\t\t\t\t\t\t<div class=\"elementor-accordion-item\">\n\t\t\t\t\t<div id=\"elementor-tab-title-1592\" class=\"elementor-tab-title\" data-tab=\"2\" role=\"button\" aria-controls=\"elementor-tab-content-1592\" aria-expanded=\"false\">\n\t\t\t\t\t\t\t\t\t\t\t\t\t<span class=\"elementor-accordion-icon elementor-accordion-icon-left\" aria-hidden=\"true\">\n\t\t\t\t\t\t\t\t\t\t\t\t\t\t\t<span class=\"elementor-accordion-icon-closed\"><svg class=\"e-font-icon-svg e-fas-caret-down\" viewBox=\"0 0 320 512\" xmlns=\"http:\/\/www.w3.org\/2000\/svg\"><path d=\"M31.3 192h257.3c17.8 0 26.7 21.5 14.1 34.1L174.1 354.8c-7.8 7.8-20.5 7.8-28.3 0L17.2 226.1C4.6 213.5 13.5 192 31.3 192z\"><\/path><\/svg><\/span>\n\t\t\t\t\t\t\t\t<span class=\"elementor-accordion-icon-opened\"><svg class=\"e-font-icon-svg e-fas-caret-up\" viewBox=\"0 0 320 512\" xmlns=\"http:\/\/www.w3.org\/2000\/svg\"><path d=\"M288.662 352H31.338c-17.818 0-26.741-21.543-14.142-34.142l128.662-128.662c7.81-7.81 20.474-7.81 28.284 0l128.662 128.662c12.6 12.599 3.676 34.142-14.142 34.142z\"><\/path><\/svg><\/span>\n\t\t\t\t\t\t\t\t\t\t\t\t\t\t<\/span>\n\t\t\t\t\t\t\t\t\t\t\t\t<a class=\"elementor-accordion-title\" tabindex=\"0\">Vorf\u00fchrungen und Workshops<\/a>\n\t\t\t\t\t<\/div>\n\t\t\t\t\t<div id=\"elementor-tab-content-1592\" class=\"elementor-tab-content elementor-clearfix\" data-tab=\"2\" role=\"region\" aria-labelledby=\"elementor-tab-title-1592\"><p><span style=\"font-weight: 400;\">Eine der Attraktionen der Fira de la Pedra i l&#8217;Artesania sind die Live-Vorf\u00fchrungen traditioneller und moderner Techniken der Steinbearbeitung. Dar\u00fcber hinaus werden Workshops organisiert, in denen Besucher mehr \u00fcber den Schleifprozess und die Geschichte des Steins in Binissalem erfahren k\u00f6nnen. <\/span><\/p>\n<\/div>\n\t\t\t\t<\/div>\n\t\t\t\t\t\t\t<div class=\"elementor-accordion-item\">\n\t\t\t\t\t<div id=\"elementor-tab-title-1593\" class=\"elementor-tab-title\" data-tab=\"3\" role=\"button\" aria-controls=\"elementor-tab-content-1593\" aria-expanded=\"false\">\n\t\t\t\t\t\t\t\t\t\t\t\t\t<span class=\"elementor-accordion-icon elementor-accordion-icon-left\" aria-hidden=\"true\">\n\t\t\t\t\t\t\t\t\t\t\t\t\t\t\t<span class=\"elementor-accordion-icon-closed\"><svg class=\"e-font-icon-svg e-fas-caret-down\" viewBox=\"0 0 320 512\" xmlns=\"http:\/\/www.w3.org\/2000\/svg\"><path d=\"M31.3 192h257.3c17.8 0 26.7 21.5 14.1 34.1L174.1 354.8c-7.8 7.8-20.5 7.8-28.3 0L17.2 226.1C4.6 213.5 13.5 192 31.3 192z\"><\/path><\/svg><\/span>\n\t\t\t\t\t\t\t\t<span class=\"elementor-accordion-icon-opened\"><svg class=\"e-font-icon-svg e-fas-caret-up\" viewBox=\"0 0 320 512\" xmlns=\"http:\/\/www.w3.org\/2000\/svg\"><path d=\"M288.662 352H31.338c-17.818 0-26.741-21.543-14.142-34.142l128.662-128.662c7.81-7.81 20.474-7.81 28.284 0l128.662 128.662c12.6 12.599 3.676 34.142-14.142 34.142z\"><\/path><\/svg><\/span>\n\t\t\t\t\t\t\t\t\t\t\t\t\t\t<\/span>\n\t\t\t\t\t\t\t\t\t\t\t\t<a class=\"elementor-accordion-title\" tabindex=\"0\">Markt mit lokalen Produkten<\/a>\n\t\t\t\t\t<\/div>\n\t\t\t\t\t<div id=\"elementor-tab-content-1593\" class=\"elementor-tab-content elementor-clearfix\" data-tab=\"3\" role=\"region\" aria-labelledby=\"elementor-tab-title-1593\"><p><span style=\"font-weight: 400;\">Im Rahmen der Messe wird ein Markt aufgebaut, auf dem Sie Produkte rund um den Stein sowie andere Artikel und Souvenirs aus der Region erwerben k\u00f6nnen. Es ist auch eine gute Zeit, handgefertigte Kunsthandwerks- und Dekorationsartikel zu kaufen. <\/span><\/p>\n<\/div>\n\t\t\t\t<\/div>\n\t\t\t\t\t\t\t<div class=\"elementor-accordion-item\">\n\t\t\t\t\t<div id=\"elementor-tab-title-1594\" class=\"elementor-tab-title\" data-tab=\"4\" role=\"button\" aria-controls=\"elementor-tab-content-1594\" aria-expanded=\"false\">\n\t\t\t\t\t\t\t\t\t\t\t\t\t<span class=\"elementor-accordion-icon elementor-accordion-icon-left\" aria-hidden=\"true\">\n\t\t\t\t\t\t\t\t\t\t\t\t\t\t\t<span class=\"elementor-accordion-icon-closed\"><svg class=\"e-font-icon-svg e-fas-caret-down\" viewBox=\"0 0 320 512\" xmlns=\"http:\/\/www.w3.org\/2000\/svg\"><path d=\"M31.3 192h257.3c17.8 0 26.7 21.5 14.1 34.1L174.1 354.8c-7.8 7.8-20.5 7.8-28.3 0L17.2 226.1C4.6 213.5 13.5 192 31.3 192z\"><\/path><\/svg><\/span>\n\t\t\t\t\t\t\t\t<span class=\"elementor-accordion-icon-opened\"><svg class=\"e-font-icon-svg e-fas-caret-up\" viewBox=\"0 0 320 512\" xmlns=\"http:\/\/www.w3.org\/2000\/svg\"><path d=\"M288.662 352H31.338c-17.818 0-26.741-21.543-14.142-34.142l128.662-128.662c7.81-7.81 20.474-7.81 28.284 0l128.662 128.662c12.6 12.599 3.676 34.142-14.142 34.142z\"><\/path><\/svg><\/span>\n\t\t\t\t\t\t\t\t\t\t\t\t\t\t<\/span>\n\t\t\t\t\t\t\t\t\t\t\t\t<a class=\"elementor-accordion-title\" tabindex=\"0\">Treffpunkt f\u00fcr Profis<\/a>\n\t\t\t\t\t<\/div>\n\t\t\t\t\t<div id=\"elementor-tab-content-1594\" class=\"elementor-tab-content elementor-clearfix\" data-tab=\"4\" role=\"region\" aria-labelledby=\"elementor-tab-title-1594\"><ul>\n<li style=\"font-weight: 400;\" aria-level=\"1\"><span style=\"font-weight: 400;\">Die Messe dient als Treffpunkt f\u00fcr Fachleute der Steinbranche und erleichtert den Wissensaustausch und die Schaffung von Kontaktnetzwerken zwischen den verschiedenen Marktteilnehmern.<\/span><\/li>\n<\/ul>\n<\/div>\n\t\t\t\t<\/div>\n\t\t\t\t\t\t\t\t<\/div>\n\t\t\t\t\t\t<\/div>\n\t\t\t\t<\/div>\n\t\t\t\t<\/div>\n\t\t\t\t\t<\/div>\n\t\t\t\t<\/div>\n\t\t\t\t<\/div>\n\t\t","protected":false},"excerpt":{"rendered":"<p>Feste KULTUR UND TRADITION Feiern in Binissalem \u00a0Binissalem ist auch f\u00fcr seine lebendigen Feste bekannt, die das ganze Jahr \u00fcber das Dorf mit Leben und Farbe erf\u00fcllen. Diese Feiern, tief verwurzelt in Tradition und Geschichte, bieten Besuchern und Einheimischen die M\u00f6glichkeit, einzigartige Momente in einer Atmosph\u00e4re voller Freude und Gemeinschaft zu erleben. Von Patronatsfesten bis [&hellip;]<\/p>\n","protected":false},"author":2,"featured_media":0,"parent":0,"menu_order":0,"comment_status":"closed","ping_status":"closed","template":"elementor_header_footer","meta":{"_acf_changed":false,"footnotes":""},"class_list":["post-1773","page","type-page","status-publish","hentry"],"acf":[],"yoast_head":"<!-- This site is optimized with the Yoast SEO plugin v27.4 - https:\/\/yoast.com\/product\/yoast-seo-wordpress\/ -->\n<title>Parteien - Visit Binissalem<\/title>\n<meta name=\"robots\" content=\"index, follow, max-snippet:-1, max-image-preview:large, max-video-preview:-1\" \/>\n<link rel=\"canonical\" href=\"https:\/\/visitbinissalem.com\/festes\/\" \/>\n<meta property=\"og:locale\" content=\"de_DE\" \/>\n<meta property=\"og:type\" content=\"article\" \/>\n<meta property=\"og:title\" content=\"Parteien - Visit Binissalem\" \/>\n<meta property=\"og:description\" content=\"Feste KULTUR UND TRADITION Feiern in Binissalem \u00a0Binissalem ist auch f\u00fcr seine lebendigen Feste bekannt, die das ganze Jahr \u00fcber das Dorf mit Leben und Farbe erf\u00fcllen. Diese Feiern, tief verwurzelt in Tradition und Geschichte, bieten Besuchern und Einheimischen die M\u00f6glichkeit, einzigartige Momente in einer Atmosph\u00e4re voller Freude und Gemeinschaft zu erleben. Von Patronatsfesten bis [&hellip;]\" \/>\n<meta property=\"og:url\" content=\"https:\/\/visitbinissalem.com\/festes\/\" \/>\n<meta property=\"og:site_name\" content=\"Visit Binissalem\" \/>\n<meta property=\"article:publisher\" content=\"https:\/\/www.facebook.com\/AjuntamentdeBinissalem\" \/>\n<meta property=\"article:modified_time\" content=\"2025-08-29T07:42:06+00:00\" \/>\n<meta property=\"og:image\" content=\"https:\/\/visitbinissalem.com\/wp-content\/uploads\/2024\/08\/LOGO-AJT-1-e1724766625809-1-e1724825744271.png\" \/>\n<meta name=\"twitter:card\" content=\"summary_large_image\" \/>\n<meta name=\"twitter:label1\" content=\"Gesch\u00e4tzte Lesezeit\" \/>\n\t<meta name=\"twitter:data1\" content=\"4\u00a0Minuten\" \/>\n<script type=\"application\/ld+json\" class=\"yoast-schema-graph\">{\"@context\":\"https:\\\/\\\/schema.org\",\"@graph\":[{\"@type\":\"WebPage\",\"@id\":\"https:\\\/\\\/visitbinissalem.com\\\/festes\\\/\",\"url\":\"https:\\\/\\\/visitbinissalem.com\\\/festes\\\/\",\"name\":\"Parteien - Visit Binissalem\",\"isPartOf\":{\"@id\":\"https:\\\/\\\/visitbinissalem.com\\\/en\\\/#website\"},\"primaryImageOfPage\":{\"@id\":\"https:\\\/\\\/visitbinissalem.com\\\/festes\\\/#primaryimage\"},\"image\":{\"@id\":\"https:\\\/\\\/visitbinissalem.com\\\/festes\\\/#primaryimage\"},\"thumbnailUrl\":\"https:\\\/\\\/visitbinissalem.com\\\/wp-content\\\/uploads\\\/2024\\\/08\\\/LOGO-AJT-1-e1724766625809-1-e1724825744271.png\",\"datePublished\":\"2024-08-31T13:41:13+00:00\",\"dateModified\":\"2025-08-29T07:42:06+00:00\",\"breadcrumb\":{\"@id\":\"https:\\\/\\\/visitbinissalem.com\\\/festes\\\/#breadcrumb\"},\"inLanguage\":\"de\",\"potentialAction\":[{\"@type\":\"ReadAction\",\"target\":[\"https:\\\/\\\/visitbinissalem.com\\\/festes\\\/\"]}]},{\"@type\":\"ImageObject\",\"inLanguage\":\"de\",\"@id\":\"https:\\\/\\\/visitbinissalem.com\\\/festes\\\/#primaryimage\",\"url\":\"https:\\\/\\\/visitbinissalem.com\\\/wp-content\\\/uploads\\\/2024\\\/08\\\/LOGO-AJT-1-e1724766625809-1-e1724825744271.png\",\"contentUrl\":\"https:\\\/\\\/visitbinissalem.com\\\/wp-content\\\/uploads\\\/2024\\\/08\\\/LOGO-AJT-1-e1724766625809-1-e1724825744271.png\"},{\"@type\":\"BreadcrumbList\",\"@id\":\"https:\\\/\\\/visitbinissalem.com\\\/festes\\\/#breadcrumb\",\"itemListElement\":[{\"@type\":\"ListItem\",\"position\":1,\"name\":\"Inici\",\"item\":\"https:\\\/\\\/visitbinissalem.com\\\/de\\\/\"},{\"@type\":\"ListItem\",\"position\":2,\"name\":\"Parteien\"}]},{\"@type\":\"WebSite\",\"@id\":\"https:\\\/\\\/visitbinissalem.com\\\/en\\\/#website\",\"url\":\"https:\\\/\\\/visitbinissalem.com\\\/en\\\/\",\"name\":\"Visit Binissalem\",\"description\":\"Binissalem\",\"publisher\":{\"@id\":\"https:\\\/\\\/visitbinissalem.com\\\/en\\\/#organization\"},\"potentialAction\":[{\"@type\":\"SearchAction\",\"target\":{\"@type\":\"EntryPoint\",\"urlTemplate\":\"https:\\\/\\\/visitbinissalem.com\\\/en\\\/?s={search_term_string}\"},\"query-input\":{\"@type\":\"PropertyValueSpecification\",\"valueRequired\":true,\"valueName\":\"search_term_string\"}}],\"inLanguage\":\"de\"},{\"@type\":\"Organization\",\"@id\":\"https:\\\/\\\/visitbinissalem.com\\\/en\\\/#organization\",\"name\":\"Visit Binissalem\",\"url\":\"https:\\\/\\\/visitbinissalem.com\\\/en\\\/\",\"logo\":{\"@type\":\"ImageObject\",\"inLanguage\":\"de\",\"@id\":\"https:\\\/\\\/visitbinissalem.com\\\/en\\\/#\\\/schema\\\/logo\\\/image\\\/\",\"url\":\"https:\\\/\\\/visitbinissalem.com\\\/wp-content\\\/uploads\\\/2024\\\/08\\\/Binissalem-Oberts-a-tu.png\",\"contentUrl\":\"https:\\\/\\\/visitbinissalem.com\\\/wp-content\\\/uploads\\\/2024\\\/08\\\/Binissalem-Oberts-a-tu.png\",\"width\":2565,\"height\":1240,\"caption\":\"Visit Binissalem\"},\"image\":{\"@id\":\"https:\\\/\\\/visitbinissalem.com\\\/en\\\/#\\\/schema\\\/logo\\\/image\\\/\"},\"sameAs\":[\"https:\\\/\\\/www.facebook.com\\\/AjuntamentdeBinissalem\",\"https:\\\/\\\/www.instagram.com\\\/ajuntamentbinissalem\\\/\"]}]}<\/script>\n<!-- \/ Yoast SEO plugin. -->","yoast_head_json":{"title":"Parteien - Visit Binissalem","robots":{"index":"index","follow":"follow","max-snippet":"max-snippet:-1","max-image-preview":"max-image-preview:large","max-video-preview":"max-video-preview:-1"},"canonical":"https:\/\/visitbinissalem.com\/festes\/","og_locale":"de_DE","og_type":"article","og_title":"Parteien - Visit Binissalem","og_description":"Feste KULTUR UND TRADITION Feiern in Binissalem \u00a0Binissalem ist auch f\u00fcr seine lebendigen Feste bekannt, die das ganze Jahr \u00fcber das Dorf mit Leben und Farbe erf\u00fcllen. Diese Feiern, tief verwurzelt in Tradition und Geschichte, bieten Besuchern und Einheimischen die M\u00f6glichkeit, einzigartige Momente in einer Atmosph\u00e4re voller Freude und Gemeinschaft zu erleben. Von Patronatsfesten bis [&hellip;]","og_url":"https:\/\/visitbinissalem.com\/festes\/","og_site_name":"Visit Binissalem","article_publisher":"https:\/\/www.facebook.com\/AjuntamentdeBinissalem","article_modified_time":"2025-08-29T07:42:06+00:00","og_image":[{"url":"https:\/\/visitbinissalem.com\/wp-content\/uploads\/2024\/08\/LOGO-AJT-1-e1724766625809-1-e1724825744271.png","type":"","width":"","height":""}],"twitter_card":"summary_large_image","twitter_misc":{"Gesch\u00e4tzte Lesezeit":"4\u00a0Minuten"},"schema":{"@context":"https:\/\/schema.org","@graph":[{"@type":"WebPage","@id":"https:\/\/visitbinissalem.com\/festes\/","url":"https:\/\/visitbinissalem.com\/festes\/","name":"Parteien - Visit Binissalem","isPartOf":{"@id":"https:\/\/visitbinissalem.com\/en\/#website"},"primaryImageOfPage":{"@id":"https:\/\/visitbinissalem.com\/festes\/#primaryimage"},"image":{"@id":"https:\/\/visitbinissalem.com\/festes\/#primaryimage"},"thumbnailUrl":"https:\/\/visitbinissalem.com\/wp-content\/uploads\/2024\/08\/LOGO-AJT-1-e1724766625809-1-e1724825744271.png","datePublished":"2024-08-31T13:41:13+00:00","dateModified":"2025-08-29T07:42:06+00:00","breadcrumb":{"@id":"https:\/\/visitbinissalem.com\/festes\/#breadcrumb"},"inLanguage":"de","potentialAction":[{"@type":"ReadAction","target":["https:\/\/visitbinissalem.com\/festes\/"]}]},{"@type":"ImageObject","inLanguage":"de","@id":"https:\/\/visitbinissalem.com\/festes\/#primaryimage","url":"https:\/\/visitbinissalem.com\/wp-content\/uploads\/2024\/08\/LOGO-AJT-1-e1724766625809-1-e1724825744271.png","contentUrl":"https:\/\/visitbinissalem.com\/wp-content\/uploads\/2024\/08\/LOGO-AJT-1-e1724766625809-1-e1724825744271.png"},{"@type":"BreadcrumbList","@id":"https:\/\/visitbinissalem.com\/festes\/#breadcrumb","itemListElement":[{"@type":"ListItem","position":1,"name":"Inici","item":"https:\/\/visitbinissalem.com\/de\/"},{"@type":"ListItem","position":2,"name":"Parteien"}]},{"@type":"WebSite","@id":"https:\/\/visitbinissalem.com\/en\/#website","url":"https:\/\/visitbinissalem.com\/en\/","name":"Visit Binissalem","description":"Binissalem","publisher":{"@id":"https:\/\/visitbinissalem.com\/en\/#organization"},"potentialAction":[{"@type":"SearchAction","target":{"@type":"EntryPoint","urlTemplate":"https:\/\/visitbinissalem.com\/en\/?s={search_term_string}"},"query-input":{"@type":"PropertyValueSpecification","valueRequired":true,"valueName":"search_term_string"}}],"inLanguage":"de"},{"@type":"Organization","@id":"https:\/\/visitbinissalem.com\/en\/#organization","name":"Visit Binissalem","url":"https:\/\/visitbinissalem.com\/en\/","logo":{"@type":"ImageObject","inLanguage":"de","@id":"https:\/\/visitbinissalem.com\/en\/#\/schema\/logo\/image\/","url":"https:\/\/visitbinissalem.com\/wp-content\/uploads\/2024\/08\/Binissalem-Oberts-a-tu.png","contentUrl":"https:\/\/visitbinissalem.com\/wp-content\/uploads\/2024\/08\/Binissalem-Oberts-a-tu.png","width":2565,"height":1240,"caption":"Visit Binissalem"},"image":{"@id":"https:\/\/visitbinissalem.com\/en\/#\/schema\/logo\/image\/"},"sameAs":["https:\/\/www.facebook.com\/AjuntamentdeBinissalem","https:\/\/www.instagram.com\/ajuntamentbinissalem\/"]}]}},"_links":{"self":[{"href":"https:\/\/visitbinissalem.com\/de\/wp-json\/wp\/v2\/pages\/1773","targetHints":{"allow":["GET"]}}],"collection":[{"href":"https:\/\/visitbinissalem.com\/de\/wp-json\/wp\/v2\/pages"}],"about":[{"href":"https:\/\/visitbinissalem.com\/de\/wp-json\/wp\/v2\/types\/page"}],"author":[{"embeddable":true,"href":"https:\/\/visitbinissalem.com\/de\/wp-json\/wp\/v2\/users\/2"}],"replies":[{"embeddable":true,"href":"https:\/\/visitbinissalem.com\/de\/wp-json\/wp\/v2\/comments?post=1773"}],"version-history":[{"count":8,"href":"https:\/\/visitbinissalem.com\/de\/wp-json\/wp\/v2\/pages\/1773\/revisions"}],"predecessor-version":[{"id":2766,"href":"https:\/\/visitbinissalem.com\/de\/wp-json\/wp\/v2\/pages\/1773\/revisions\/2766"}],"wp:attachment":[{"href":"https:\/\/visitbinissalem.com\/de\/wp-json\/wp\/v2\/media?parent=1773"}],"curies":[{"name":"wp","href":"https:\/\/api.w.org\/{rel}","templated":true}]}}