{"id":1791,"date":"2024-08-29T18:29:42","date_gmt":"2024-08-29T16:29:42","guid":{"rendered":"https:\/\/visitbinissalem.com\/haeuser-des-besitzes\/"},"modified":"2025-09-02T08:38:06","modified_gmt":"2025-09-02T06:38:06","slug":"haeuser-des-besitzes","status":"publish","type":"page","link":"https:\/\/visitbinissalem.com\/de\/haeuser-des-besitzes\/","title":{"rendered":"H\u00e4user des Besitzes"},"content":{"rendered":"\t\t<div data-elementor-type=\"wp-page\" data-elementor-id=\"1791\" class=\"elementor elementor-1791 elementor-156\" data-elementor-post-type=\"page\">\n\t\t\t\t<div class=\"elementor-element elementor-element-fe44993 e-con-full e-flex e-con e-parent\" data-id=\"fe44993\" data-element_type=\"container\" data-e-type=\"container\" data-settings=\"{&quot;background_background&quot;:&quot;classic&quot;}\">\n\t\t\t\t<div class=\"elementor-element elementor-element-8fe81ec elementor-widget elementor-widget-heading\" data-id=\"8fe81ec\" data-element_type=\"widget\" data-e-type=\"widget\" data-widget_type=\"heading.default\">\n\t\t\t\t<div class=\"elementor-widget-container\">\n\t\t\t\t\t<h2 class=\"elementor-heading-title elementor-size-default\">Erbe<\/h2>\t\t\t\t<\/div>\n\t\t\t\t<\/div>\n\t\t\t\t<\/div>\n\t\t<div class=\"elementor-element elementor-element-a6439b9 e-flex e-con-boxed e-con e-parent\" data-id=\"a6439b9\" data-element_type=\"container\" data-e-type=\"container\">\n\t\t\t\t\t<div class=\"e-con-inner\">\n\t\t\t\t<div class=\"elementor-element elementor-element-8617bb8 elementor-widget elementor-widget-image\" data-id=\"8617bb8\" data-element_type=\"widget\" data-e-type=\"widget\" data-widget_type=\"image.default\">\n\t\t\t\t<div class=\"elementor-widget-container\">\n\t\t\t\t\t\t\t\t\t\t\t\t\t\t\t<img fetchpriority=\"high\" decoding=\"async\" width=\"523\" height=\"473\" src=\"https:\/\/visitbinissalem.com\/wp-content\/uploads\/2024\/08\/LOGO-AJT-1-e1724766625809-1-e1724825744271.png\" class=\"attachment-large size-large wp-image-1339\" alt=\"\" srcset=\"https:\/\/visitbinissalem.com\/wp-content\/uploads\/2024\/08\/LOGO-AJT-1-e1724766625809-1-e1724825744271.png 523w, https:\/\/visitbinissalem.com\/wp-content\/uploads\/2024\/08\/LOGO-AJT-1-e1724766625809-1-e1724825744271-300x271.png 300w\" sizes=\"(max-width: 523px) 100vw, 523px\" \/>\t\t\t\t\t\t\t\t\t\t\t\t\t\t\t<\/div>\n\t\t\t\t<\/div>\n\t\t\t\t<div class=\"elementor-element elementor-element-5a1130f elementor-widget elementor-widget-heading\" data-id=\"5a1130f\" data-element_type=\"widget\" data-e-type=\"widget\" data-widget_type=\"heading.default\">\n\t\t\t\t<div class=\"elementor-widget-container\">\n\t\t\t\t\t<h5 class=\"elementor-heading-title elementor-size-default\">REFLEXION EINES FEUDALEN VERM\u00c4CHTS<\/h5>\t\t\t\t<\/div>\n\t\t\t\t<\/div>\n\t\t\t\t<div class=\"elementor-element elementor-element-333a39d elementor-widget elementor-widget-heading\" data-id=\"333a39d\" data-element_type=\"widget\" data-e-type=\"widget\" data-widget_type=\"heading.default\">\n\t\t\t\t<div class=\"elementor-widget-container\">\n\t\t\t\t\t<h1 class=\"elementor-heading-title elementor-size-default\">Historische H\u00e4user<\/h1>\t\t\t\t<\/div>\n\t\t\t\t<\/div>\n\t\t\t\t<div class=\"elementor-element elementor-element-73544a3 elementor-widget elementor-widget-text-editor\" data-id=\"73544a3\" data-element_type=\"widget\" data-e-type=\"widget\" data-widget_type=\"text-editor.default\">\n\t\t\t\t<div class=\"elementor-widget-container\">\n\t\t\t\t\t\t\t\t\t<p>Die Herrenh\u00e4user von Binissalem spiegeln das feudale Erbe wider, das die Geschichte der Gemeinde seit dem 13. Jahrhundert gepr\u00e4gt hat. Nach der Eroberung im Jahr 1229 standen die L\u00e4ndereien von Binissalem unter der Herrschaft verschiedener Ritterorden, feudaler Gebiete, die Grundbesitzrechten und ziviler Gerichtsbarkeit unterlagen. Die Rittergutsherrschaft von Morneta, die gr\u00f6\u00dfte davon, erstreckte sich vom Dorf bis nach Lloseta und war von 1282 bis zum 18. Jahrhundert im Besitz der Familie Torrella. Weitere bedeutende Rittergutsherrschaften waren die der Mujeres de Jonqueres, die ihren Ursprung im Klosterwesen hatten, und die der Bau\u00e7ana, die bis zum 19. Jahrhundert zum Domkapitel von Palma geh\u00f6rte. Diese Besitzt\u00fcmer, von denen einige in Erbpacht verkauft wurden, bildeten den Ursprung der majest\u00e4tischen Landg\u00fcter, die heute als \u201eCasas de Posesi\u00f3n\u201d (Besitzh\u00e4user) bekannt sind. Ein Besuch dieser Landg\u00fcter ist wie eine Reise in die reiche Geschichte des Adels von Binissalem und eine W\u00fcrdigung des kulturellen Erbes, das noch heute in der Landschaft und Architektur zu sp\u00fcren ist.<\/p>\t\t\t\t\t\t\t\t<\/div>\n\t\t\t\t<\/div>\n\t\t\t\t\t<\/div>\n\t\t\t\t<\/div>\n\t\t<div class=\"elementor-element elementor-element-b29b674 e-flex e-con-boxed e-con e-parent\" data-id=\"b29b674\" data-element_type=\"container\" data-e-type=\"container\" data-settings=\"{&quot;background_background&quot;:&quot;classic&quot;}\">\n\t\t\t\t\t<div class=\"e-con-inner\">\n\t\t<div class=\"elementor-element elementor-element-fb6d290 e-con-full e-flex e-con e-child\" data-id=\"fb6d290\" data-element_type=\"container\" data-e-type=\"container\">\n\t\t\t\t<div class=\"elementor-element elementor-element-f707997 elementor-widget elementor-widget-heading\" data-id=\"f707997\" data-element_type=\"widget\" data-e-type=\"widget\" data-widget_type=\"heading.default\">\n\t\t\t\t<div class=\"elementor-widget-container\">\n\t\t\t\t\t<h2 class=\"elementor-heading-title elementor-size-default\">Binissalem<\/h2>\t\t\t\t<\/div>\n\t\t\t\t<\/div>\n\t\t\t\t<div class=\"elementor-element elementor-element-2d8b9a4 elementor-widget elementor-widget-heading\" data-id=\"2d8b9a4\" data-element_type=\"widget\" data-e-type=\"widget\" data-widget_type=\"heading.default\">\n\t\t\t\t<div class=\"elementor-widget-container\">\n\t\t\t\t\t<h2 class=\"elementor-heading-title elementor-size-default\">Offen f\u00fcr Dich<\/h2>\t\t\t\t<\/div>\n\t\t\t\t<\/div>\n\t\t\t\t<\/div>\n\t\t<div class=\"elementor-element elementor-element-cb9f5e2 e-con-full e-flex e-con e-child\" data-id=\"cb9f5e2\" data-element_type=\"container\" data-e-type=\"container\">\n\t\t\t\t<div class=\"elementor-element elementor-element-b05316a elementor-widget elementor-widget-video\" data-id=\"b05316a\" data-element_type=\"widget\" data-e-type=\"widget\" data-settings=\"{&quot;youtube_url&quot;:&quot;https:\\\/\\\/youtu.be\\\/8EvMrqDHvM4&quot;,&quot;video_type&quot;:&quot;youtube&quot;,&quot;controls&quot;:&quot;yes&quot;}\" data-widget_type=\"video.default\">\n\t\t\t\t<div class=\"elementor-widget-container\">\n\t\t\t\t\t\t\t<div class=\"elementor-wrapper elementor-open-inline\">\n\t\t\t<div class=\"elementor-video\"><\/div>\t\t<\/div>\n\t\t\t\t\t\t<\/div>\n\t\t\t\t<\/div>\n\t\t\t\t<\/div>\n\t\t\t\t\t<\/div>\n\t\t\t\t<\/div>\n\t\t<div class=\"elementor-element elementor-element-6afa630 e-flex e-con-boxed e-con e-parent\" data-id=\"6afa630\" data-element_type=\"container\" data-e-type=\"container\">\n\t\t\t\t\t<div class=\"e-con-inner\">\n\t\t<div class=\"elementor-element elementor-element-72a883c e-con-full e-flex e-con e-child\" data-id=\"72a883c\" data-element_type=\"container\" data-e-type=\"container\">\n\t\t\t\t<div class=\"elementor-element elementor-element-d01b5d9 elementor-flip-box--effect-fade elementor-widget elementor-widget-flip-box\" data-id=\"d01b5d9\" data-element_type=\"widget\" data-e-type=\"widget\" data-widget_type=\"flip-box.default\">\n\t\t\t\t<div class=\"elementor-widget-container\">\n\t\t\t\t\t\t\t<div class=\"elementor-flip-box\" tabindex=\"0\">\n\t\t\t<div class=\"elementor-flip-box__layer elementor-flip-box__front\">\n\t\t\t\t<div class=\"elementor-flip-box__layer__overlay\">\n\t\t\t\t\t<div class=\"elementor-flip-box__layer__inner\">\n\t\t\t\t\t\t\n\t\t\t\t\t\t\t\t\t\t\t\t\t<h3 class=\"elementor-flip-box__layer__title\">\n\t\t\t\t\t\t\t\tMorneta\t\t\t\t\t\t\t<\/h3>\n\t\t\t\t\t\t\n\t\t\t\t\t\t\t\t\t\t\t<\/div>\n\t\t\t\t<\/div>\n\t\t\t<\/div>\n\t\t\t<div class=\"elementor-flip-box__layer elementor-flip-box__back\">\n\t\t\t<div class=\"elementor-flip-box__layer__overlay\">\n\t\t\t\t<div class=\"elementor-flip-box__layer__inner\">\n\t\t\t\t\t\t\t\t\t\t\t<h3 class=\"elementor-flip-box__layer__title\">\n\t\t\t\t\t\t\tCam\u00ed de Morneta\t\t\t\t\t\t<\/h3>\n\t\t\t\t\t\n\t\t\t\t\t\t\t\t\t\t\t<div class=\"elementor-flip-box__layer__description\">\n\t\t\t\t\t\t\tMorneta ist ein Anwesen mit tiefen historischen Wurzeln, das im Zusammenhang mit der Eroberung Mallorcas durch Jaime I. im Jahr 1229 erw\u00e4hnt wird. Seine Chronologie reicht vom Mittelalter bis zur Gegenwart (13. bis 19. Jahrhundert) und umfasst auch aktuelle Renovierungsarbeiten. Das Anwesen bietet einen unsch\u00e4tzbaren Einblick in die mittelalterliche Vergangenheit Mallorcas und zeugt von der kontinuierlichen Nutzung und Erneuerung historischer Strukturen im Laufe der Jahrhunderte. Acht hundert Jahre Geschichte spiegeln sich in diesem Anwesen wider. Das Anwesen Morneta in Binissalem zeichnet sich durch seine imposante monumentale Struktur aus. Mit seinen Fassaden aus Sichtstein, langen Wandfl\u00e4chen, runden Portalen und flachen B\u00f6gen unterstreichen die Balkone und Fenster unterschiedlicher Art den Traditionalismus der Insel und bieten einen authentischen Einblick in die historische architektonische Pracht.\t\t\t\t\t\t<\/div>\n\t\t\t\t\t\n\t\t\t\t\t\t\t\t\t\t\t<a class=\"elementor-flip-box__button elementor-button elementor-size-sm\" href=\"https:\/\/morneta.es\/\" target=\"_blank\">\n\t\t\t\t\t\t\tWeb\t\t\t\t\t\t<\/a>\n\t\t\t\t\t\t\t\t<\/div>\n\t\t<\/div>\n\t\t<\/div>\n\t\t<\/div>\n\t\t\t\t\t\t<\/div>\n\t\t\t\t<\/div>\n\t\t\t\t<\/div>\n\t\t<div class=\"elementor-element elementor-element-db5bd60 e-con-full e-flex e-con e-child\" data-id=\"db5bd60\" data-element_type=\"container\" data-e-type=\"container\">\n\t\t\t\t<div class=\"elementor-element elementor-element-c634ef9 elementor-flip-box--effect-fade elementor-widget elementor-widget-flip-box\" data-id=\"c634ef9\" data-element_type=\"widget\" data-e-type=\"widget\" data-widget_type=\"flip-box.default\">\n\t\t\t\t<div class=\"elementor-widget-container\">\n\t\t\t\t\t\t\t<div class=\"elementor-flip-box\" tabindex=\"0\">\n\t\t\t<div class=\"elementor-flip-box__layer elementor-flip-box__front\">\n\t\t\t\t<div class=\"elementor-flip-box__layer__overlay\">\n\t\t\t\t\t<div class=\"elementor-flip-box__layer__inner\">\n\t\t\t\t\t\t\n\t\t\t\t\t\t\t\t\t\t\t\t\t<h3 class=\"elementor-flip-box__layer__title\">\n\t\t\t\t\t\t\t\tBellevue\t\t\t\t\t\t\t<\/h3>\n\t\t\t\t\t\t\n\t\t\t\t\t\t\t\t\t\t\t<\/div>\n\t\t\t\t<\/div>\n\t\t\t<\/div>\n\t\t\t<div class=\"elementor-flip-box__layer elementor-flip-box__back\">\n\t\t\t<div class=\"elementor-flip-box__layer__overlay\">\n\t\t\t\t<div class=\"elementor-flip-box__layer__inner\">\n\t\t\t\t\t\t\t\t\t\t\t<h3 class=\"elementor-flip-box__layer__title\">\n\t\t\t\t\t\t\tCam\u00ed de Bellveure\t\t\t\t\t\t<\/h3>\n\t\t\t\t\t\n\t\t\t\t\t\t\t\t\t\t\t<div class=\"elementor-flip-box__layer__description\">\n\t\t\t\t\t\t\t Bellveure, am Fu\u00dfe der Berge inmitten von Olivenhainen gelegen, ist f\u00fcr seine monumentale clastra (Innenhof) und sein gegliedertes Design bekannt. Die clastra, eine der bemerkenswertesten im Gemeindegebiet, besitzt eine Fassade mit einem sp\u00e4tgotischen Ma\u00dfwerkfenster aus dem 15. Jahrhundert. Das Kopfsteinpflaster und die Regenrinne sind Beispiele f\u00fcr die Sorgfalt und Pr\u00e4zision beim Bau des Gutes und spiegeln sowohl Funktionalit\u00e4t als auch \u00c4sthetik wider.\n\t\t\t\t\t\t<\/div>\n\t\t\t\t\t\n\t\t\t\t\t\t\t\t<\/div>\n\t\t<\/div>\n\t\t<\/div>\n\t\t<\/div>\n\t\t\t\t\t\t<\/div>\n\t\t\t\t<\/div>\n\t\t\t\t<\/div>\n\t\t<div class=\"elementor-element elementor-element-80d6480 e-con-full e-flex e-con e-child\" data-id=\"80d6480\" data-element_type=\"container\" data-e-type=\"container\">\n\t\t\t\t<div class=\"elementor-element elementor-element-d56a876 elementor-flip-box--effect-fade elementor-widget elementor-widget-flip-box\" data-id=\"d56a876\" data-element_type=\"widget\" data-e-type=\"widget\" data-widget_type=\"flip-box.default\">\n\t\t\t\t<div class=\"elementor-widget-container\">\n\t\t\t\t\t\t\t<div class=\"elementor-flip-box\" tabindex=\"0\">\n\t\t\t<div class=\"elementor-flip-box__layer elementor-flip-box__front\">\n\t\t\t\t<div class=\"elementor-flip-box__layer__overlay\">\n\t\t\t\t\t<div class=\"elementor-flip-box__layer__inner\">\n\t\t\t\t\t\t\n\t\t\t\t\t\t\t\t\t\t\t\t\t<h3 class=\"elementor-flip-box__layer__title\">\n\t\t\t\t\t\t\t\tCan Moranta\t\t\t\t\t\t\t<\/h3>\n\t\t\t\t\t\t\n\t\t\t\t\t\t\t\t\t\t\t<\/div>\n\t\t\t\t<\/div>\n\t\t\t<\/div>\n\t\t\t<div class=\"elementor-flip-box__layer elementor-flip-box__back\">\n\t\t\t<div class=\"elementor-flip-box__layer__overlay\">\n\t\t\t\t<div class=\"elementor-flip-box__layer__inner\">\n\t\t\t\t\t\t\t\t\t\t\t<h3 class=\"elementor-flip-box__layer__title\">\n\t\t\t\t\t\t\tCam\u00ed des Raiguer (Pol. 15, Parz. 37, Nr. 6)\t\t\t\t\t\t<\/h3>\n\t\t\t\t\t\n\t\t\t\t\t\t\t\t\t\t\t<div class=\"elementor-flip-box__layer__description\">\n\t\t\t\t\t\t\t\n Can Moranta in Binissalem zeichnet sich durch seine beeindruckende erh\u00f6hte Struktur und die spektakul\u00e4rsten bemalten Dachziegel-Mauervorspr\u00fcnge Mallorcas aus. Dieses architektonische Juwel zeigt verschiedene in Ockerrot gemalte Motive, darunter Inschriften in arabischen, gotischen und lateinischen Schriftzeichen.\nDie Dachziegel, datiert auf 1541 und 1668, belegen bauliche Eingriffe \u00fcber Jahrhunderte hinweg und tragen Details wie arabische Inschriften mit Lobpreisungen an Allah. Die Fassade aus dem 17. Jahrhundert, mit rechteckigem Portal und Fenster mit Balustrade, verst\u00e4rkt den historischen Reiz dieses Ortes.\nDer Turm von Can Moranta ist ein einzigartiges Beispiel des reichen Kulturerbes Mallorcas, mit geheimnisvollen Details und einer faszinierenden Geschichte, die es zu entdecken gilt.\n\t\t\t\t\t\t<\/div>\n\t\t\t\t\t\n\t\t\t\t\t\t\t\t<\/div>\n\t\t<\/div>\n\t\t<\/div>\n\t\t<\/div>\n\t\t\t\t\t\t<\/div>\n\t\t\t\t<\/div>\n\t\t\t\t<\/div>\n\t\t\t\t\t<\/div>\n\t\t\t\t<\/div>\n\t\t<div class=\"elementor-element elementor-element-8f907aa e-flex e-con-boxed e-con e-parent\" data-id=\"8f907aa\" data-element_type=\"container\" data-e-type=\"container\">\n\t\t\t\t\t<div class=\"e-con-inner\">\n\t\t<div class=\"elementor-element elementor-element-0c94021 e-con-full e-flex e-con e-child\" data-id=\"0c94021\" data-element_type=\"container\" data-e-type=\"container\">\n\t\t\t\t<div class=\"elementor-element elementor-element-d63c8ea elementor-flip-box--effect-fade elementor-widget elementor-widget-flip-box\" data-id=\"d63c8ea\" data-element_type=\"widget\" data-e-type=\"widget\" data-widget_type=\"flip-box.default\">\n\t\t\t\t<div class=\"elementor-widget-container\">\n\t\t\t\t\t\t\t<div class=\"elementor-flip-box\" tabindex=\"0\">\n\t\t\t<div class=\"elementor-flip-box__layer elementor-flip-box__front\">\n\t\t\t\t<div class=\"elementor-flip-box__layer__overlay\">\n\t\t\t\t\t<div class=\"elementor-flip-box__layer__inner\">\n\t\t\t\t\t\t\n\t\t\t\t\t\t\t\t\t\t\t\t\t<h3 class=\"elementor-flip-box__layer__title\">\n\t\t\t\t\t\t\t\tCa na Marca\t\t\t\t\t\t\t<\/h3>\n\t\t\t\t\t\t\n\t\t\t\t\t\t\t\t\t\t\t<\/div>\n\t\t\t\t<\/div>\n\t\t\t<\/div>\n\t\t\t<div class=\"elementor-flip-box__layer elementor-flip-box__back\">\n\t\t\t<div class=\"elementor-flip-box__layer__overlay\">\n\t\t\t\t<div class=\"elementor-flip-box__layer__inner\">\n\t\t\t\t\t\t\t\t\t\t\t<h3 class=\"elementor-flip-box__layer__title\">\n\t\t\t\t\t\t\tCam\u00ed de Bellveure \u2013 Cam\u00ed de Ca na Marca\t\t\t\t\t\t<\/h3>\n\t\t\t\t\t\n\t\t\t\t\t\t\t\t\t\t\t<div class=\"elementor-flip-box__layer__description\">\n\t\t\t\t\t\t\tCam\u00ed de Bellveure \u2013 Cam\u00ed de Ca na Marca\n Ca na Marca, urspr\u00fcnglich im Besitz der Familie Malonda, ist ein bemerkenswertes Beispiel sp\u00e4tbarocker Architektur des 18. Jahrhunderts. Sp\u00e4ter an die Familie Terrassa von Can Garrover verkauft, bewahrt dieses Anwesen Elemente seiner glanzvollen Vergangenheit. Die Struktur zeigt eine harmonische Kombination von funktionalem und \u00e4sthetischem Design, mit architektonischen Details, die den Reichtum und Status seiner fr\u00fcheren Besitzer widerspiegeln.\n\t\t\t\t\t\t<\/div>\n\t\t\t\t\t\n\t\t\t\t\t\t\t\t<\/div>\n\t\t<\/div>\n\t\t<\/div>\n\t\t<\/div>\n\t\t\t\t\t\t<\/div>\n\t\t\t\t<\/div>\n\t\t\t\t<\/div>\n\t\t<div class=\"elementor-element elementor-element-6721098 e-con-full e-flex e-con e-child\" data-id=\"6721098\" data-element_type=\"container\" data-e-type=\"container\">\n\t\t\t\t<div class=\"elementor-element elementor-element-e3fcbea elementor-flip-box--effect-fade elementor-widget elementor-widget-flip-box\" data-id=\"e3fcbea\" data-element_type=\"widget\" data-e-type=\"widget\" data-widget_type=\"flip-box.default\">\n\t\t\t\t<div class=\"elementor-widget-container\">\n\t\t\t\t\t\t\t<div class=\"elementor-flip-box\" tabindex=\"0\">\n\t\t\t<div class=\"elementor-flip-box__layer elementor-flip-box__front\">\n\t\t\t\t<div class=\"elementor-flip-box__layer__overlay\">\n\t\t\t\t\t<div class=\"elementor-flip-box__layer__inner\">\n\t\t\t\t\t\t\n\t\t\t\t\t\t\t\t\t\t\t\t\t<h3 class=\"elementor-flip-box__layer__title\">\n\t\t\t\t\t\t\t\tCan cabrit\t\t\t\t\t\t\t<\/h3>\n\t\t\t\t\t\t\n\t\t\t\t\t\t\t\t\t\t\t<\/div>\n\t\t\t\t<\/div>\n\t\t\t<\/div>\n\t\t\t<div class=\"elementor-flip-box__layer elementor-flip-box__back\">\n\t\t\t<div class=\"elementor-flip-box__layer__overlay\">\n\t\t\t\t<div class=\"elementor-flip-box__layer__inner\">\n\t\t\t\t\t\t\t\t\t\t\t<h3 class=\"elementor-flip-box__layer__title\">\n\t\t\t\t\t\t\tCam\u00ed del Raiguer (Pol\u00edgono 15, Parz. 127)\t\t\t\t\t\t<\/h3>\n\t\t\t\t\t\n\t\t\t\t\t\t\t\t\t\t\t<div class=\"elementor-flip-box__layer__description\">\n\t\t\t\t\t\t\t Can Cabrit f\u00e4llt durch sein imposantes Rundportal und die handgeschnitzten rebrancas (seitliche Elemente, die den Bogen oder den T\u00fcrsturz st\u00fctzen) auf. Der Haupteingang ist mit einem abgesenkten Rundbogen geschm\u00fcckt.\nIm Inneren spiegeln die clastra (Innenhof) und die Treppe, die zur Residenz der Herren f\u00fchrt, den traditionellen Entwurf mallorquinischer Herrenh\u00e4user wider. Die Architektur von Can Cabrit ist ein Zeugnis des Glanzes und der Raffinesse der Barockzeit.\n\t\t\t\t\t\t<\/div>\n\t\t\t\t\t\n\t\t\t\t\t\t\t\t<\/div>\n\t\t<\/div>\n\t\t<\/div>\n\t\t<\/div>\n\t\t\t\t\t\t<\/div>\n\t\t\t\t<\/div>\n\t\t\t\t<\/div>\n\t\t<div class=\"elementor-element elementor-element-34afa85 e-con-full e-flex e-con e-child\" data-id=\"34afa85\" data-element_type=\"container\" data-e-type=\"container\">\n\t\t\t\t<\/div>\n\t\t\t\t\t<\/div>\n\t\t\t\t<\/div>\n\t\t<div class=\"elementor-element elementor-element-d87bbbe e-flex e-con-boxed e-con e-parent\" data-id=\"d87bbbe\" data-element_type=\"container\" data-e-type=\"container\">\n\t\t\t\t\t<div class=\"e-con-inner\">\n\t\t<div class=\"elementor-element elementor-element-344a117 e-con-full e-flex e-con e-child\" data-id=\"344a117\" data-element_type=\"container\" data-e-type=\"container\">\n\t\t\t\t<div class=\"elementor-element elementor-element-8ef1dd4 elementor-widget elementor-widget-heading\" data-id=\"8ef1dd4\" data-element_type=\"widget\" data-e-type=\"widget\" data-widget_type=\"heading.default\">\n\t\t\t\t<div class=\"elementor-widget-container\">\n\t\t\t\t\t<h5 class=\"elementor-heading-title elementor-size-default\">Andere Elemente<\/h5>\t\t\t\t<\/div>\n\t\t\t\t<\/div>\n\t\t\t\t<div class=\"elementor-element elementor-element-a4f2269 elementor-widget elementor-widget-text-editor\" data-id=\"a4f2269\" data-element_type=\"widget\" data-e-type=\"widget\" data-widget_type=\"text-editor.default\">\n\t\t\t\t<div class=\"elementor-widget-container\">\n\t\t\t\t\t\t\t\t\t<p>Besonders hervorzuheben sind die Gew\u00f6lbedecken mit skulpturalen Verzierungen an den Schlusssteinen sowie die \u00d6lm\u00fchle des Turms von Can Marc.<\/p><p><br \/>Can Maci\u00e0 und Can Pere-Antoni sind zwei Geb\u00e4ude, die aus der Teilung von Son Gorra hervorgegangen sind und im 19. und 20. Jahrhundert umgebaut wurden.<\/p><p><br \/>Im s\u00fcdlichen Teil der Gemeinde Binissalem befindet sich auch das Landgut Son Roig, das einen traditionellen Eingang bewahrt hat.<\/p><p><br \/>Sa Cabana d&#8217;en Ferrer hat eine ungew\u00f6hnliche Fassade und verschiedene \u00f6nologische Elemente, die daran erinnern, dass wir uns in einer Region mit Weinbautradition befinden.<\/p><p><br \/>Der Ortskern von Biniagual erinnert dank architektonischer Elemente, die die Synchronizit\u00e4t zwischen den Landh\u00e4usern, den mallorquinischen Possessionen und einer kleinen Kirche mit kleinen barocken Altarbildern beschreiben, an vergangene Zeiten.<\/p>\t\t\t\t\t\t\t\t<\/div>\n\t\t\t\t<\/div>\n\t\t\t\t<\/div>\n\t\t\t\t\t<\/div>\n\t\t\t\t<\/div>\n\t\t\t\t<\/div>\n\t\t","protected":false},"excerpt":{"rendered":"<p>Erbe REFLEXION EINES FEUDALEN VERM\u00c4CHTS Historische H\u00e4user Die Herrenh\u00e4user von Binissalem spiegeln das feudale Erbe wider, das die Geschichte der Gemeinde seit dem 13. Jahrhundert gepr\u00e4gt hat. Nach der Eroberung im Jahr 1229 standen die L\u00e4ndereien von Binissalem unter der Herrschaft verschiedener Ritterorden, feudaler Gebiete, die Grundbesitzrechten und ziviler Gerichtsbarkeit unterlagen. Die Rittergutsherrschaft von Morneta, [&hellip;]<\/p>\n","protected":false},"author":2,"featured_media":0,"parent":0,"menu_order":0,"comment_status":"closed","ping_status":"closed","template":"elementor_header_footer","meta":{"_acf_changed":false,"footnotes":""},"class_list":["post-1791","page","type-page","status-publish","hentry"],"acf":[],"yoast_head":"<!-- This site is optimized with the Yoast SEO plugin v27.4 - https:\/\/yoast.com\/product\/yoast-seo-wordpress\/ -->\n<title>H\u00e4user des Besitzes - Visit Binissalem<\/title>\n<meta name=\"robots\" content=\"index, follow, max-snippet:-1, max-image-preview:large, max-video-preview:-1\" \/>\n<link rel=\"canonical\" href=\"https:\/\/visitbinissalem.com\/cases-de-possessio\/\" \/>\n<meta property=\"og:locale\" content=\"de_DE\" \/>\n<meta property=\"og:type\" content=\"article\" \/>\n<meta property=\"og:title\" content=\"H\u00e4user des Besitzes - Visit Binissalem\" \/>\n<meta property=\"og:description\" content=\"Erbe REFLEXION EINES FEUDALEN VERM\u00c4CHTS Historische H\u00e4user Die Herrenh\u00e4user von Binissalem spiegeln das feudale Erbe wider, das die Geschichte der Gemeinde seit dem 13. Jahrhundert gepr\u00e4gt hat. Nach der Eroberung im Jahr 1229 standen die L\u00e4ndereien von Binissalem unter der Herrschaft verschiedener Ritterorden, feudaler Gebiete, die Grundbesitzrechten und ziviler Gerichtsbarkeit unterlagen. Die Rittergutsherrschaft von Morneta, [&hellip;]\" \/>\n<meta property=\"og:url\" content=\"https:\/\/visitbinissalem.com\/cases-de-possessio\/\" \/>\n<meta property=\"og:site_name\" content=\"Visit Binissalem\" \/>\n<meta property=\"article:publisher\" content=\"https:\/\/www.facebook.com\/AjuntamentdeBinissalem\" \/>\n<meta property=\"article:modified_time\" content=\"2025-09-02T06:38:06+00:00\" \/>\n<meta property=\"og:image\" content=\"https:\/\/visitbinissalem.com\/wp-content\/uploads\/2024\/08\/LOGO-AJT-1-e1724766625809-1-e1724825744271.png\" \/>\n<meta name=\"twitter:card\" content=\"summary_large_image\" \/>\n<meta name=\"twitter:label1\" content=\"Gesch\u00e4tzte Lesezeit\" \/>\n\t<meta name=\"twitter:data1\" content=\"4\u00a0Minuten\" \/>\n<script type=\"application\/ld+json\" class=\"yoast-schema-graph\">{\"@context\":\"https:\\\/\\\/schema.org\",\"@graph\":[{\"@type\":\"WebPage\",\"@id\":\"https:\\\/\\\/visitbinissalem.com\\\/cases-de-possessio\\\/\",\"url\":\"https:\\\/\\\/visitbinissalem.com\\\/cases-de-possessio\\\/\",\"name\":\"H\u00e4user des Besitzes - Visit Binissalem\",\"isPartOf\":{\"@id\":\"https:\\\/\\\/visitbinissalem.com\\\/en\\\/#website\"},\"primaryImageOfPage\":{\"@id\":\"https:\\\/\\\/visitbinissalem.com\\\/cases-de-possessio\\\/#primaryimage\"},\"image\":{\"@id\":\"https:\\\/\\\/visitbinissalem.com\\\/cases-de-possessio\\\/#primaryimage\"},\"thumbnailUrl\":\"https:\\\/\\\/visitbinissalem.com\\\/wp-content\\\/uploads\\\/2024\\\/08\\\/LOGO-AJT-1-e1724766625809-1-e1724825744271.png\",\"datePublished\":\"2024-08-29T16:29:42+00:00\",\"dateModified\":\"2025-09-02T06:38:06+00:00\",\"breadcrumb\":{\"@id\":\"https:\\\/\\\/visitbinissalem.com\\\/cases-de-possessio\\\/#breadcrumb\"},\"inLanguage\":\"de\",\"potentialAction\":[{\"@type\":\"ReadAction\",\"target\":[\"https:\\\/\\\/visitbinissalem.com\\\/cases-de-possessio\\\/\"]}]},{\"@type\":\"ImageObject\",\"inLanguage\":\"de\",\"@id\":\"https:\\\/\\\/visitbinissalem.com\\\/cases-de-possessio\\\/#primaryimage\",\"url\":\"https:\\\/\\\/visitbinissalem.com\\\/wp-content\\\/uploads\\\/2024\\\/08\\\/LOGO-AJT-1-e1724766625809-1-e1724825744271.png\",\"contentUrl\":\"https:\\\/\\\/visitbinissalem.com\\\/wp-content\\\/uploads\\\/2024\\\/08\\\/LOGO-AJT-1-e1724766625809-1-e1724825744271.png\"},{\"@type\":\"BreadcrumbList\",\"@id\":\"https:\\\/\\\/visitbinissalem.com\\\/cases-de-possessio\\\/#breadcrumb\",\"itemListElement\":[{\"@type\":\"ListItem\",\"position\":1,\"name\":\"Inici\",\"item\":\"https:\\\/\\\/visitbinissalem.com\\\/de\\\/\"},{\"@type\":\"ListItem\",\"position\":2,\"name\":\"H\u00e4user des Besitzes\"}]},{\"@type\":\"WebSite\",\"@id\":\"https:\\\/\\\/visitbinissalem.com\\\/en\\\/#website\",\"url\":\"https:\\\/\\\/visitbinissalem.com\\\/en\\\/\",\"name\":\"Visit Binissalem\",\"description\":\"Binissalem\",\"publisher\":{\"@id\":\"https:\\\/\\\/visitbinissalem.com\\\/en\\\/#organization\"},\"potentialAction\":[{\"@type\":\"SearchAction\",\"target\":{\"@type\":\"EntryPoint\",\"urlTemplate\":\"https:\\\/\\\/visitbinissalem.com\\\/en\\\/?s={search_term_string}\"},\"query-input\":{\"@type\":\"PropertyValueSpecification\",\"valueRequired\":true,\"valueName\":\"search_term_string\"}}],\"inLanguage\":\"de\"},{\"@type\":\"Organization\",\"@id\":\"https:\\\/\\\/visitbinissalem.com\\\/en\\\/#organization\",\"name\":\"Visit Binissalem\",\"url\":\"https:\\\/\\\/visitbinissalem.com\\\/en\\\/\",\"logo\":{\"@type\":\"ImageObject\",\"inLanguage\":\"de\",\"@id\":\"https:\\\/\\\/visitbinissalem.com\\\/en\\\/#\\\/schema\\\/logo\\\/image\\\/\",\"url\":\"https:\\\/\\\/visitbinissalem.com\\\/wp-content\\\/uploads\\\/2024\\\/08\\\/Binissalem-Oberts-a-tu.png\",\"contentUrl\":\"https:\\\/\\\/visitbinissalem.com\\\/wp-content\\\/uploads\\\/2024\\\/08\\\/Binissalem-Oberts-a-tu.png\",\"width\":2565,\"height\":1240,\"caption\":\"Visit Binissalem\"},\"image\":{\"@id\":\"https:\\\/\\\/visitbinissalem.com\\\/en\\\/#\\\/schema\\\/logo\\\/image\\\/\"},\"sameAs\":[\"https:\\\/\\\/www.facebook.com\\\/AjuntamentdeBinissalem\",\"https:\\\/\\\/www.instagram.com\\\/ajuntamentbinissalem\\\/\"]}]}<\/script>\n<!-- \/ Yoast SEO plugin. -->","yoast_head_json":{"title":"H\u00e4user des Besitzes - Visit Binissalem","robots":{"index":"index","follow":"follow","max-snippet":"max-snippet:-1","max-image-preview":"max-image-preview:large","max-video-preview":"max-video-preview:-1"},"canonical":"https:\/\/visitbinissalem.com\/cases-de-possessio\/","og_locale":"de_DE","og_type":"article","og_title":"H\u00e4user des Besitzes - Visit Binissalem","og_description":"Erbe REFLEXION EINES FEUDALEN VERM\u00c4CHTS Historische H\u00e4user Die Herrenh\u00e4user von Binissalem spiegeln das feudale Erbe wider, das die Geschichte der Gemeinde seit dem 13. Jahrhundert gepr\u00e4gt hat. Nach der Eroberung im Jahr 1229 standen die L\u00e4ndereien von Binissalem unter der Herrschaft verschiedener Ritterorden, feudaler Gebiete, die Grundbesitzrechten und ziviler Gerichtsbarkeit unterlagen. Die Rittergutsherrschaft von Morneta, [&hellip;]","og_url":"https:\/\/visitbinissalem.com\/cases-de-possessio\/","og_site_name":"Visit Binissalem","article_publisher":"https:\/\/www.facebook.com\/AjuntamentdeBinissalem","article_modified_time":"2025-09-02T06:38:06+00:00","og_image":[{"url":"https:\/\/visitbinissalem.com\/wp-content\/uploads\/2024\/08\/LOGO-AJT-1-e1724766625809-1-e1724825744271.png","type":"","width":"","height":""}],"twitter_card":"summary_large_image","twitter_misc":{"Gesch\u00e4tzte Lesezeit":"4\u00a0Minuten"},"schema":{"@context":"https:\/\/schema.org","@graph":[{"@type":"WebPage","@id":"https:\/\/visitbinissalem.com\/cases-de-possessio\/","url":"https:\/\/visitbinissalem.com\/cases-de-possessio\/","name":"H\u00e4user des Besitzes - Visit Binissalem","isPartOf":{"@id":"https:\/\/visitbinissalem.com\/en\/#website"},"primaryImageOfPage":{"@id":"https:\/\/visitbinissalem.com\/cases-de-possessio\/#primaryimage"},"image":{"@id":"https:\/\/visitbinissalem.com\/cases-de-possessio\/#primaryimage"},"thumbnailUrl":"https:\/\/visitbinissalem.com\/wp-content\/uploads\/2024\/08\/LOGO-AJT-1-e1724766625809-1-e1724825744271.png","datePublished":"2024-08-29T16:29:42+00:00","dateModified":"2025-09-02T06:38:06+00:00","breadcrumb":{"@id":"https:\/\/visitbinissalem.com\/cases-de-possessio\/#breadcrumb"},"inLanguage":"de","potentialAction":[{"@type":"ReadAction","target":["https:\/\/visitbinissalem.com\/cases-de-possessio\/"]}]},{"@type":"ImageObject","inLanguage":"de","@id":"https:\/\/visitbinissalem.com\/cases-de-possessio\/#primaryimage","url":"https:\/\/visitbinissalem.com\/wp-content\/uploads\/2024\/08\/LOGO-AJT-1-e1724766625809-1-e1724825744271.png","contentUrl":"https:\/\/visitbinissalem.com\/wp-content\/uploads\/2024\/08\/LOGO-AJT-1-e1724766625809-1-e1724825744271.png"},{"@type":"BreadcrumbList","@id":"https:\/\/visitbinissalem.com\/cases-de-possessio\/#breadcrumb","itemListElement":[{"@type":"ListItem","position":1,"name":"Inici","item":"https:\/\/visitbinissalem.com\/de\/"},{"@type":"ListItem","position":2,"name":"H\u00e4user des Besitzes"}]},{"@type":"WebSite","@id":"https:\/\/visitbinissalem.com\/en\/#website","url":"https:\/\/visitbinissalem.com\/en\/","name":"Visit Binissalem","description":"Binissalem","publisher":{"@id":"https:\/\/visitbinissalem.com\/en\/#organization"},"potentialAction":[{"@type":"SearchAction","target":{"@type":"EntryPoint","urlTemplate":"https:\/\/visitbinissalem.com\/en\/?s={search_term_string}"},"query-input":{"@type":"PropertyValueSpecification","valueRequired":true,"valueName":"search_term_string"}}],"inLanguage":"de"},{"@type":"Organization","@id":"https:\/\/visitbinissalem.com\/en\/#organization","name":"Visit Binissalem","url":"https:\/\/visitbinissalem.com\/en\/","logo":{"@type":"ImageObject","inLanguage":"de","@id":"https:\/\/visitbinissalem.com\/en\/#\/schema\/logo\/image\/","url":"https:\/\/visitbinissalem.com\/wp-content\/uploads\/2024\/08\/Binissalem-Oberts-a-tu.png","contentUrl":"https:\/\/visitbinissalem.com\/wp-content\/uploads\/2024\/08\/Binissalem-Oberts-a-tu.png","width":2565,"height":1240,"caption":"Visit Binissalem"},"image":{"@id":"https:\/\/visitbinissalem.com\/en\/#\/schema\/logo\/image\/"},"sameAs":["https:\/\/www.facebook.com\/AjuntamentdeBinissalem","https:\/\/www.instagram.com\/ajuntamentbinissalem\/"]}]}},"_links":{"self":[{"href":"https:\/\/visitbinissalem.com\/de\/wp-json\/wp\/v2\/pages\/1791","targetHints":{"allow":["GET"]}}],"collection":[{"href":"https:\/\/visitbinissalem.com\/de\/wp-json\/wp\/v2\/pages"}],"about":[{"href":"https:\/\/visitbinissalem.com\/de\/wp-json\/wp\/v2\/types\/page"}],"author":[{"embeddable":true,"href":"https:\/\/visitbinissalem.com\/de\/wp-json\/wp\/v2\/users\/2"}],"replies":[{"embeddable":true,"href":"https:\/\/visitbinissalem.com\/de\/wp-json\/wp\/v2\/comments?post=1791"}],"version-history":[{"count":23,"href":"https:\/\/visitbinissalem.com\/de\/wp-json\/wp\/v2\/pages\/1791\/revisions"}],"predecessor-version":[{"id":3105,"href":"https:\/\/visitbinissalem.com\/de\/wp-json\/wp\/v2\/pages\/1791\/revisions\/3105"}],"wp:attachment":[{"href":"https:\/\/visitbinissalem.com\/de\/wp-json\/wp\/v2\/media?parent=1791"}],"curies":[{"name":"wp","href":"https:\/\/api.w.org\/{rel}","templated":true}]}}