{"id":1837,"date":"2024-08-30T14:18:41","date_gmt":"2024-08-30T12:18:41","guid":{"rendered":"https:\/\/visitbinissalem.com\/kulturerbe-route\/"},"modified":"2025-09-02T08:48:43","modified_gmt":"2025-09-02T06:48:43","slug":"kulturerbe-route","status":"publish","type":"page","link":"https:\/\/visitbinissalem.com\/de\/kulturerbe-route\/","title":{"rendered":"Kulturerbe-Route"},"content":{"rendered":"\t\t<div data-elementor-type=\"wp-page\" data-elementor-id=\"1837\" class=\"elementor elementor-1837 elementor-165\" data-elementor-post-type=\"page\">\n\t\t\t\t<div class=\"elementor-element elementor-element-953166e e-con-full e-flex e-con e-parent\" data-id=\"953166e\" data-element_type=\"container\" data-e-type=\"container\" data-settings=\"{&quot;background_background&quot;:&quot;classic&quot;}\">\n\t\t\t\t<div class=\"elementor-element elementor-element-4d7fa14 elementor-widget elementor-widget-heading\" data-id=\"4d7fa14\" data-element_type=\"widget\" data-e-type=\"widget\" data-widget_type=\"heading.default\">\n\t\t\t\t<div class=\"elementor-widget-container\">\n\t\t\t\t\t<h2 class=\"elementor-heading-title elementor-size-default\">Erbe<\/h2>\t\t\t\t<\/div>\n\t\t\t\t<\/div>\n\t\t\t\t<\/div>\n\t\t<div class=\"elementor-element elementor-element-870ac94 e-flex e-con-boxed e-con e-parent\" data-id=\"870ac94\" data-element_type=\"container\" data-e-type=\"container\">\n\t\t\t\t\t<div class=\"e-con-inner\">\n\t\t\t\t<div class=\"elementor-element elementor-element-8571acd elementor-widget elementor-widget-image\" data-id=\"8571acd\" data-element_type=\"widget\" data-e-type=\"widget\" data-widget_type=\"image.default\">\n\t\t\t\t<div class=\"elementor-widget-container\">\n\t\t\t\t\t\t\t\t\t\t\t\t\t\t\t<img fetchpriority=\"high\" decoding=\"async\" width=\"523\" height=\"473\" src=\"https:\/\/visitbinissalem.com\/wp-content\/uploads\/2024\/08\/LOGO-AJT-1-e1724766625809-1-e1724825744271.png\" class=\"attachment-large size-large wp-image-1339\" alt=\"\" srcset=\"https:\/\/visitbinissalem.com\/wp-content\/uploads\/2024\/08\/LOGO-AJT-1-e1724766625809-1-e1724825744271.png 523w, https:\/\/visitbinissalem.com\/wp-content\/uploads\/2024\/08\/LOGO-AJT-1-e1724766625809-1-e1724825744271-300x271.png 300w\" sizes=\"(max-width: 523px) 100vw, 523px\" \/>\t\t\t\t\t\t\t\t\t\t\t\t\t\t\t<\/div>\n\t\t\t\t<\/div>\n\t\t\t\t<div class=\"elementor-element elementor-element-5f025ab elementor-widget elementor-widget-heading\" data-id=\"5f025ab\" data-element_type=\"widget\" data-e-type=\"widget\" data-widget_type=\"heading.default\">\n\t\t\t\t<div class=\"elementor-widget-container\">\n\t\t\t\t\t<h5 class=\"elementor-heading-title elementor-size-default\">Eine Reise durch die Geschichte und Kultur Mallorcas  <\/h5>\t\t\t\t<\/div>\n\t\t\t\t<\/div>\n\t\t\t\t<div class=\"elementor-element elementor-element-61fb817 elementor-widget elementor-widget-heading\" data-id=\"61fb817\" data-element_type=\"widget\" data-e-type=\"widget\" data-widget_type=\"heading.default\">\n\t\t\t\t<div class=\"elementor-widget-container\">\n\t\t\t\t\t<h1 class=\"elementor-heading-title elementor-size-default\">Kulturerberoute in Binissalem<\/h1>\t\t\t\t<\/div>\n\t\t\t\t<\/div>\n\t\t\t\t<div class=\"elementor-element elementor-element-52df7ad elementor-widget elementor-widget-text-editor\" data-id=\"52df7ad\" data-element_type=\"widget\" data-e-type=\"widget\" data-widget_type=\"text-editor.default\">\n\t\t\t\t<div class=\"elementor-widget-container\">\n\t\t\t\t\t\t\t\t\t<p>Binissalem ist nicht nur f\u00fcr seine au\u00dfergew\u00f6hnlichen Weine bekannt, sondern auch f\u00fcr sein reiches historisches und kulturelles Erbe. Es beherbergt eine Vielzahl von Denkm\u00e4lern und architektonischen Kulturg\u00fctern, wie barocke H\u00e4user oder Landg\u00fcter, die zusammen mit anderen Elementen wie M\u00fchlen, Brunnen oder Wegkreuzen die Geschichte und Tradition der Gemeinde im Laufe der Jahrhunderte perfekt widerspiegeln. Die Kulturroute von Binissalem erm\u00f6glicht es den Besuchern, diese Sch\u00e4tze zu entdecken und mehr \u00fcber die Geschichte dieses Dorfes zu erfahren, das eine wichtige Rolle bei der Gestaltung der Kulturlandschaft Mallorcas gespielt hat.<\/p>\t\t\t\t\t\t\t\t<\/div>\n\t\t\t\t<\/div>\n\t\t\t\t<div class=\"elementor-element elementor-element-0af2b64 elementor-widget elementor-widget-heading\" data-id=\"0af2b64\" data-element_type=\"widget\" data-e-type=\"widget\" data-widget_type=\"heading.default\">\n\t\t\t\t<div class=\"elementor-widget-container\">\n\t\t\t\t\t<h5 class=\"elementor-heading-title elementor-size-default\">Laden Sie eine Karte der Kultur- und Weinroute herunter<\/h5>\t\t\t\t<\/div>\n\t\t\t\t<\/div>\n\t\t\t\t<div class=\"elementor-element elementor-element-bcbf392 elementor-align-center elementor-widget elementor-widget-button\" data-id=\"bcbf392\" data-element_type=\"widget\" data-e-type=\"widget\" data-widget_type=\"button.default\">\n\t\t\t\t<div class=\"elementor-widget-container\">\n\t\t\t\t\t\t\t\t\t<div class=\"elementor-button-wrapper\">\n\t\t\t\t\t<a class=\"elementor-button elementor-button-link elementor-size-sm\" href=\"https:\/\/visitbinissalem.com\/wp-content\/uploads\/2024\/09\/AAFF-TOTEM-BINISSALEM-patrimonial-i-enologica-TRAZADO.pdf\" target=\"_blank\">\n\t\t\t\t\t\t<span class=\"elementor-button-content-wrapper\">\n\t\t\t\t\t\t\t\t\t<span class=\"elementor-button-text\">Herunterladen<\/span>\n\t\t\t\t\t<\/span>\n\t\t\t\t\t<\/a>\n\t\t\t\t<\/div>\n\t\t\t\t\t\t\t\t<\/div>\n\t\t\t\t<\/div>\n\t\t\t\t\t<\/div>\n\t\t\t\t<\/div>\n\t\t<div class=\"elementor-element elementor-element-d95fb4b e-flex e-con-boxed e-con e-parent\" data-id=\"d95fb4b\" data-element_type=\"container\" data-e-type=\"container\" data-settings=\"{&quot;background_background&quot;:&quot;classic&quot;}\">\n\t\t\t\t\t<div class=\"e-con-inner\">\n\t\t<div class=\"elementor-element elementor-element-e32c75c e-con-full e-flex e-con e-child\" data-id=\"e32c75c\" data-element_type=\"container\" data-e-type=\"container\">\n\t\t\t\t<div class=\"elementor-element elementor-element-15cba25 elementor-widget elementor-widget-heading\" data-id=\"15cba25\" data-element_type=\"widget\" data-e-type=\"widget\" data-widget_type=\"heading.default\">\n\t\t\t\t<div class=\"elementor-widget-container\">\n\t\t\t\t\t<h2 class=\"elementor-heading-title elementor-size-default\">Binissalem<\/h2>\t\t\t\t<\/div>\n\t\t\t\t<\/div>\n\t\t\t\t<div class=\"elementor-element elementor-element-c6f3766 elementor-widget elementor-widget-heading\" data-id=\"c6f3766\" data-element_type=\"widget\" data-e-type=\"widget\" data-widget_type=\"heading.default\">\n\t\t\t\t<div class=\"elementor-widget-container\">\n\t\t\t\t\t<h2 class=\"elementor-heading-title elementor-size-default\">Offen f\u00fcr Dich<\/h2>\t\t\t\t<\/div>\n\t\t\t\t<\/div>\n\t\t\t\t<\/div>\n\t\t<div class=\"elementor-element elementor-element-7fe0d35 e-con-full e-flex e-con e-child\" data-id=\"7fe0d35\" data-element_type=\"container\" data-e-type=\"container\">\n\t\t\t\t<div class=\"elementor-element elementor-element-8cfebc6 elementor-widget elementor-widget-video\" data-id=\"8cfebc6\" data-element_type=\"widget\" data-e-type=\"widget\" data-settings=\"{&quot;youtube_url&quot;:&quot;https:\\\/\\\/youtu.be\\\/8EvMrqDHvM4&quot;,&quot;video_type&quot;:&quot;youtube&quot;,&quot;controls&quot;:&quot;yes&quot;}\" data-widget_type=\"video.default\">\n\t\t\t\t<div class=\"elementor-widget-container\">\n\t\t\t\t\t\t\t<div class=\"elementor-wrapper elementor-open-inline\">\n\t\t\t<div class=\"elementor-video\"><\/div>\t\t<\/div>\n\t\t\t\t\t\t<\/div>\n\t\t\t\t<\/div>\n\t\t\t\t<\/div>\n\t\t\t\t\t<\/div>\n\t\t\t\t<\/div>\n\t\t<div class=\"elementor-element elementor-element-cb68480 e-flex e-con-boxed e-con e-parent\" data-id=\"cb68480\" data-element_type=\"container\" data-e-type=\"container\">\n\t\t\t\t\t<div class=\"e-con-inner\">\n\t\t<div class=\"elementor-element elementor-element-28b45cf e-con-full e-flex e-con e-child\" data-id=\"28b45cf\" data-element_type=\"container\" data-e-type=\"container\">\n\t\t\t\t<div class=\"elementor-element elementor-element-cf11405 elementor-flip-box--effect-fade elementor-widget elementor-widget-flip-box\" data-id=\"cf11405\" data-element_type=\"widget\" data-e-type=\"widget\" data-widget_type=\"flip-box.default\">\n\t\t\t\t<div class=\"elementor-widget-container\">\n\t\t\t\t\t\t\t<div class=\"elementor-flip-box\" tabindex=\"0\">\n\t\t\t<div class=\"elementor-flip-box__layer elementor-flip-box__front\">\n\t\t\t\t<div class=\"elementor-flip-box__layer__overlay\">\n\t\t\t\t\t<div class=\"elementor-flip-box__layer__inner\">\n\t\t\t\t\t\t\n\t\t\t\t\t\t\t\t\t\t\t\t\t<h3 class=\"elementor-flip-box__layer__title\">\n\t\t\t\t\t\t\t\tBahnhof\t\t\t\t\t\t\t<\/h3>\n\t\t\t\t\t\t\n\t\t\t\t\t\t\t\t\t\t\t<\/div>\n\t\t\t\t<\/div>\n\t\t\t<\/div>\n\t\t\t<div class=\"elementor-flip-box__layer elementor-flip-box__back\">\n\t\t\t<div class=\"elementor-flip-box__layer__overlay\">\n\t\t\t\t<div class=\"elementor-flip-box__layer__inner\">\n\t\t\t\t\t\t\t\t\t\t\t<h3 class=\"elementor-flip-box__layer__title\">\n\t\t\t\t\t\t\tCarrer Gaspar Vall\u00e8s, 9\u201311\t\t\t\t\t\t<\/h3>\n\t\t\t\t\t\n\t\t\t\t\t\t\t\t\t\t\t<div class=\"elementor-flip-box__layer__description\">\n\t\t\t\t\t\t\t Der Bahnhof von Binissalem, Ende des 19. Jahrhunderts er\u00f6ffnet, ist ein Zeugnis f\u00fcr die Bedeutung der Eisenbahn in der wirtschaftlichen und sozialen Entwicklung der Region. Die Station war ein Schl\u00fcsselpunkte f\u00fcr den Transport von Waren, insbesondere Wein und Stein \u2013 den symboltr\u00e4chtigen Produkten von Binissalem.\nAuch die Schuhindustrie wurde im 20. Jahrhundert zum wirtschaftlichen Motor des Ortes. Die Architektur des Bahnhofs bewahrt historische Elemente, die an das goldene Eisenbahnzeitalter der Insel erinnern. Heute ist er nach wie vor ein wichtiger Knotenpunkt f\u00fcr Einwohner und Touristen, die Mallorca mit dem Zug erkunden m\u00f6chten.\n\t\t\t\t\t\t<\/div>\n\t\t\t\t\t\n\t\t\t\t\t\t\t\t<\/div>\n\t\t<\/div>\n\t\t<\/div>\n\t\t<\/div>\n\t\t\t\t\t\t<\/div>\n\t\t\t\t<\/div>\n\t\t\t\t<\/div>\n\t\t<div class=\"elementor-element elementor-element-193feff e-con-full e-flex e-con e-child\" data-id=\"193feff\" data-element_type=\"container\" data-e-type=\"container\">\n\t\t\t\t<div class=\"elementor-element elementor-element-3c4931d elementor-flip-box--effect-fade elementor-widget elementor-widget-flip-box\" data-id=\"3c4931d\" data-element_type=\"widget\" data-e-type=\"widget\" data-widget_type=\"flip-box.default\">\n\t\t\t\t<div class=\"elementor-widget-container\">\n\t\t\t\t\t\t\t<div class=\"elementor-flip-box\" tabindex=\"0\">\n\t\t\t<div class=\"elementor-flip-box__layer elementor-flip-box__front\">\n\t\t\t\t<div class=\"elementor-flip-box__layer__overlay\">\n\t\t\t\t\t<div class=\"elementor-flip-box__layer__inner\">\n\t\t\t\t\t\t\n\t\t\t\t\t\t\t\t\t\t\t\t\t<h3 class=\"elementor-flip-box__layer__title\">\n\t\t\t\t\t\t\t\tRathaus\t\t\t\t\t\t\t<\/h3>\n\t\t\t\t\t\t\n\t\t\t\t\t\t\t\t\t\t\t<\/div>\n\t\t\t\t<\/div>\n\t\t\t<\/div>\n\t\t\t<div class=\"elementor-flip-box__layer elementor-flip-box__back\">\n\t\t\t<div class=\"elementor-flip-box__layer__overlay\">\n\t\t\t\t<div class=\"elementor-flip-box__layer__inner\">\n\t\t\t\t\t\t\t\t\t\t\t<h3 class=\"elementor-flip-box__layer__title\">\n\t\t\t\t\t\t\tCarrer Concepci\u00f3, 7\t\t\t\t\t\t<\/h3>\n\t\t\t\t\t\n\t\t\t\t\t\t\t\t\t\t\t<div class=\"elementor-flip-box__layer__description\">\n\t\t\t\t\t\t\t\n Das Rathaus von Binissalem ist ein emblematisches Geb\u00e4ude im Herzen der Gemeinde. Erbaut im 17. Jahrhundert, zeigt es im Stil des 19. Jahrhunderts mit neoklassizistischen Einfl\u00fcssen den Wohlstand und das Wachstum des Ortes in dieser Zeit.\nDas Rathaus ist nicht nur das Verwaltungszentrum von Binissalem, sondern auch ein Symbol seiner Geschichte und seines Erbes. Im Inneren finden Besucher historische Dokumente, Fotografien zur Entwicklung der Gemeinde im Laufe der Jahre sowie das Gemeindearchiv. Es wurde Ende des 19. Jahrhunderts, in den 1970er-Jahren und nochmals in den Jahren 2010\u20132011 renoviert.\n\t\t\t\t\t\t<\/div>\n\t\t\t\t\t\n\t\t\t\t\t\t\t\t<\/div>\n\t\t<\/div>\n\t\t<\/div>\n\t\t<\/div>\n\t\t\t\t\t\t<\/div>\n\t\t\t\t<\/div>\n\t\t\t\t<\/div>\n\t\t<div class=\"elementor-element elementor-element-2c07f81 e-con-full e-flex e-con e-child\" data-id=\"2c07f81\" data-element_type=\"container\" data-e-type=\"container\">\n\t\t\t\t<div class=\"elementor-element elementor-element-dac7459 elementor-flip-box--effect-fade elementor-widget elementor-widget-flip-box\" data-id=\"dac7459\" data-element_type=\"widget\" data-e-type=\"widget\" data-widget_type=\"flip-box.default\">\n\t\t\t\t<div class=\"elementor-widget-container\">\n\t\t\t\t\t\t\t<div class=\"elementor-flip-box\" tabindex=\"0\">\n\t\t\t<div class=\"elementor-flip-box__layer elementor-flip-box__front\">\n\t\t\t\t<div class=\"elementor-flip-box__layer__overlay\">\n\t\t\t\t\t<div class=\"elementor-flip-box__layer__inner\">\n\t\t\t\t\t\t\n\t\t\t\t\t\t\t\t\t\t\t\t\t<h3 class=\"elementor-flip-box__layer__title\">\n\t\t\t\t\t\t\t\tKirche Santa Maria de Robines\t\t\t\t\t\t\t<\/h3>\n\t\t\t\t\t\t\n\t\t\t\t\t\t\t\t\t\t\t<\/div>\n\t\t\t\t<\/div>\n\t\t\t<\/div>\n\t\t\t<div class=\"elementor-flip-box__layer elementor-flip-box__back\">\n\t\t\t<div class=\"elementor-flip-box__layer__overlay\">\n\t\t\t\t<div class=\"elementor-flip-box__layer__inner\">\n\t\t\t\t\t\t\t\t\t\t\t<h3 class=\"elementor-flip-box__layer__title\">\n\t\t\t\t\t\t\tPla\u00e7a de l\u2019Esgl\u00e9sia\t\t\t\t\t\t<\/h3>\n\t\t\t\t\t\n\t\t\t\t\t\t\t\t\t\t\t<div class=\"elementor-flip-box__layer__description\">\n\t\t\t\t\t\t\t Die Kirche Santa Maria de Robines, im 18. Jahrhundert auf den Resten einer \u00e4lteren Kirche erbaut, ist eines der bedeutendsten Monumente von Binissalem. Im barocken Stil errichtet, besticht sie durch ihre eindrucksvolle Fassade \u2013 insbesondere die Seite, die zum Platz zeigt \u2013 sowie durch ihren Glockenturm, den zweith\u00f6chsten auf Mallorca, der majest\u00e4tisch als visuelles Wahrzeichen des Ortes schon aus mehreren Kilometern Entfernung sichtbar ist.\nDar\u00fcber hinaus bewahrt sie gotische Elemente, wie das Hauptportal, sowie neugotische Details, darunter Teile des Glockenturms, die Anfang des 20. Jahrhunderts errichtet wurden. Es handelt sich bereits um den dritten Sakralbau, der an diesem Standort errichtet wurde.\n\t\t\t\t\t\t<\/div>\n\t\t\t\t\t\n\t\t\t\t\t\t\t\t<\/div>\n\t\t<\/div>\n\t\t<\/div>\n\t\t<\/div>\n\t\t\t\t\t\t<\/div>\n\t\t\t\t<\/div>\n\t\t\t\t<\/div>\n\t\t\t\t\t<\/div>\n\t\t\t\t<\/div>\n\t\t<div class=\"elementor-element elementor-element-4f2defa e-flex e-con-boxed e-con e-parent\" data-id=\"4f2defa\" data-element_type=\"container\" data-e-type=\"container\">\n\t\t\t\t\t<div class=\"e-con-inner\">\n\t\t<div class=\"elementor-element elementor-element-34abc8e e-con-full e-flex e-con e-child\" data-id=\"34abc8e\" data-element_type=\"container\" data-e-type=\"container\">\n\t\t\t\t<div class=\"elementor-element elementor-element-a604d3b elementor-flip-box--effect-fade elementor-widget elementor-widget-flip-box\" data-id=\"a604d3b\" data-element_type=\"widget\" data-e-type=\"widget\" data-widget_type=\"flip-box.default\">\n\t\t\t\t<div class=\"elementor-widget-container\">\n\t\t\t\t\t\t\t<div class=\"elementor-flip-box\" tabindex=\"0\">\n\t\t\t<div class=\"elementor-flip-box__layer elementor-flip-box__front\">\n\t\t\t\t<div class=\"elementor-flip-box__layer__overlay\">\n\t\t\t\t\t<div class=\"elementor-flip-box__layer__inner\">\n\t\t\t\t\t\t\n\t\t\t\t\t\t\t\t\t\t\t\t\t<h3 class=\"elementor-flip-box__layer__title\">\n\t\t\t\t\t\t\t\tSteinmetze (Picapedrers)\t\t\t\t\t\t\t<\/h3>\n\t\t\t\t\t\t\n\t\t\t\t\t\t\t\t\t\t\t<\/div>\n\t\t\t\t<\/div>\n\t\t\t<\/div>\n\t\t\t<div class=\"elementor-flip-box__layer elementor-flip-box__back\">\n\t\t\t<div class=\"elementor-flip-box__layer__overlay\">\n\t\t\t\t<div class=\"elementor-flip-box__layer__inner\">\n\t\t\t\t\t\t\t\t\t\t\t<h3 class=\"elementor-flip-box__layer__title\">\n\t\t\t\t\t\t\tPla\u00e7a de l\u2019Esgl\u00e9sia\t\t\t\t\t\t<\/h3>\n\t\t\t\t\t\n\t\t\t\t\t\t\t\t\t\t\t<div class=\"elementor-flip-box__layer__description\">\n\t\t\t\t\t\t\t Die Steinmetze spielten eine entscheidende Rolle in der Geschichte Binissalems. Die Tradition der Steinbearbeitung reicht hier Jahrhunderte zur\u00fcck und hat wesentlich zur architektonischen Landschaft Mallorcas beigetragen.\nDer Binissalem-Stein, ein hochwertiger und langlebiger Kalkstein (piedra viva), wurde beim Bau zahlreicher historischer Geb\u00e4ude der Insel verwendet. Den Steinmetzen ist eine Skulptur aus dem Jahr 1986 gewidmet, geschaffen vom aus Binissalem stammenden K\u00fcnstler Guillem Terrassa Pol \u201eMequis\u201c. Sie w\u00fcrdigt die Bedeutung dieser Handwerker und ihre Kunst, die durch Workshops und Vorf\u00fchrungen lebendig bleibt und j\u00e4hrlich auf der Fira de la Pedra i l\u2019Artesania (Stein- und Handwerksmesse) gefeiert wird.\n\t\t\t\t\t\t<\/div>\n\t\t\t\t\t\n\t\t\t\t\t\t\t\t<\/div>\n\t\t<\/div>\n\t\t<\/div>\n\t\t<\/div>\n\t\t\t\t\t\t<\/div>\n\t\t\t\t<\/div>\n\t\t\t\t<\/div>\n\t\t<div class=\"elementor-element elementor-element-c04958a e-con-full e-flex e-con e-child\" data-id=\"c04958a\" data-element_type=\"container\" data-e-type=\"container\">\n\t\t\t\t<div class=\"elementor-element elementor-element-30eed2a elementor-flip-box--effect-fade elementor-widget elementor-widget-flip-box\" data-id=\"30eed2a\" data-element_type=\"widget\" data-e-type=\"widget\" data-widget_type=\"flip-box.default\">\n\t\t\t\t<div class=\"elementor-widget-container\">\n\t\t\t\t\t\t\t<div class=\"elementor-flip-box\" tabindex=\"0\">\n\t\t\t<div class=\"elementor-flip-box__layer elementor-flip-box__front\">\n\t\t\t\t<div class=\"elementor-flip-box__layer__overlay\">\n\t\t\t\t\t<div class=\"elementor-flip-box__layer__inner\">\n\t\t\t\t\t\t\n\t\t\t\t\t\t\t\t\t\t\t\t\t<h3 class=\"elementor-flip-box__layer__title\">\n\t\t\t\t\t\t\t\tBauern und Weinleser (Pagesos Vermadors)\t\t\t\t\t\t\t<\/h3>\n\t\t\t\t\t\t\n\t\t\t\t\t\t\t\t\t\t\t<\/div>\n\t\t\t\t<\/div>\n\t\t\t<\/div>\n\t\t\t<div class=\"elementor-flip-box__layer elementor-flip-box__back\">\n\t\t\t<div class=\"elementor-flip-box__layer__overlay\">\n\t\t\t\t<div class=\"elementor-flip-box__layer__inner\">\n\t\t\t\t\t\t\t\t\t\t\t<h3 class=\"elementor-flip-box__layer__title\">\n\t\t\t\t\t\t\tVerschiedene Punkte in der Gemeinde\t\t\t\t\t\t<\/h3>\n\t\t\t\t\t\n\t\t\t\t\t\t\t\t\t\t\t<div class=\"elementor-flip-box__layer__description\">\n\t\t\t\t\t\t\tPla\u00e7a de l\u2019Esgl\u00e9sia\n Die Pagesos Vermadors, oder einfach Vermadors, wie sie im Ort genannt werden, repr\u00e4sentieren die Winzer von Binissalem, die seit Generationen die Weinberge anbauen und ernten. Diese Gruppe ist ein wesentlicher Bestandteil der kulturellen und wirtschaftlichen Identit\u00e4t der Gemeinde.\nDas Weinfest \u201eFesta des Vermar\u201c, das jedes Jahr im September gefeiert wird, ehrt unter anderem diese Arbeiter mit traditionellen Aktivit\u00e4ten, Umz\u00fcgen und Wettbewerben. Die Pagesos Vermadors sind ein Symbol f\u00fcr den Einsatz und die Hingabe, die Binissalem zu einem Referenzort f\u00fcr Weinproduktion gemacht haben.\nDiese Statuen, datiert auf 1985, stammen ebenfalls vom K\u00fcnstler Guillem Terrassa Pol \u201eMequis\u201c.\t\t\t\t\t\t<\/div>\n\t\t\t\t\t\n\t\t\t\t\t\t\t\t<\/div>\n\t\t<\/div>\n\t\t<\/div>\n\t\t<\/div>\n\t\t\t\t\t\t<\/div>\n\t\t\t\t<\/div>\n\t\t\t\t<\/div>\n\t\t<div class=\"elementor-element elementor-element-0d3d1df e-con-full e-flex e-con e-child\" data-id=\"0d3d1df\" data-element_type=\"container\" data-e-type=\"container\">\n\t\t\t\t<div class=\"elementor-element elementor-element-0c32fd1 elementor-flip-box--effect-fade elementor-widget elementor-widget-flip-box\" data-id=\"0c32fd1\" data-element_type=\"widget\" data-e-type=\"widget\" data-widget_type=\"flip-box.default\">\n\t\t\t\t<div class=\"elementor-widget-container\">\n\t\t\t\t\t\t\t<div class=\"elementor-flip-box\" tabindex=\"0\">\n\t\t\t<div class=\"elementor-flip-box__layer elementor-flip-box__front\">\n\t\t\t\t<div class=\"elementor-flip-box__layer__overlay\">\n\t\t\t\t\t<div class=\"elementor-flip-box__layer__inner\">\n\t\t\t\t\t\t\n\t\t\t\t\t\t\t\t\t\t\t\t\t<h3 class=\"elementor-flip-box__layer__title\">\n\t\t\t\t\t\t\t\tCan Tir\u00f3 de ses Bolles\t\t\t\t\t\t\t<\/h3>\n\t\t\t\t\t\t\n\t\t\t\t\t\t\t\t\t\t\t<\/div>\n\t\t\t\t<\/div>\n\t\t\t<\/div>\n\t\t\t<div class=\"elementor-flip-box__layer elementor-flip-box__back\">\n\t\t\t<div class=\"elementor-flip-box__layer__overlay\">\n\t\t\t\t<div class=\"elementor-flip-box__layer__inner\">\n\t\t\t\t\t\t\t\t\t\t\t<h3 class=\"elementor-flip-box__layer__title\">\n\t\t\t\t\t\t\tCarrer Pere Estruc, 2\t\t\t\t\t\t<\/h3>\n\t\t\t\t\t\n\t\t\t\t\t\t\t\t\t\t\t<div class=\"elementor-flip-box__layer__description\">\n\t\t\t\t\t\t\t Can Tir\u00f3 de ses Bolles, ein Geb\u00e4ude aus dem 17.\u201319. Jahrhundert, wurde restauriert, um seine urspr\u00fcngliche Struktur zu bewahren. Es ist im traditionellen Stil mit manieristischen Einfl\u00fcssen erbaut, die sich in den Details der \u00d6ffnungen zeigen: den Portalgew\u00e4nden und rustizierten Bauteilen, den Fenstern des Obergeschosses mit Stein-Kugeln (bolles) \u00fcber dem Dreiecksgiebel sowie den Fenstern des Vorbaus.\n\t\t\t\t\t\t<\/div>\n\t\t\t\t\t\n\t\t\t\t\t\t\t\t<\/div>\n\t\t<\/div>\n\t\t<\/div>\n\t\t<\/div>\n\t\t\t\t\t\t<\/div>\n\t\t\t\t<\/div>\n\t\t\t\t<\/div>\n\t\t\t\t\t<\/div>\n\t\t\t\t<\/div>\n\t\t<div class=\"elementor-element elementor-element-e5d3d12 e-flex e-con-boxed e-con e-parent\" data-id=\"e5d3d12\" data-element_type=\"container\" data-e-type=\"container\">\n\t\t\t\t\t<div class=\"e-con-inner\">\n\t\t<div class=\"elementor-element elementor-element-5338ad9 e-con-full e-flex e-con e-child\" data-id=\"5338ad9\" data-element_type=\"container\" data-e-type=\"container\">\n\t\t\t\t<div class=\"elementor-element elementor-element-c8263cf elementor-flip-box--effect-fade elementor-widget elementor-widget-flip-box\" data-id=\"c8263cf\" data-element_type=\"widget\" data-e-type=\"widget\" data-widget_type=\"flip-box.default\">\n\t\t\t\t<div class=\"elementor-widget-container\">\n\t\t\t\t\t\t\t<div class=\"elementor-flip-box\" tabindex=\"0\">\n\t\t\t<div class=\"elementor-flip-box__layer elementor-flip-box__front\">\n\t\t\t\t<div class=\"elementor-flip-box__layer__overlay\">\n\t\t\t\t\t<div class=\"elementor-flip-box__layer__inner\">\n\t\t\t\t\t\t\n\t\t\t\t\t\t\t\t\t\t\t\t\t<h3 class=\"elementor-flip-box__layer__title\">\n\t\t\t\t\t\t\t\tKirche Cals Augustins\t\t\t\t\t\t\t<\/h3>\n\t\t\t\t\t\t\n\t\t\t\t\t\t\t\t\t\t\t<\/div>\n\t\t\t\t<\/div>\n\t\t\t<\/div>\n\t\t\t<div class=\"elementor-flip-box__layer elementor-flip-box__back\">\n\t\t\t<div class=\"elementor-flip-box__layer__overlay\">\n\t\t\t\t<div class=\"elementor-flip-box__layer__inner\">\n\t\t\t\t\t\t\t\t\t\t\t<h3 class=\"elementor-flip-box__layer__title\">\n\t\t\t\t\t\t\tCarrer Canonge Barcel\u00f3\t\t\t\t\t\t<\/h3>\n\t\t\t\t\t\n\t\t\t\t\t\t\t\t\t\t\t<div class=\"elementor-flip-box__layer__description\">\n\t\t\t\t\t\t\t Die Kirche von Cals Agustins, im 19. Jahrhundert erbaut, ist ein sch\u00f6nes Beispiel religi\u00f6ser Architektur in Binissalem. Diese neugotische Kirche, dem Geheimnis der Verkl\u00e4rung des Herrn geweiht, f\u00e4llt durch ihre schlichte Fassade und ihr zugleich strenges wie elegantes Inneres auf.\nSie tr\u00e4gt den Namen der Kongregation der Drittordensbr\u00fcder des hl. Augustinus von Binissalem, die im Juni 1857 gegr\u00fcndet wurde. Heute ist der celler in Privatbesitz. W\u00e4hrend das Klostergeb\u00e4ude inzwischen andere Funktionen erf\u00fcllt, bleibt die Kirche weiterhin ein aktiver Ort des Gottesdienstes, kultureller Veranstaltungen und ein bedeutendes historisches Monument.\t\t\t\t\t\t<\/div>\n\t\t\t\t\t\n\t\t\t\t\t\t\t\t<\/div>\n\t\t<\/div>\n\t\t<\/div>\n\t\t<\/div>\n\t\t\t\t\t\t<\/div>\n\t\t\t\t<\/div>\n\t\t\t\t<\/div>\n\t\t<div class=\"elementor-element elementor-element-227be97 e-con-full e-flex e-con e-child\" data-id=\"227be97\" data-element_type=\"container\" data-e-type=\"container\">\n\t\t\t\t<div class=\"elementor-element elementor-element-48f0d94 elementor-flip-box--effect-fade elementor-widget elementor-widget-flip-box\" data-id=\"48f0d94\" data-element_type=\"widget\" data-e-type=\"widget\" data-widget_type=\"flip-box.default\">\n\t\t\t\t<div class=\"elementor-widget-container\">\n\t\t\t\t\t\t\t<div class=\"elementor-flip-box\" tabindex=\"0\">\n\t\t\t<div class=\"elementor-flip-box__layer elementor-flip-box__front\">\n\t\t\t\t<div class=\"elementor-flip-box__layer__overlay\">\n\t\t\t\t\t<div class=\"elementor-flip-box__layer__inner\">\n\t\t\t\t\t\t\n\t\t\t\t\t\t\t\t\t\t\t\t\t<h3 class=\"elementor-flip-box__layer__title\">\n\t\t\t\t\t\t\t\tWegkreuze (Creus de Terme)\t\t\t\t\t\t\t<\/h3>\n\t\t\t\t\t\t\n\t\t\t\t\t\t\t\t\t\t\t<\/div>\n\t\t\t\t<\/div>\n\t\t\t<\/div>\n\t\t\t<div class=\"elementor-flip-box__layer elementor-flip-box__back\">\n\t\t\t<div class=\"elementor-flip-box__layer__overlay\">\n\t\t\t\t<div class=\"elementor-flip-box__layer__inner\">\n\t\t\t\t\t\t\t\t\t\t\t<h3 class=\"elementor-flip-box__layer__title\">\n\t\t\t\t\t\t\tCarrer des Reg\t\t\t\t\t\t<\/h3>\n\t\t\t\t\t\n\t\t\t\t\t\t\t\t\t\t\t<div class=\"elementor-flip-box__layer__description\">\n\t\t\t\t\t\t\t Die Creu de Terme ist ein Steinkreuz aus dem 20. Jahrhundert in traditioneller Typologie, das mitten auf der Stra\u00dfe an der Kreuzung von Carrer sa Creu und Carrer des Reg steht.\n\t\t\t\t\t\t<\/div>\n\t\t\t\t\t\n\t\t\t\t\t\t\t\t<\/div>\n\t\t<\/div>\n\t\t<\/div>\n\t\t<\/div>\n\t\t\t\t\t\t<\/div>\n\t\t\t\t<\/div>\n\t\t\t\t<\/div>\n\t\t<div class=\"elementor-element elementor-element-69648a0 e-con-full e-flex e-con e-child\" data-id=\"69648a0\" data-element_type=\"container\" data-e-type=\"container\">\n\t\t\t\t<div class=\"elementor-element elementor-element-52ed40e elementor-flip-box--effect-fade elementor-widget elementor-widget-flip-box\" data-id=\"52ed40e\" data-element_type=\"widget\" data-e-type=\"widget\" data-widget_type=\"flip-box.default\">\n\t\t\t\t<div class=\"elementor-widget-container\">\n\t\t\t\t\t\t\t<div class=\"elementor-flip-box\" tabindex=\"0\">\n\t\t\t<div class=\"elementor-flip-box__layer elementor-flip-box__front\">\n\t\t\t\t<div class=\"elementor-flip-box__layer__overlay\">\n\t\t\t\t\t<div class=\"elementor-flip-box__layer__inner\">\n\t\t\t\t\t\t\n\t\t\t\t\t\t\t\t\t\t\t\t\t<h3 class=\"elementor-flip-box__layer__title\">\n\t\t\t\t\t\t\t\tKreuz am Weg nach Biniali\t\t\t\t\t\t\t<\/h3>\n\t\t\t\t\t\t\n\t\t\t\t\t\t\t\t\t\t\t<\/div>\n\t\t\t\t<\/div>\n\t\t\t<\/div>\n\t\t\t<div class=\"elementor-flip-box__layer elementor-flip-box__back\">\n\t\t\t<div class=\"elementor-flip-box__layer__overlay\">\n\t\t\t\t<div class=\"elementor-flip-box__layer__inner\">\n\t\t\t\t\t\t\t\t\t\t\t<h3 class=\"elementor-flip-box__layer__title\">\n\t\t\t\t\t\t\t Cam\u00ed de Biniali\t\t\t\t\t\t<\/h3>\n\t\t\t\t\t\n\t\t\t\t\t\t\t\t\t\t\t<div class=\"elementor-flip-box__layer__description\">\n\t\t\t\t\t\t\t Das Kreuz am Weg nach Biniali, datiert zwischen dem 19. und 20. Jahrhundert, geh\u00f6rt ebenfalls zur traditionellen Typologie. Diese Kreuze, typisch f\u00fcr Mallorca, markierten die Ortsgrenzen und dienten als Orientierungspunkte und spiritueller Schutz f\u00fcr Reisende. Beide sind schlicht und ohne Dekoration.\n\t\t\t\t\t\t<\/div>\n\t\t\t\t\t\n\t\t\t\t\t\t\t\t<\/div>\n\t\t<\/div>\n\t\t<\/div>\n\t\t<\/div>\n\t\t\t\t\t\t<\/div>\n\t\t\t\t<\/div>\n\t\t\t\t<\/div>\n\t\t\t\t\t<\/div>\n\t\t\t\t<\/div>\n\t\t<div class=\"elementor-element elementor-element-77b7921 e-flex e-con-boxed e-con e-parent\" data-id=\"77b7921\" data-element_type=\"container\" data-e-type=\"container\">\n\t\t\t\t\t<div class=\"e-con-inner\">\n\t\t<div class=\"elementor-element elementor-element-8218d7c e-con-full e-flex e-con e-child\" data-id=\"8218d7c\" data-element_type=\"container\" data-e-type=\"container\">\n\t\t\t\t<div class=\"elementor-element elementor-element-fab4921 elementor-flip-box--effect-fade elementor-widget elementor-widget-flip-box\" data-id=\"fab4921\" data-element_type=\"widget\" data-e-type=\"widget\" data-widget_type=\"flip-box.default\">\n\t\t\t\t<div class=\"elementor-widget-container\">\n\t\t\t\t\t\t\t<div class=\"elementor-flip-box\" tabindex=\"0\">\n\t\t\t<div class=\"elementor-flip-box__layer elementor-flip-box__front\">\n\t\t\t\t<div class=\"elementor-flip-box__layer__overlay\">\n\t\t\t\t\t<div class=\"elementor-flip-box__layer__inner\">\n\t\t\t\t\t\t\n\t\t\t\t\t\t\t\t\t\t\t\t\t<h3 class=\"elementor-flip-box__layer__title\">\n\t\t\t\t\t\t\t\tMol\u00ed des C\u00f3s\t\t\t\t\t\t\t<\/h3>\n\t\t\t\t\t\t\n\t\t\t\t\t\t\t\t\t\t\t<\/div>\n\t\t\t\t<\/div>\n\t\t\t<\/div>\n\t\t\t<div class=\"elementor-flip-box__layer elementor-flip-box__back\">\n\t\t\t<div class=\"elementor-flip-box__layer__overlay\">\n\t\t\t\t<div class=\"elementor-flip-box__layer__inner\">\n\t\t\t\t\t\t\t\t\t\t\t<h3 class=\"elementor-flip-box__layer__title\">\n\t\t\t\t\t\t\tCarretera Palma\u2013Inca, Km 23\t\t\t\t\t\t<\/h3>\n\t\t\t\t\t\n\t\t\t\t\t\t\t\t\t\t\t<div class=\"elementor-flip-box__layer__description\">\n\t\t\t\t\t\t\t Die Mol\u00ed des Cos ist eine der herausragendsten Getreidem\u00fchlen mit Windantrieb in Binissalem und ein emblematisches Bauwerk der mallorquinischen Kulturlandschaft. Erbaut im Jahr 1519 und sp\u00e4ter renoviert, diente diese volkst\u00fcmliche M\u00fchle dem Mahlen von Getreide \u2013 einer wesentlichen T\u00e4tigkeit f\u00fcr die lokale Wirtschaft.\nDiese M\u00fchlen mit ihren majest\u00e4tischen Fl\u00fcgeln sind ein Symbol f\u00fcr den Einfallsreichtum und die harte Arbeit vergangener Generationen. Zu den weiteren bedeutenden M\u00fchlen in der Gemeinde geh\u00f6rt die Mol\u00ed de sa Goleta, gelegen im Bereich des alten Robines.\n\t\t\t\t\t\t<\/div>\n\t\t\t\t\t\n\t\t\t\t\t\t\t\t<\/div>\n\t\t<\/div>\n\t\t<\/div>\n\t\t<\/div>\n\t\t\t\t\t\t<\/div>\n\t\t\t\t<\/div>\n\t\t\t\t<\/div>\n\t\t<div class=\"elementor-element elementor-element-b5f6b19 e-con-full e-flex e-con e-child\" data-id=\"b5f6b19\" data-element_type=\"container\" data-e-type=\"container\">\n\t\t\t\t<div class=\"elementor-element elementor-element-c3f7751 elementor-flip-box--effect-fade elementor-widget elementor-widget-flip-box\" data-id=\"c3f7751\" data-element_type=\"widget\" data-e-type=\"widget\" data-widget_type=\"flip-box.default\">\n\t\t\t\t<div class=\"elementor-widget-container\">\n\t\t\t\t\t\t\t<div class=\"elementor-flip-box\" tabindex=\"0\">\n\t\t\t<div class=\"elementor-flip-box__layer elementor-flip-box__front\">\n\t\t\t\t<div class=\"elementor-flip-box__layer__overlay\">\n\t\t\t\t\t<div class=\"elementor-flip-box__layer__inner\">\n\t\t\t\t\t\t\n\t\t\t\t\t\t\t\t\t\t\t\t\t<h3 class=\"elementor-flip-box__layer__title\">\n\t\t\t\t\t\t\t\tPou Poal\t\t\t\t\t\t\t<\/h3>\n\t\t\t\t\t\t\n\t\t\t\t\t\t\t\t\t\t\t<\/div>\n\t\t\t\t<\/div>\n\t\t\t<\/div>\n\t\t\t<div class=\"elementor-flip-box__layer elementor-flip-box__back\">\n\t\t\t<div class=\"elementor-flip-box__layer__overlay\">\n\t\t\t\t<div class=\"elementor-flip-box__layer__inner\">\n\t\t\t\t\t\t\t\t\t\t\t<h3 class=\"elementor-flip-box__layer__title\">\n\t\t\t\t\t\t\tCam\u00ed des Pou Poal \u2013 Zugang \u00fcber Cam\u00ed des Blanquers\t\t\t\t\t\t<\/h3>\n\t\t\t\t\t\n\t\t\t\t\t\t\t\t\t\t\t<div class=\"elementor-flip-box__layer__description\">\n\t\t\t\t\t\t\t\n Der Pou Poal ist einer der zahlreichen historischen Gemeinschaftsbrunnen in Binissalem. Diese Brunnen waren entscheidend f\u00fcr die Wasserversorgung der Gemeinde, insbesondere in Trockenzeiten.\nDer zwischen dem 13. und 15. Jahrhundert datierte Pou Poal ist der einzige noch erhaltene Zigonyal-Brunnen auf Mallorca. Er zeugt von der gro\u00dfen Bedeutung des Wassers f\u00fcr das t\u00e4gliche Leben und die Landwirtschaft.\nDie Anlage umfasst den Brunnen, den Damm, das Pflaster, den Rand, zwei unvollst\u00e4ndige Pfeiler und zwei Steinmonolithen aus piedra viva, die bis ins 18. Jahrhundert zur Installation eines Schwingbalken-Mechanismus zur Wasserf\u00f6rderung dienten.\nAndere Brunnen in der Gemeinde haben ebenfalls interessante Geschichten und sind Beispiele traditioneller mallorquinischer Wasserbaukunst.\n\t\t\t\t\t\t<\/div>\n\t\t\t\t\t\n\t\t\t\t\t\t\t\t<\/div>\n\t\t<\/div>\n\t\t<\/div>\n\t\t<\/div>\n\t\t\t\t\t\t<\/div>\n\t\t\t\t<\/div>\n\t\t\t\t<\/div>\n\t\t<div class=\"elementor-element elementor-element-1ce6c4d e-con-full e-flex e-con e-child\" data-id=\"1ce6c4d\" data-element_type=\"container\" data-e-type=\"container\">\n\t\t\t\t<div class=\"elementor-element elementor-element-e676dc7 elementor-flip-box--effect-fade elementor-widget elementor-widget-flip-box\" data-id=\"e676dc7\" data-element_type=\"widget\" data-e-type=\"widget\" data-widget_type=\"flip-box.default\">\n\t\t\t\t<div class=\"elementor-widget-container\">\n\t\t\t\t\t\t\t<div class=\"elementor-flip-box\" tabindex=\"0\">\n\t\t\t<div class=\"elementor-flip-box__layer elementor-flip-box__front\">\n\t\t\t\t<div class=\"elementor-flip-box__layer__overlay\">\n\t\t\t\t\t<div class=\"elementor-flip-box__layer__inner\">\n\t\t\t\t\t\t\n\t\t\t\t\t\t\t\t\t\t\t\t\t<h3 class=\"elementor-flip-box__layer__title\">\n\t\t\t\t\t\t\t\tAlter Friedhof\t\t\t\t\t\t\t<\/h3>\n\t\t\t\t\t\t\n\t\t\t\t\t\t\t\t\t\t\t<\/div>\n\t\t\t\t<\/div>\n\t\t\t<\/div>\n\t\t\t<div class=\"elementor-flip-box__layer elementor-flip-box__back\">\n\t\t\t<div class=\"elementor-flip-box__layer__overlay\">\n\t\t\t\t<div class=\"elementor-flip-box__layer__inner\">\n\t\t\t\t\t\t\t\t\t\t\t<h3 class=\"elementor-flip-box__layer__title\">\n\t\t\t\t\t\t\tAlter Friedhof (Cementeri Vell)\t\t\t\t\t\t<\/h3>\n\t\t\t\t\t\n\t\t\t\t\t\t\t\t\t\t\t<div class=\"elementor-flip-box__layer__description\">\n\t\t\t\t\t\t\t Der Cementeri Vell ist der alte Friedhof von Binissalem und die letzte Ruhest\u00e4tte vieler Generationen von Einwohnern. Er stammt aus dem 19. Jahrhundert und wurde auf dem Gel\u00e4nde des ersten Friedhofs aus dem 13. Jahrhundert errichtet.\nHeute bleibt er eine St\u00e4tte von historischer und kultureller Bedeutung, die von Besuchern aufgesucht wird, die ihren Vorfahren gedenken und mehr \u00fcber die Vergangenheit der Gemeinde erfahren m\u00f6chten. Seine Lage \u2013 inzwischen am Rand des bebauten Ortskerns \u2013 macht ihn weiterhin zu einem Ort von gro\u00dfer Relevanz f\u00fcr die Bev\u00f6lkerung von Binissalem.\n\t\t\t\t\t\t<\/div>\n\t\t\t\t\t\n\t\t\t\t\t\t\t\t<\/div>\n\t\t<\/div>\n\t\t<\/div>\n\t\t<\/div>\n\t\t\t\t\t\t<\/div>\n\t\t\t\t<\/div>\n\t\t\t\t<\/div>\n\t\t\t\t\t<\/div>\n\t\t\t\t<\/div>\n\t\t<div class=\"elementor-element elementor-element-8cef39e e-flex e-con-boxed e-con e-parent\" data-id=\"8cef39e\" data-element_type=\"container\" data-e-type=\"container\">\n\t\t\t\t\t<div class=\"e-con-inner\">\n\t\t<div class=\"elementor-element elementor-element-7bc3c73 e-con-full e-flex e-con e-child\" data-id=\"7bc3c73\" data-element_type=\"container\" data-e-type=\"container\">\n\t\t\t\t<div class=\"elementor-element elementor-element-068bd7e elementor-flip-box--effect-fade elementor-widget elementor-widget-flip-box\" data-id=\"068bd7e\" data-element_type=\"widget\" data-e-type=\"widget\" data-widget_type=\"flip-box.default\">\n\t\t\t\t<div class=\"elementor-widget-container\">\n\t\t\t\t\t\t\t<div class=\"elementor-flip-box\" tabindex=\"0\">\n\t\t\t<div class=\"elementor-flip-box__layer elementor-flip-box__front\">\n\t\t\t\t<div class=\"elementor-flip-box__layer__overlay\">\n\t\t\t\t\t<div class=\"elementor-flip-box__layer__inner\">\n\t\t\t\t\t\t\n\t\t\t\t\t\t\t\t\t\t\t\t\t<h3 class=\"elementor-flip-box__layer__title\">\n\t\t\t\t\t\t\t\tBiniagual\t\t\t\t\t\t\t<\/h3>\n\t\t\t\t\t\t\n\t\t\t\t\t\t\t\t\t\t\t<\/div>\n\t\t\t\t<\/div>\n\t\t\t<\/div>\n\t\t\t<div class=\"elementor-flip-box__layer elementor-flip-box__back\">\n\t\t\t<div class=\"elementor-flip-box__layer__overlay\">\n\t\t\t\t<div class=\"elementor-flip-box__layer__inner\">\n\t\t\t\t\t\t\t\t\t\t\t<h3 class=\"elementor-flip-box__layer__title\">\n\t\t\t\t\t\t\tCam\u00ed de Biniagual \u2013 Cam\u00ed de Muro\t\t\t\t\t\t<\/h3>\n\t\t\t\t\t\n\t\t\t\t\t\t\t\t\t\t\t<div class=\"elementor-flip-box__layer__description\">\n\t\t\t\t\t\t\t Biniagual ist ein historischer Weiler mit mittelalterlichen Urspr\u00fcngen, hervorgegangen aus einer muslimischen alquer\u00eda (Geh\u00f6ft). Er spiegelt die traditionelle Architektur und Lebensweise Mallorcas wider.\nDie kleine Ansiedlung, deren H\u00e4user aus dem 18. und 19. Jahrhundert stammen, besteht aus Steingeb\u00e4uden, die um einen zentralen Platz gruppiert sind. Typische Merkmale wie Holzt\u00fcren und arabische Ziegeld\u00e4cher sind erhalten geblieben.\nDer Weiler ist ein Zeugnis der landwirtschaftlichen Geschichte der Region, insbesondere ihres Weinbaus. Die lokalen Weing\u00fcter, die seit Jahrhunderten ein wesentlicher Teil der Wirtschaft sind, sind noch heute in Betrieb und produzieren Weine, die die Weinbautradition der Region widerspiegeln.\n\t\t\t\t\t\t<\/div>\n\t\t\t\t\t\n\t\t\t\t\t\t\t\t<\/div>\n\t\t<\/div>\n\t\t<\/div>\n\t\t<\/div>\n\t\t\t\t\t\t<\/div>\n\t\t\t\t<\/div>\n\t\t\t\t<\/div>\n\t\t<div class=\"elementor-element elementor-element-7bd4620 e-con-full e-flex e-con e-child\" data-id=\"7bd4620\" data-element_type=\"container\" data-e-type=\"container\">\n\t\t\t\t<\/div>\n\t\t<div class=\"elementor-element elementor-element-4f53c29 e-con-full e-flex e-con e-child\" data-id=\"4f53c29\" data-element_type=\"container\" data-e-type=\"container\">\n\t\t\t\t<\/div>\n\t\t\t\t\t<\/div>\n\t\t\t\t<\/div>\n\t\t\t\t<\/div>\n\t\t","protected":false},"excerpt":{"rendered":"<p>Erbe Eine Reise durch die Geschichte und Kultur Mallorcas Kulturerberoute in Binissalem Binissalem ist nicht nur f\u00fcr seine au\u00dfergew\u00f6hnlichen Weine bekannt, sondern auch f\u00fcr sein reiches historisches und kulturelles Erbe. Es beherbergt eine Vielzahl von Denkm\u00e4lern und architektonischen Kulturg\u00fctern, wie barocke H\u00e4user oder Landg\u00fcter, die zusammen mit anderen Elementen wie M\u00fchlen, Brunnen oder Wegkreuzen die [&hellip;]<\/p>\n","protected":false},"author":2,"featured_media":0,"parent":0,"menu_order":0,"comment_status":"closed","ping_status":"closed","template":"elementor_header_footer","meta":{"_acf_changed":false,"footnotes":""},"class_list":["post-1837","page","type-page","status-publish","hentry"],"acf":[],"yoast_head":"<!-- This site is optimized with the Yoast SEO plugin v27.4 - https:\/\/yoast.com\/product\/yoast-seo-wordpress\/ -->\n<title>Kulturerbe-Route - Visit Binissalem<\/title>\n<meta name=\"robots\" content=\"index, follow, max-snippet:-1, max-image-preview:large, max-video-preview:-1\" \/>\n<link rel=\"canonical\" href=\"https:\/\/visitbinissalem.com\/ruta-patrimonial-2\/\" \/>\n<meta property=\"og:locale\" content=\"de_DE\" \/>\n<meta property=\"og:type\" content=\"article\" \/>\n<meta property=\"og:title\" content=\"Kulturerbe-Route - Visit Binissalem\" \/>\n<meta property=\"og:description\" content=\"Erbe Eine Reise durch die Geschichte und Kultur Mallorcas Kulturerberoute in Binissalem Binissalem ist nicht nur f\u00fcr seine au\u00dfergew\u00f6hnlichen Weine bekannt, sondern auch f\u00fcr sein reiches historisches und kulturelles Erbe. Es beherbergt eine Vielzahl von Denkm\u00e4lern und architektonischen Kulturg\u00fctern, wie barocke H\u00e4user oder Landg\u00fcter, die zusammen mit anderen Elementen wie M\u00fchlen, Brunnen oder Wegkreuzen die [&hellip;]\" \/>\n<meta property=\"og:url\" content=\"https:\/\/visitbinissalem.com\/ruta-patrimonial-2\/\" \/>\n<meta property=\"og:site_name\" content=\"Visit Binissalem\" \/>\n<meta property=\"article:publisher\" content=\"https:\/\/www.facebook.com\/AjuntamentdeBinissalem\" \/>\n<meta property=\"article:modified_time\" content=\"2025-09-02T06:48:43+00:00\" \/>\n<meta property=\"og:image\" content=\"https:\/\/visitbinissalem.com\/wp-content\/uploads\/2024\/08\/LOGO-AJT-1-e1724766625809-1-e1724825744271.png\" \/>\n<meta name=\"twitter:card\" content=\"summary_large_image\" \/>\n<meta name=\"twitter:label1\" content=\"Gesch\u00e4tzte Lesezeit\" \/>\n\t<meta name=\"twitter:data1\" content=\"7\u00a0Minuten\" \/>\n<script type=\"application\/ld+json\" class=\"yoast-schema-graph\">{\"@context\":\"https:\\\/\\\/schema.org\",\"@graph\":[{\"@type\":\"WebPage\",\"@id\":\"https:\\\/\\\/visitbinissalem.com\\\/ruta-patrimonial-2\\\/\",\"url\":\"https:\\\/\\\/visitbinissalem.com\\\/ruta-patrimonial-2\\\/\",\"name\":\"Kulturerbe-Route - Visit Binissalem\",\"isPartOf\":{\"@id\":\"https:\\\/\\\/visitbinissalem.com\\\/en\\\/#website\"},\"primaryImageOfPage\":{\"@id\":\"https:\\\/\\\/visitbinissalem.com\\\/ruta-patrimonial-2\\\/#primaryimage\"},\"image\":{\"@id\":\"https:\\\/\\\/visitbinissalem.com\\\/ruta-patrimonial-2\\\/#primaryimage\"},\"thumbnailUrl\":\"https:\\\/\\\/visitbinissalem.com\\\/wp-content\\\/uploads\\\/2024\\\/08\\\/LOGO-AJT-1-e1724766625809-1-e1724825744271.png\",\"datePublished\":\"2024-08-30T12:18:41+00:00\",\"dateModified\":\"2025-09-02T06:48:43+00:00\",\"breadcrumb\":{\"@id\":\"https:\\\/\\\/visitbinissalem.com\\\/ruta-patrimonial-2\\\/#breadcrumb\"},\"inLanguage\":\"de\",\"potentialAction\":[{\"@type\":\"ReadAction\",\"target\":[\"https:\\\/\\\/visitbinissalem.com\\\/ruta-patrimonial-2\\\/\"]}]},{\"@type\":\"ImageObject\",\"inLanguage\":\"de\",\"@id\":\"https:\\\/\\\/visitbinissalem.com\\\/ruta-patrimonial-2\\\/#primaryimage\",\"url\":\"https:\\\/\\\/visitbinissalem.com\\\/wp-content\\\/uploads\\\/2024\\\/08\\\/LOGO-AJT-1-e1724766625809-1-e1724825744271.png\",\"contentUrl\":\"https:\\\/\\\/visitbinissalem.com\\\/wp-content\\\/uploads\\\/2024\\\/08\\\/LOGO-AJT-1-e1724766625809-1-e1724825744271.png\"},{\"@type\":\"BreadcrumbList\",\"@id\":\"https:\\\/\\\/visitbinissalem.com\\\/ruta-patrimonial-2\\\/#breadcrumb\",\"itemListElement\":[{\"@type\":\"ListItem\",\"position\":1,\"name\":\"Inici\",\"item\":\"https:\\\/\\\/visitbinissalem.com\\\/de\\\/\"},{\"@type\":\"ListItem\",\"position\":2,\"name\":\"Kulturerbe-Route\"}]},{\"@type\":\"WebSite\",\"@id\":\"https:\\\/\\\/visitbinissalem.com\\\/en\\\/#website\",\"url\":\"https:\\\/\\\/visitbinissalem.com\\\/en\\\/\",\"name\":\"Visit Binissalem\",\"description\":\"Binissalem\",\"publisher\":{\"@id\":\"https:\\\/\\\/visitbinissalem.com\\\/en\\\/#organization\"},\"potentialAction\":[{\"@type\":\"SearchAction\",\"target\":{\"@type\":\"EntryPoint\",\"urlTemplate\":\"https:\\\/\\\/visitbinissalem.com\\\/en\\\/?s={search_term_string}\"},\"query-input\":{\"@type\":\"PropertyValueSpecification\",\"valueRequired\":true,\"valueName\":\"search_term_string\"}}],\"inLanguage\":\"de\"},{\"@type\":\"Organization\",\"@id\":\"https:\\\/\\\/visitbinissalem.com\\\/en\\\/#organization\",\"name\":\"Visit Binissalem\",\"url\":\"https:\\\/\\\/visitbinissalem.com\\\/en\\\/\",\"logo\":{\"@type\":\"ImageObject\",\"inLanguage\":\"de\",\"@id\":\"https:\\\/\\\/visitbinissalem.com\\\/en\\\/#\\\/schema\\\/logo\\\/image\\\/\",\"url\":\"https:\\\/\\\/visitbinissalem.com\\\/wp-content\\\/uploads\\\/2024\\\/08\\\/Binissalem-Oberts-a-tu.png\",\"contentUrl\":\"https:\\\/\\\/visitbinissalem.com\\\/wp-content\\\/uploads\\\/2024\\\/08\\\/Binissalem-Oberts-a-tu.png\",\"width\":2565,\"height\":1240,\"caption\":\"Visit Binissalem\"},\"image\":{\"@id\":\"https:\\\/\\\/visitbinissalem.com\\\/en\\\/#\\\/schema\\\/logo\\\/image\\\/\"},\"sameAs\":[\"https:\\\/\\\/www.facebook.com\\\/AjuntamentdeBinissalem\",\"https:\\\/\\\/www.instagram.com\\\/ajuntamentbinissalem\\\/\"]}]}<\/script>\n<!-- \/ Yoast SEO plugin. -->","yoast_head_json":{"title":"Kulturerbe-Route - Visit Binissalem","robots":{"index":"index","follow":"follow","max-snippet":"max-snippet:-1","max-image-preview":"max-image-preview:large","max-video-preview":"max-video-preview:-1"},"canonical":"https:\/\/visitbinissalem.com\/ruta-patrimonial-2\/","og_locale":"de_DE","og_type":"article","og_title":"Kulturerbe-Route - Visit Binissalem","og_description":"Erbe Eine Reise durch die Geschichte und Kultur Mallorcas Kulturerberoute in Binissalem Binissalem ist nicht nur f\u00fcr seine au\u00dfergew\u00f6hnlichen Weine bekannt, sondern auch f\u00fcr sein reiches historisches und kulturelles Erbe. Es beherbergt eine Vielzahl von Denkm\u00e4lern und architektonischen Kulturg\u00fctern, wie barocke H\u00e4user oder Landg\u00fcter, die zusammen mit anderen Elementen wie M\u00fchlen, Brunnen oder Wegkreuzen die [&hellip;]","og_url":"https:\/\/visitbinissalem.com\/ruta-patrimonial-2\/","og_site_name":"Visit Binissalem","article_publisher":"https:\/\/www.facebook.com\/AjuntamentdeBinissalem","article_modified_time":"2025-09-02T06:48:43+00:00","og_image":[{"url":"https:\/\/visitbinissalem.com\/wp-content\/uploads\/2024\/08\/LOGO-AJT-1-e1724766625809-1-e1724825744271.png","type":"","width":"","height":""}],"twitter_card":"summary_large_image","twitter_misc":{"Gesch\u00e4tzte Lesezeit":"7\u00a0Minuten"},"schema":{"@context":"https:\/\/schema.org","@graph":[{"@type":"WebPage","@id":"https:\/\/visitbinissalem.com\/ruta-patrimonial-2\/","url":"https:\/\/visitbinissalem.com\/ruta-patrimonial-2\/","name":"Kulturerbe-Route - Visit Binissalem","isPartOf":{"@id":"https:\/\/visitbinissalem.com\/en\/#website"},"primaryImageOfPage":{"@id":"https:\/\/visitbinissalem.com\/ruta-patrimonial-2\/#primaryimage"},"image":{"@id":"https:\/\/visitbinissalem.com\/ruta-patrimonial-2\/#primaryimage"},"thumbnailUrl":"https:\/\/visitbinissalem.com\/wp-content\/uploads\/2024\/08\/LOGO-AJT-1-e1724766625809-1-e1724825744271.png","datePublished":"2024-08-30T12:18:41+00:00","dateModified":"2025-09-02T06:48:43+00:00","breadcrumb":{"@id":"https:\/\/visitbinissalem.com\/ruta-patrimonial-2\/#breadcrumb"},"inLanguage":"de","potentialAction":[{"@type":"ReadAction","target":["https:\/\/visitbinissalem.com\/ruta-patrimonial-2\/"]}]},{"@type":"ImageObject","inLanguage":"de","@id":"https:\/\/visitbinissalem.com\/ruta-patrimonial-2\/#primaryimage","url":"https:\/\/visitbinissalem.com\/wp-content\/uploads\/2024\/08\/LOGO-AJT-1-e1724766625809-1-e1724825744271.png","contentUrl":"https:\/\/visitbinissalem.com\/wp-content\/uploads\/2024\/08\/LOGO-AJT-1-e1724766625809-1-e1724825744271.png"},{"@type":"BreadcrumbList","@id":"https:\/\/visitbinissalem.com\/ruta-patrimonial-2\/#breadcrumb","itemListElement":[{"@type":"ListItem","position":1,"name":"Inici","item":"https:\/\/visitbinissalem.com\/de\/"},{"@type":"ListItem","position":2,"name":"Kulturerbe-Route"}]},{"@type":"WebSite","@id":"https:\/\/visitbinissalem.com\/en\/#website","url":"https:\/\/visitbinissalem.com\/en\/","name":"Visit Binissalem","description":"Binissalem","publisher":{"@id":"https:\/\/visitbinissalem.com\/en\/#organization"},"potentialAction":[{"@type":"SearchAction","target":{"@type":"EntryPoint","urlTemplate":"https:\/\/visitbinissalem.com\/en\/?s={search_term_string}"},"query-input":{"@type":"PropertyValueSpecification","valueRequired":true,"valueName":"search_term_string"}}],"inLanguage":"de"},{"@type":"Organization","@id":"https:\/\/visitbinissalem.com\/en\/#organization","name":"Visit Binissalem","url":"https:\/\/visitbinissalem.com\/en\/","logo":{"@type":"ImageObject","inLanguage":"de","@id":"https:\/\/visitbinissalem.com\/en\/#\/schema\/logo\/image\/","url":"https:\/\/visitbinissalem.com\/wp-content\/uploads\/2024\/08\/Binissalem-Oberts-a-tu.png","contentUrl":"https:\/\/visitbinissalem.com\/wp-content\/uploads\/2024\/08\/Binissalem-Oberts-a-tu.png","width":2565,"height":1240,"caption":"Visit Binissalem"},"image":{"@id":"https:\/\/visitbinissalem.com\/en\/#\/schema\/logo\/image\/"},"sameAs":["https:\/\/www.facebook.com\/AjuntamentdeBinissalem","https:\/\/www.instagram.com\/ajuntamentbinissalem\/"]}]}},"_links":{"self":[{"href":"https:\/\/visitbinissalem.com\/de\/wp-json\/wp\/v2\/pages\/1837","targetHints":{"allow":["GET"]}}],"collection":[{"href":"https:\/\/visitbinissalem.com\/de\/wp-json\/wp\/v2\/pages"}],"about":[{"href":"https:\/\/visitbinissalem.com\/de\/wp-json\/wp\/v2\/types\/page"}],"author":[{"embeddable":true,"href":"https:\/\/visitbinissalem.com\/de\/wp-json\/wp\/v2\/users\/2"}],"replies":[{"embeddable":true,"href":"https:\/\/visitbinissalem.com\/de\/wp-json\/wp\/v2\/comments?post=1837"}],"version-history":[{"count":18,"href":"https:\/\/visitbinissalem.com\/de\/wp-json\/wp\/v2\/pages\/1837\/revisions"}],"predecessor-version":[{"id":3114,"href":"https:\/\/visitbinissalem.com\/de\/wp-json\/wp\/v2\/pages\/1837\/revisions\/3114"}],"wp:attachment":[{"href":"https:\/\/visitbinissalem.com\/de\/wp-json\/wp\/v2\/media?parent=1837"}],"curies":[{"name":"wp","href":"https:\/\/api.w.org\/{rel}","templated":true}]}}